{"id":457,"date":"2020-04-09T16:34:46","date_gmt":"2020-04-09T16:34:46","guid":{"rendered":"https:\/\/wp.ull.es\/resiliencia\/?page_id=457"},"modified":"2021-01-05T16:46:12","modified_gmt":"2021-01-05T16:46:12","slug":"medios","status":"publish","type":"page","link":"https:\/\/wp.ull.es\/resiliencia\/medios\/","title":{"rendered":"Presencia en medios"},"content":{"rendered":"[vc_row type=\u00bbin_container\u00bb full_screen_row_position=\u00bbmiddle\u00bb column_margin=\u00bbdefault\u00bb scene_position=\u00bbcenter\u00bb text_color=\u00bbdark\u00bb text_align=\u00bbleft\u00bb overlay_strength=\u00bb0.3&#8243; shape_divider_position=\u00bbbottom\u00bb bg_image_animation=\u00bbnone\u00bb][vc_column column_padding=\u00bbno-extra-padding\u00bb column_padding_position=\u00bball\u00bb background_color_opacity=\u00bb1&#8243; background_hover_color_opacity=\u00bb1&#8243; column_link_target=\u00bb_self\u00bb column_shadow=\u00bbnone\u00bb column_border_radius=\u00bbnone\u00bb width=\u00bb1\/1&#8243; tablet_width_inherit=\u00bbdefault\u00bb tablet_text_alignment=\u00bbdefault\u00bb phone_text_alignment=\u00bbdefault\u00bb overlay_strength=\u00bb0.3&#8243; column_border_width=\u00bbnone\u00bb column_border_style=\u00bbsolid\u00bb bg_image_animation=\u00bbnone\u00bb][divider line_type=\u00bbNo Line\u00bb custom_height=\u00bb30&#8243;][heading]2020[\/heading][vc_column_text]\n<h3><strong>Actividad Investigadora<\/strong><\/h3>\n<h4>Medio: El D\u00eda<\/h4>\n<p>PODCAST: <a href=\"https:\/\/www.eldia.es\/sociedad\/2020\/12\/13\/confinamientos-reducen-emisiones-insignificante-7-26269593.html\">Los confinamientos reducen las emisiones un \u201cinsignificante\u201d 7%<\/a><\/p>\n<p>&nbsp;<\/p>\n<h3><strong>Actividad Investigadora<\/strong><\/h3>\n<h4>Medio: LagunaFM (Serendenpias con Mar\u00eda Rodr\u00edguez)<\/h4>\n<p>PODCAST: <a href=\"https:\/\/www.ivoox.com\/20-11-2020-serendipias-entrevista-a-abel-lopez-sobre-audios-mp3_rf_60810865_1.html\">Audio del programa<\/a><\/p>\n<p>&nbsp;<\/p>\n<h3><strong>Actividad Investigadora<\/strong><\/h3>\n<h4>Medio: El D\u00eda<\/h4>\n<p>Art\u00edculo: <a href=\"https:\/\/www.eldia.es\/sociedad\/2020\/11\/09\/canarias-prepara-posible-llegada-tormenta-22866940.html\">Canarias se prepara ante la posible llegada de una tormenta tropical<\/a><\/p>\n<p>&nbsp;<\/p>\n<h3><strong>Actividad Investigadora<\/strong><\/h3>\n<h4>Medio: Junta de Letras<\/h4>\n<p>Art\u00edculo: <a href=\"https:\/\/juntaletras.es\/2020\/10\/30\/el-cambio-climatico-es-otra-enfermedad-mas-de-nuestro-sistema-productivo\/\">\u201cEl cambio clim\u00e1tico es otra enfermedad m\u00e1s de nuestro sistema productivo\u201d<\/a><\/p>\n<h3>&nbsp;<\/h3>\n<h3><strong>Actividad Investigadora<\/strong><\/h3>\n<h4>Medio: Cadena Ser (Pangea con Ver\u00f3nica Pav\u00e9s)<\/h4>\n<p>PODCAST: <a href=\"https:\/\/play.cadenaser.com\/audio\/ser_las_palmas_hoyporhoyeldrago_alt24_20200923_080000_112100\/\">Audio del programa a partir de 2h y 57\u00b4<\/a><\/p>\n<p>&nbsp;<\/p>\n<h3><strong>Actividad Investigadora<\/strong><\/h3>\n<h4>Medio: Cadena Ser (Mundo Sapiens con Aridane Gonz\u00e1lez)<\/h4>\n<p>PODCAST: <a href=\"https:\/\/play.cadenaser.com\/audio\/081RD010000000017627\/\">Audio del programa<\/a><\/p>\n<p>&nbsp;<\/p>\n<h3><strong>Actividad Investigadora<\/strong><\/h3>\n<h4>Medio: El D\u00eda<\/h4>\n<p>Art\u00edculo: <a href=\"https:\/\/www.eldia.es\/sociedad\/2020\/09\/20\/cambio-climatico-muestra-efectos-temporada\/1110538.html\">El cambio clim\u00e1tico muestra sus efectos en una temporada \u00aban\u00f3mala\u00bb de ciclones<\/a><\/p>\n<p>&nbsp;<\/p>\n<h3><strong>Actividad Investigadora<\/strong><\/h3>\n<h4>Medio: El D\u00eda<\/h4>\n<p>Art\u00edculo: <a href=\"https:\/\/www.eldia.es\/sociedad\/2020\/07\/12\/reactivacion-economica-provoca-repunte\/1093729.html\">La reactivaci\u00f3n econ\u00f3mica provoca un repunte de la contaminaci\u00f3n en Canarias<\/a><\/p>\n<h3>&nbsp;<\/h3>\n<h3><strong>Actividad Investigadora<\/strong><\/h3>\n<h4>Medio: Diario de Avisos<\/h4>\n<p>Art\u00edculo: <a href=\"https:\/\/diariodeavisos.elespanol.com\/2020\/05\/covid-19-y-crisis-climatica-dos-caras-de-una-misma-moneda\/\">COVID-19 y crisis clim\u00e1tica: dos caras de una misma moneda<\/a><\/p>\n<p>&nbsp;<\/p>\n<h3><strong>Actividad Investigadora<\/strong><\/h3>\n<h4>Medio: <span style=\"font-weight: 400;\">El D\u00eda<\/span><\/h4>\n<p>Art\u00edculo: <a href=\"https:\/\/www.eldia.es\/sociedad\/2020\/05\/04\/emisiones-reducen-8-planeta-nota\/1075544.html\">Las emisiones se reducen un 8% pero el planeta no lo nota<\/a><\/p>\n<p>&nbsp;<\/p>\n<h3><strong>Actividad Investigadora<\/strong><\/h3>\n<h4>Medio: Cadena Ser<\/h4>\n<p>Audio: <a href=\"https:\/\/play.cadenaser.com\/audio\/ser_canarias_laventanadecanarias_20200422_182000_184000\/\">La Ventana de Canarias, D\u00eda de La Tierra<\/a><\/p>\n<h3>&nbsp;<\/h3>\n<h3><strong>Actividad Investigadora<\/strong><\/h3>\n<h4>Medio: <span style=\"font-weight: 400;\">Diario de Avisos<\/span><\/h4>\n<p>Art\u00edculo: <a href=\"https:\/\/diariodeavisos.elespanol.com\/2020\/03\/pedro-dorta-antequera-el-covid-19-pasara-antes-o-despues-el-cambio-climatico-ha-venido-para-quedarse\/\">El Covid-19 pasar\u00e1 antes o despu\u00e9s; el cambio clim\u00e1tico ha venido para quedarse<\/a><\/p>\n<p>&nbsp;<\/p>\n<h3><strong>Actividad Investigadora<\/strong><\/h3>\n<h4>Medio: <span style=\"font-weight: 400;\">El D\u00eda<\/span><\/h4>\n<p>Art\u00edculo: <a href=\"https:\/\/www.eldia.es\/sociedad\/2020\/03\/21\/cuarentena-sana-medioambiente\/1062766.html?fbclid=IwAR2Y_Mmihek_lqe1g18yi7FuZCmCbvPZlKwIkMwc4ZxeOZPfzisdGgrfYMc\">La cuarentena sana el medioambiente<\/a><\/p>\n<p>&nbsp;<\/p>\n<h3><strong>Actividad Investigadora<\/strong><\/h3>\n<h4>Medio: <span style=\"font-weight: 400;\">El Laboratorio (RTVC)<\/span><\/h4>\n<p>V\u00eddeo: <a href=\"http:\/\/www.rtvc.es\/canariasradio\/multimedia\/El%20Laboratorio-13711\/04-03-20-20.aspx?fbclid=IwAR0UMBUFMS67CLurPIJZyVY00r_3bwqF_yZNcLzjgYUO340AAJV2xukEmO8#.Xo9pAdNKhTb\">El Laboratorio 11\/03\/2020<\/a><\/p>\n<h3>&nbsp;<\/h3>\n<h3><strong>Actividad Investigadora<\/strong><\/h3>\n<h4>Medio: <span style=\"font-weight: 400;\">El D\u00eda<\/span><\/h4>\n<p>Art\u00edculo: <a href=\"https:\/\/www.eldia.es\/canarias\/2020\/02\/25\/calima-muestra-fotografia-futuro-climatico\/1054609.html\">La calima muestra una \u00abfotograf\u00eda\u00bb del futuro clim\u00e1tico para las Islas<\/a><\/p>\n<p>&nbsp;<\/p>\n<h3><strong>Actividad Investigadora<\/strong><\/h3>\n<h4>Medio: <span style=\"font-weight: 400;\">Diario de Avisos<\/span><\/h4>\n<p>Art\u00edculo: <a href=\"https:\/\/diariodeavisos.elespanol.com\/2020\/02\/aguera-no-recuerdo-una-calima-asi-en-30-o-40-anos-este-es-un-caso-unico\/\">No recuerdo una calima as\u00ed en 30 o 40 a\u00f1os; este es un caso \u00fanico<\/a><\/p>\n<p>&nbsp;<\/p>\n<h3><strong>Actividad Investigadora<\/strong><\/h3>\n<h4>Medio: <span style=\"font-weight: 400;\">El Laboratorio (RTVC)<\/span><\/h4>\n<p>Art\u00edculo: <a href=\"http:\/\/www.rtvc.es\/canariasradio\/multimedia\/El%20Laboratorio-13711\/12-02-20-17.aspx?fbclid=IwAR3Fz0uw3XAZgxkVP5TBuwOcFd4GKKEBs_E8LjQnFQP2PnOOtuoAmwqxYzA#.Xo9p0NNKhTa\">El Laboratorio 11\/03\/2020<\/a><\/p>\n<p>&nbsp;<\/p>\n<h3><strong>Proyecto de investigaci\u00f3n<\/strong><\/h3>\n<h4>Medio: <span style=\"font-weight: 400;\">Diario de Avisos<\/span><\/h4>\n<p>Art\u00edculo: <a href=\"https:\/\/diariodeavisos.elespanol.com\/2020\/02\/tenerife-perfila-como-evacuar-y-abastecer-a-la-poblacion-en-caso-de-erupcion\/\">Tenerife perfila c\u00f3mo evacuar y abastecer a la poblaci\u00f3n en caso de erupci\u00f3n<\/a><\/p>\n<p>&nbsp;<\/p>\n<h3><strong>Actividad Investigadora<\/strong><\/h3>\n<h4>Medio: <span style=\"font-weight: 400;\">Buenos D\u00edas Canarias (RTVC)<\/span><\/h4>\n<p>V\u00eddeo: <a href=\"https:\/\/www.facebook.com\/watch\/?v=180020129731731\">Buenos d\u00edas Canarias 28\/1\/2020<\/a><\/p>\n<p>&nbsp;<\/p>\n<h3><strong>Actividad Investigadora<\/strong><\/h3>\n<h4>Medio: <span style=\"font-weight: 400;\">Diario de Avisos<\/span><\/h4>\n<p>Art\u00edculo: <a href=\"https:\/\/diariodeavisos.elespanol.com\/2020\/01\/la-playa-de-las-teresitas-desaparecera-antes-de-2099\/\">La playa de Las Teresitas desaparecer\u00e1 antes de 2099<\/a>[\/vc_column_text][divider line_type=\u00bbNo Line\u00bb custom_height=\u00bb30&#8243;][heading]2019[\/heading][vc_column_text]\n<h3><strong>Actividad Investigadora<\/strong><\/h3>\n<h4>Medio: <span style=\"font-weight: 400\">El D\u00eda<\/span><\/h4>\n<p>Art\u00edculo: <a href=\"https:\/\/www.eldia.es\/sociedad\/2019\/12\/26\/invasion-turistica-barrancos-deja-sur\/1036161.html\">La &#8216;invasi\u00f3n&#8217; tur\u00edstica de los barrancos deja al Sur indefenso contra los diluvios<\/a><\/p>\n<p>&nbsp;<\/p>\n<h3><strong>Actividad Investigadora<\/strong><\/h3>\n<h4>Medio: <span style=\"font-weight: 400\">TYSMagazine<\/span><\/h4>\n<p>Art\u00edculo: <a href=\"https:\/\/www.tysmagazine.com\/abel-lopez-la-adaptacion-al-cambio-climatico-ha-sido-la-gran-olvidada-por-la-administracion\/\">La adaptaci\u00f3n al cambio clim\u00e1tico ha sido la gran olvidada por la administraci\u00f3n<\/a><\/p>\n<p>&nbsp;<\/p>\n<h3><strong>Actividad Investigadora<\/strong><\/h3>\n<h4>Medio: <span style=\"font-weight: 400\">Diario de Avisos<\/span><\/h4>\n<p>Art\u00edculo: <a href=\"https:\/\/diariodeavisos.elespanol.com\/2019\/12\/las-tormentas-tropicales-seran-cada-vez-mas-frecuentes-en-canarias\/?fbclid=IwAR0mtlQpqSEvwTjoFGSlCnLoV9fcXei4fMX3phl2eGrhTEnJwcD4tLZJQhg\">Las tormentas tropicales ser\u00e1n cada vez m\u00e1s frecuentes en Canarias<\/a><\/p>\n<p>&nbsp;<\/p>\n<h3><strong>Actividad Investigadora<\/strong><\/h3>\n<h4>Medio: <span style=\"font-weight: 400\">El D\u00eda<\/span><\/h4>\n<p>Art\u00edculo: <a href=\"https:\/\/www.eldia.es\/sociedad\/2019\/12\/06\/pedro-dorta-geografo-e-investigador\/1030846.html\">Es dif\u00edcil poner de acuerdo a 200 pa\u00edses con intereses opuestos<\/a><\/p>\n<p>&nbsp;<\/p>\n<h3><strong>Actividad Investigadora<\/strong><\/h3>\n<h4>Medio: <span style=\"font-weight: 400\">El D\u00eda<\/span><\/h4>\n<p>Art\u00edculo: <a href=\"https:\/\/www.eldia.es\/sociedad\/2019\/10\/30\/octubre-calido-evidencia-calentamiento-global\/1020675.html\">Otro octubre c\u00e1lido evidencia el calentamiento global en las Islas<\/a><\/p>\n<p>&nbsp;<\/p>\n<h3><strong>Actividad Investigadora<\/strong><\/h3>\n<h4>Medio: <span style=\"font-weight: 400\">El D\u00eda<\/span><\/h4>\n<p>Art\u00edculo: <a href=\"https:\/\/www.eldia.es\/sociedad\/2019\/10\/29\/aemet-vio-necesario-activar-aviso\/1020413.html\">La Aemet no vio necesario activar el aviso amarillo en la tormenta del s\u00e1bado<\/a><\/p>\n<p>&nbsp;<\/p>\n<h3><strong>Actividad Investigadora<\/strong><\/h3>\n<h4>Medio: <span style=\"font-weight: 400\">El Enfoque (RTVC)<\/span><\/h4>\n<p>V\u00eddeo: <a href=\"https:\/\/www.facebook.com\/watch\/?v=2821227331255954\">Cambio clim\u00e1tico e incendios forestales<\/a><\/p>\n<p>&nbsp;<\/p>\n<h3><strong>Actividad de divulgaci\u00f3n Coloquio Cambio Clim\u00e1tico en Canarias RSEAPT<\/strong><\/h3>\n<h4>Medio: <span style=\"font-weight: 400\">El D\u00eda<\/span><\/h4>\n<p>Art\u00edculo: <a href=\"https:\/\/www.eldia.es\/sociedad\/2019\/10\/06\/canarios-concienciados-cambio-climatico\/1014275.html\">Los canarios concienciados no saben qu\u00e9 pueden hacer contra el cambio clim\u00e1tico<\/a><\/p>\n<p>&nbsp;<\/p>\n<h3><strong>Actividad de Investigaci\u00f3n<\/strong><\/h3>\n<h4>Medio: <span style=\"font-weight: 400\">El D\u00eda<\/span><\/h4>\n<p>Art\u00edculo: <a href=\"https:\/\/www.eldia.es\/sociedad\/2019\/10\/03\/cabildos-muestran-escasa-preocupacion\/1013522.html\">Los cabildos muestran una \u00abescasa preocupaci\u00f3n\u00bb por el calentamiento global<\/a><\/p>\n<p>&nbsp;<\/p>\n<h3><strong>Actividad de Investigaci\u00f3n<\/strong><\/h3>\n<h4>Medio: <span style=\"font-weight: 400\">El D\u00eda<\/span><\/h4>\n<p>Art\u00edculo: <a href=\"https:\/\/www.eldia.es\/sociedad\/2019\/09\/14\/delta-costaria-88-millones-euros\/1008476.html\">Otro Delta costar\u00eda 88 millones de euros a la econom\u00eda de Canarias<\/a><\/p>\n<p>&nbsp;<\/p>\n<h3><strong>Actividad de Investigaci\u00f3n<\/strong><\/h3>\n<h4>Medio: <span style=\"font-weight: 400\">Prensa ULL<\/span><\/h4>\n<p>Art\u00edculo: <a href=\"https:\/\/www.ull.es\/portal\/noticias\/2019\/investigadores-de-la-ull-analizan-los-riesgos-naturales-vinculados-al-cambio-climatico-en-el-teide\/\">Investigadores de la ULL analizan los riesgos naturales vinculados al cambio clim\u00e1tico en El Teide<\/a><\/p>\n<p>&nbsp;<\/p>\n<h3><strong>Actividad de Investigaci\u00f3n<\/strong><\/h3>\n<h4>Medio: <span style=\"font-weight: 400\">Canarias 7<\/span><\/h4>\n<p>Art\u00edculo: <a href=\"https:\/\/www.canarias7.es\/sociedad\/la-ciencia-pide-concreciones-a-la-emergencia-climatica-ME7886295\"><span class=\"priority-content\">La ciencia pide concreciones a la emergencia clim\u00e1tica<\/span><\/a><\/p>\n<p>&nbsp;<\/p>\n<h3><strong>Actividad de Investigaci\u00f3n<\/strong><\/h3>\n<h4>Medio: <span style=\"font-weight: 400\">El D\u00eda<\/span><\/h4>\n<p>Art\u00edculo: <a href=\"https:\/\/www.eldia.es\/sociedad\/2019\/09\/08\/investigacion-respirara-papeleo-financiacion\/1006836.html\">La investigaci\u00f3n &#8216;respirar\u00e1&#8217; con menos papeleo y m\u00e1s financiaci\u00f3n<\/a><\/p>\n<p>&nbsp;<\/p>\n<h3><strong>Actividad de Investigaci\u00f3n<\/strong><\/h3>\n<h4>Medio: <span style=\"font-weight: 400\">El D\u00eda<\/span><\/h4>\n<p>Art\u00edculo: <a href=\"https:\/\/www.eldia.es\/sociedad\/2019\/09\/06\/sahara-desierto-atenuado-ultimos-anos\/1006274.html\">El S\u00e1hara fue un desierto \u00abatenuado\u00bb en los \u00faltimos a\u00f1os del siglo XIX<\/a><\/p>\n<p>&nbsp;<\/p>\n<h3><strong>Actividad de Investigaci\u00f3n<\/strong><\/h3>\n<h4>Medio: <span style=\"font-weight: 400\">COPE <\/span><\/h4>\n<p>Audio: <a href=\"https:\/\/www.cope.es\/emisoras\/canarias\/la-manana-canarias\/audios\/manana-canarias-con-santiago-morollon-20190827_838426\">De 8 a 9: La Ma\u00f1ana en Canarias con Santiago Moroll\u00f3n<\/a><\/p>\n<p>&nbsp;<\/p>\n<h3><strong>Actividad de Investigaci\u00f3n<\/strong><\/h3>\n<h4>Medio: <span style=\"font-weight: 400\">Canarias 7<\/span><\/h4>\n<p>Art\u00edculo: <a href=\"https:\/\/www.canarias7.es\/siete-islas\/gran-canaria\/el-calentamiento-global-hara-que-aumente-el-riesgo-de-sufrir-incendios-BM7824012\"><span class=\"priority-content\">El calentamiento global har\u00e1 que aumente el riesgo de sufrir incendios<\/span><\/a><\/p>\n<p>&nbsp;<\/p>\n<h3><strong>Actividad de Investigaci\u00f3n<\/strong><\/h3>\n<h4>Medio: <span style=\"font-weight: 400\">El D\u00eda<\/span><\/h4>\n<p>Art\u00edculo: <a href=\"https:\/\/www.eldia.es\/sociedad\/2019\/08\/25\/monte-purificador-gran-contaminante\/1003123.html\">El monte: de purificador a gran contaminante<\/a><\/p>\n<p>&nbsp;<\/p>\n<h3><strong>Actividad de divulgaci\u00f3n Experto Universitario<\/strong><\/h3>\n<h4>Medio: <span style=\"font-weight: 400\">Web de Naciones Unidas<\/span><\/h4>\n<p>Art\u00edculo: <a href=\"https:\/\/www.preventionweb.net\/academic\/view\/66975\">Experto universitario en reducci\u00f3n de riesgos de desastres, resiliencia y cambio clim\u00e1tico<\/a><\/p>\n<p>&nbsp;<\/p>\n<h3><strong>Proyecto de investigaci\u00f3n<\/strong><\/h3>\n<h4>Medio: <span style=\"font-weight: 400\">Prensa ULL<\/span><\/h4>\n<p>Art\u00edculo: <a href=\"https:\/\/www.ull.es\/portal\/noticias\/2019\/el-cabildo-de-la-palma-encarga-a-la-ull-la-redaccion-del-plan-de-actuacion-ante-inundaciones\/\">El Cabildo de La Palma encarga a la ULL la redacci\u00f3n del plan de actuaci\u00f3n ante inundaciones<\/a><\/p>\n<p>&nbsp;<\/p>\n<h3><strong>Actividad de divulgaci\u00f3n Jornadas \u201cRiesgo de inundaci\u00f3n y resiliencia: De la teor\u00eda al acci\u00f3n\u00bb<\/strong><\/h3>\n<h4>Medio: <span style=\"font-weight: 400\">La Provincia<\/span><\/h4>\n<p>Art\u00edculo: <a href=\"https:\/\/www.laprovincia.es\/sociedad\/2019\/06\/18\/desarrollo-urbanistico-pone-riesgo-inundacion\/1185233.html\">El desarrollo urban\u00edstico pone en riesgo de inundaci\u00f3n a Canarias<\/a><\/p>\n<p>&nbsp;<\/p>\n<h3><strong>Actividad de divulgaci\u00f3n Jornadas Espacios Resilientes en territorios volc\u00e1nicos. La <\/strong><strong>experiencia Canarias-Cabo Verde<\/strong><\/h3>\n<h4>Medio: <span style=\"font-weight: 400\">Cla\u00fasula<\/span><\/h4>\n<p>Art\u00edculo: <a href=\"http:\/\/simulador.clausuladeconciencia.org\/la-ull-acoge-hoy-jueves-unas-jornadas-sobre-gestion-del-riesgo-volcanico\/\">La ULL acoge hoy jueves unas jornadas sobre gesti\u00f3n del riesgo volc\u00e1nico<\/a><\/p>\n<p>&nbsp;<\/p>\n<h3><strong>Proyecto de Investigaci\u00f3n<\/strong><\/h3>\n<h4>Medio: <span style=\"font-weight: 400\">Diario de Avisos<\/span><\/h4>\n<p>Art\u00edculo: <a href=\"https:\/\/diariodeavisos.elespanol.com\/2019\/03\/427913\/?fbclid=I%20wAR1C06w3NLkehrpv8l-%20JlLAzprkiVkmbYmQID0lL5kq%20IN-VNh3cvGKZU5NQ\">Emergencias presenta el Plan de Actuaci\u00f3n Vulcanol\u00f3gico, que mide los riesgos y marca las prioridades<\/a><\/p>\n<p>&nbsp;<\/p>\n<h3><strong>Actividad de divulgaci\u00f3n Jornada Mitigar el Riesgo Volc\u00e1nico<\/strong><\/h3>\n<h4>Medio: <span style=\"font-weight: 400\">La Voz de Lanzarote<\/span><\/h4>\n<p>Art\u00edculo: <a href=\"https:\/\/www.lavozdelanzarote.com\/articulo\/politica\/consorcio-seguridad-emergencias-lanzarote-cierra-xiv-semana-prevencion-incendios\/20191130084811144609.html\">El Consorcio de Seguridad y Emergencias cierra la XIV Semana de la Prevenci\u00f3n de Incendios<\/a><\/p>\n<p>&nbsp;<\/p>\n<h3><strong>Actividad de divulgaci\u00f3n Macaronesia Campus Global<\/strong><\/h3>\n<h4>Medio: <span style=\"font-weight: 400\">El D\u00eda<\/span><\/h4>\n<p>Art\u00edculo: <a href=\"https:\/\/www.eldia.es\/sociedad\/2019\/10\/07\/macaronesia-campus-global-une-ull\/1014436.html\">El Macaronesia Campus Global une a la ULL con Cabo Verde<\/a><\/p>\n<p>&nbsp;<\/p>\n<h3><strong>Proyecto de Investigaci\u00f3n<\/strong><\/h3>\n<h4>Medio: <span style=\"font-weight: 400\">La Vanguardia<\/span><\/h4>\n<p>Art\u00edculo: <a href=\"https:\/\/www.lavanguardia.com\/vida\/20190228\/46755755616\/geografos-de-la-ull-participan-en-el-plan-de-actuacion-volcanica-de-la-palma.html\">Ge\u00f3grafos de la ULL participan en el Plan de actuaci\u00f3n volc\u00e1nica de La Palma<\/a>[\/vc_column_text][divider line_type=\u00bbNo Line\u00bb custom_height=\u00bb30&#8243;][heading]2018[\/heading][vc_column_text]\n<h3><strong>Actividad Investigadora<\/strong><\/h3>\n<h4>Medio: <span style=\"font-weight: 400\">El Espejo Canario (Radio)<\/span><\/h4>\n<p>Art\u00edculo \/ Audio: <a href=\"https:\/\/www.elespejocanario.es\/audios\/ampliar\/9672\/el-cambio-climatico-en-canarias-a-debate?fbclid=IwAR35HGvBIhyHrBw_zgZR3RZcj5VfS_ovKP2AXeKenvk1c8rFFLraAsFmueA\">El cambio clim\u00e1tico en Canarias, a debate<\/a><\/p>\n<p>&nbsp;<\/p>\n<h3><strong>Actividad de Divulgaci\u00f3n I Jornada de Riesgos y Prevenci\u00f3n en Monta\u00f1a<\/strong><\/h3>\n<h4>Medio: <span style=\"font-weight: 400\">Prensa local<\/span><\/h4>\n<p>Art\u00edculo: <a href=\"http:\/\/www.diariodetenerife.info\/i-jornadas-de-riesgo-y-prevencion-en-montana-coordinacion-en-los-equipos-de-rescate\/\">I Jornadas de Riesgo y Prevenci\u00f3n en Monta\u00f1a: coordinaci\u00f3n en los equipos de rescate<\/a><\/p>\n<p>&nbsp;<\/p>\n<h3><strong>Actividad de Divulgaci\u00f3n I Jornada de Riesgos y Prevenci\u00f3n en Monta\u00f1a<\/strong><\/h3>\n<h4>Medio: <span style=\"font-weight: 400\">Prensa ULL<\/span><\/h4>\n<p>Art\u00edculo: <a href=\"https:\/\/www.ull.es\/portal\/noticias\/2018\/jornada-rescate-en-alta-montana\/\">La ULL, el Consorcio de Bomberos de Tenerife y Telef\u00e9rico del Teide organizan un encuentro sobre equipos de rescate en alta monta\u00f1a<\/a><\/p>\n<p>&nbsp;<\/p>\n<h3><strong>Actividad Investigadora<\/strong><\/h3>\n<h4>Medio: <span style=\"font-weight: 400\">El D\u00eda<\/span><\/h4>\n<p>Art\u00edculo: <a href=\"https:\/\/www.eldia.es\/canarias\/2018-08-13\/3-cambio-climatico-aumentara-riesgo-incendios-forestales.htm?fbclid=IwAR0rxhV0eo5wqRsJYtFOiTlvK97X1ubBH8rzmMy1VbusxyZf6zfDaf86GM4\">El cambio clim\u00e1tico aumentar\u00e1 el riesgo de incendios forestales<\/a><\/p>\n<p>&nbsp;<\/p>\n<h3><strong>Actividad Investigadora<\/strong><\/h3>\n<h4>Medio: <span style=\"font-weight: 400\">ABC<\/span><\/h4>\n<p>Art\u00edculo: <a href=\"https:\/\/www.abc.es\/espana\/canarias\/abci-cristobal-colon-testigo-erupcion-volcanica-canarias-201809241625_noticia.html?fbclid=IwAR1di0VU86YBhOmrxSCUA6oM3j9O_90iTpEDvFZTvJxsj1GVyS0ti5ikrwM\">Crist\u00f3bal Col\u00f3n fue testigo de una erupci\u00f3n volc\u00e1nica en Canarias<\/a><\/p>\n<p>&nbsp;<\/p>\n<h3><strong>Actividad Investigadora<\/strong><\/h3>\n<h4>Medio: <span style=\"font-weight: 400\">ABC<\/span><\/h4>\n<p>Art\u00edculo: <a href=\"https:\/\/www.abc.es\/espana\/canarias\/abci-video-seria-aumento-nivel-mar-canarias-y-costa-sahara-201809300052_noticia.html?fbclid=IwAR2szH-KX4T7Tb41ALGRk25_twUvuv7Ann49xsFOqa429sE-Rb_790OGPpA\">V\u00eddeo: as\u00ed ser\u00eda un aumento del nivel del mar en Canarias y costa del S\u00e1hara<\/a><\/p>\n<p>&nbsp;<\/p>\n<h3><strong>Actividad Investigadora<\/strong><\/h3>\n<h4>Medio: <span style=\"font-weight: 400\">Canarias 7<\/span><\/h4>\n<p>Art\u00edculo: <a href=\"https:\/\/www.canarias7.es\/sociedad\/medio-ambiente\/medio-grado-mas-importa-mucho-KG5686963?fbclid=IwAR0ycNv1O6QlQCEtEaeLWR9hASn2uGuxP0gJ3HtE3wSIeX3Ei6bOgLz2KQM\">Crist\u00f3bal Col\u00f3n fue testigo de una erupci\u00f3n volc\u00e1nica en Canarias<\/a><\/p>\n<p>&nbsp;<\/p>\n<h3><strong>Actividad Investigadora<\/strong><\/h3>\n<h4>Medio: <span style=\"font-weight: 400\">Canarias 7<\/span><\/h4>\n<p>Art\u00edculo: <a href=\"https:\/\/www.canarias7.es\/sociedad\/medio-ambiente\/medio-grado-mas-importa-mucho-KG5686963?fbclid=IwAR0ycNv1O6QlQCEtEaeLWR9hASn2uGuxP0gJ3HtE3wSIeX3Ei6bOgLz2KQM\">Medio grado m\u00e1s importa mucho<\/a><\/p>\n<p>&nbsp;<\/p>\n<h3><strong>Actividad Investigadora<\/strong><\/h3>\n<h4>Medio: <span style=\"font-weight: 400\">7.7 Radio<\/span><\/h4>\n<p>Audio: <a href=\"https:\/\/www.ivoox.com\/pedro-dorta-profesor-climatologia-ull-la-vida-audios-mp3_rf_29319242_1.html\">Pedro Dorta, Profesor Climatolog\u00eda ULL, en La vida es otra cosa TF @7punto7radio 15-10-18<\/a><\/p>\n<p>&nbsp;<\/p>\n<h3><strong>Actividad de divulgaci\u00f3n DIRD2018<\/strong><\/h3>\n<h4>Medio: <span style=\"font-weight: 400\">RTVC (Telenoticias)<\/span><\/h4>\n<p>Art\u00edculo: <a href=\"https:\/\/www.facebook.com\/watch\/?v=996901783826896\">Resumen D\u00eda Internacional para la Reducci\u00f3n de Desastres 2018<\/a><\/p>\n<p>&nbsp;<\/p>\n<h3><strong>Actividad Investigadora<\/strong><\/h3>\n<h4>Medio: <span style=\"font-weight: 400\">RTVC (Telenoticias)<\/span><\/h4>\n<p>Art\u00edculo: <a href=\"https:\/\/www.facebook.com\/watch\/?v=1891847060900497\">P\u00e9rdidas econ\u00f3micas Canarias 1996-2016<\/a><\/p>\n<p>&nbsp;<\/p>\n<h3><strong>Actividad Investigadora<\/strong><\/h3>\n<h4>Medio: <span style=\"font-weight: 400\">Cadena Ser<\/span><\/h4>\n<p>Audio: <a href=\"https:\/\/play.cadenaser.com\/audio\/ser_tenerife_hoyporhoytenerife_20181112_090000_112000\/?fbclid=IwAR37_S-yH-QvsWyXP3alevZaQuTZfMazHq9CJKU3HOqm0giyQmYQrUuG3Vg\">Hoy por Hoy Tenerife (12\/11\/2018)<\/a><\/p>\n<p>&nbsp;<\/p>\n<h3><strong>Actividad Investigadora<\/strong><\/h3>\n<h4>Medio: <span style=\"font-weight: 400\">RTVC (Buenos D\u00edas Canarias)<\/span><\/h4>\n<p>V\u00eddeo: <a href=\"https:\/\/www.facebook.com\/watch\/?v=488811478295962\">Debate CC Buenos D\u00edas Canarias<\/a><\/p>\n<p>&nbsp;<\/p>\n<h3><strong>Actividad Investigadora<\/strong><\/h3>\n<h4>Medio: <span style=\"font-weight: 400\">El D\u00eda<\/span><\/h4>\n<p>Art\u00edculo: <a href=\"https:\/\/www.eldia.es\/canarias\/2018-11-09\/15-temporales-han-costado-Canarias-millones.htm?fbclid=IwAR1l0nHYqYzkU2NJ7corOkq-9pAPzBd8EUKX8jPzUv0lOlEyvBDyVWyMSGY\">Los temporales le han costado a Canarias m\u00e1s de 600 millones<\/a><\/p>\n<p>&nbsp;<\/p>\n<h3><strong>Actividad Investigadora<\/strong><\/h3>\n<h4>Medio: <span style=\"font-weight: 400\">Diario de Avisos<\/span><\/h4>\n<p>Art\u00edculo: <a href=\"https:\/\/diariodeavisos.elespanol.com\/2018\/11\/los-temporales-de-los-ultimos-20-anos-le-han-costado-a-canarias-600-millones-de-euros\/?fbclid=IwAR0iesPIK2Q4OdPydW3BGZp1sWHC23uPM2unE7IMAEo3BW-mdBBwd_GbN84\">Los temporales de los \u00faltimos 20 a\u00f1os le han costado a Canarias 600 millones de euros<\/a><\/p>\n<p>&nbsp;<\/p>\n<h3><strong>Actividad de divulgaci\u00f3n Jornada Protocolos de Emergencia<\/strong><\/h3>\n<h4>Medio: <span style=\"font-weight: 400\">Prensa local<\/span><\/h4>\n<p>Art\u00edculo: <a href=\"http:\/\/lavozdelapalma.com\/2019\/10\/27\/mas-centenar-personas-participan-las-ii-jornadas-protocolos-emergencias\/\">M\u00e1s de un centenar de personas participan en las II Jornadas sobre Protocolos de Emergencias<\/a><\/p>\n<p>&nbsp;<\/p>\n<h3><strong>Actividad de divulgaci\u00f3n Jornada Protocolos de Emergencia<\/strong><\/h3>\n<h4>Medio: <span style=\"font-weight: 400\">Prensa local<\/span><\/h4>\n<p>Art\u00edculo: <a href=\"http:\/\/lavozdelapalma.com\/2019\/10\/27\/mas-centenar-personas-participan-las-ii-jornadas-protocolos-emergencias\/\">M\u00e1s de un centenar de personas participan en las II Jornadas sobre Protocolos de Emergencias<\/a>[\/vc_column_text][divider line_type=\u00bbNo Line\u00bb custom_height=\u00bb30&#8243;][heading]2017[\/heading][vc_column_text]\n<h3><strong>Proyectos de Investigaci\u00f3n<\/strong><\/h3>\n<h4>Medio: <span style=\"font-weight: 400\">El D\u00eda<\/span><\/h4>\n<p>Art\u00edculo: <a href=\"https:\/\/www.eldia.es\/tenerife\/2017-01-19\/3-Cabildo-Tenerife-asiste-municipios-redactar-planes-emergencia-Pemus.htm\">El Cabildo de Tenerife asiste a 13 municipios a redactar los planes de emergencia (Pemus)<\/a><\/p>\n<p>&nbsp;<\/p>\n<h3><strong>Proyectos de Investigaci\u00f3n<\/strong><\/h3>\n<h4>Medio: <span style=\"font-weight: 400\">Diario de Avisos<\/span><\/h4>\n<p>Art\u00edculo: <a href=\"https:\/\/diariodeavisos.elespanol.com\/2017\/01\/santa-cruz-actualiza-plan-emergencias-municipal-tras-15-anos\/\">Santa Cruz actualiza su Plan de Emergencias Municipal tras 15 a\u00f1os<\/a><\/p>\n<p>&nbsp;<\/p>\n<h3><strong>Proyectos de Investigaci\u00f3n<\/strong><\/h3>\n<h4>Medio: <span style=\"font-weight: 400\">El D\u00eda<\/span><\/h4>\n<p>Art\u00edculo: <a href=\"https:\/\/www.eldia.es\/laguna\/2017-02-02\/4-Rosario-dara-luz-verde-mejora-Plan-Emergencia.htm\">El Rosario dar\u00e1 luz verde a la mejora del Plan de Emergencia<\/a><\/p>\n<p>&nbsp;<\/p>\n<h3><strong>Actividad de divulgaci\u00f3n Firma Convenio ULL-DGSE<\/strong><\/h3>\n<h4>Medio: <span style=\"font-weight: 400\">Prensa ULL<\/span><\/h4>\n<p>Art\u00edculo: <a href=\"https:\/\/www.ull.es\/portal\/noticias\/2016\/la-ull-y-politica-territorial-firman-un-convenio-marco-de-colaboracion\/\">La ULL y Pol\u00edtica Territorial firman un convenio marco de colaboraci\u00f3n<\/a><\/p>\n<p>&nbsp;<\/p>\n<h3><strong>Proyectos de Investigaci\u00f3n<\/strong><\/h3>\n<h4>Medio: <span style=\"font-weight: 400\">El D\u00eda<\/span><\/h4>\n<p>Art\u00edculo: <a href=\"https:\/\/www.eldia.es\/laguna\/2017-02-19\/3-Inundaciones-incendios-mayores-riesgos-municipio-Rosario.htm\">Inundaciones e incendios, los mayores riesgos para el municipio de El Rosario<\/a><\/p>\n<p>&nbsp;<\/p>\n<h3><strong>Proyectos de Investigaci\u00f3n<\/strong><\/h3>\n<h4>Medio: <span style=\"font-weight: 400\">RTVC<\/span><\/h4>\n<p>V\u00eddeo: <a href=\"https:\/\/www.youtube.com\/watch?v=yftQVzq1toQ&amp;amp=&amp;t=4s\">Canarias 2.0 &#8211; PEMUS<\/a><\/p>\n<p>&nbsp;<\/p>\n<h3><strong>Actividad Investigadora<\/strong><\/h3>\n<h4>Medio: <span style=\"font-weight: 400\">Fluye Canarias<\/span><\/h4>\n<p>Art\u00edculo: <a href=\"http:\/\/fluyecanarias.com\/universidad-fluye-abel-lopez-ull-cambio-climatico-canarias\/\">A Canarias le urge plantear una estrategia com\u00fan contra el cambio clim\u00e1tico<\/a><\/p>\n<p>&nbsp;<\/p>\n<h3><strong>Proyectos de Investigaci\u00f3n<\/strong><\/h3>\n<h4>Medio: <span style=\"font-weight: 400\">Prensa local<\/span><\/h4>\n<p>Art\u00edculo: <a href=\"https:\/\/sanjuandelarambla.es\/node\/2393\">La Villa cuenta por primera vez con un Plan de Emergencias<\/a>[\/vc_column_text][divider line_type=\u00bbNo Line\u00bb custom_height=\u00bb30&#8243;][heading]2016[\/heading][\/vc_column][\/vc_row][vc_row type=\u00bbin_container\u00bb full_screen_row_position=\u00bbmiddle\u00bb column_margin=\u00bbdefault\u00bb scene_position=\u00bbcenter\u00bb text_color=\u00bbdark\u00bb text_align=\u00bbleft\u00bb overlay_strength=\u00bb0.3&#8243; shape_divider_position=\u00bbbottom\u00bb bg_image_animation=\u00bbnone\u00bb][vc_column column_padding=\u00bbno-extra-padding\u00bb column_padding_position=\u00bball\u00bb background_color_opacity=\u00bb1&#8243; background_hover_color_opacity=\u00bb1&#8243; column_link_target=\u00bb_self\u00bb column_shadow=\u00bbnone\u00bb column_border_radius=\u00bbnone\u00bb width=\u00bb1\/1&#8243; tablet_width_inherit=\u00bbdefault\u00bb tablet_text_alignment=\u00bbdefault\u00bb phone_text_alignment=\u00bbdefault\u00bb overlay_strength=\u00bb0.3&#8243; column_border_width=\u00bbnone\u00bb column_border_style=\u00bbsolid\u00bb bg_image_animation=\u00bbnone\u00bb][vc_column_text]\n<h3 class=\"p1\"><strong>Actividad de Divulgaci\u00f3n Rising Nepal<\/strong><\/h3>\n<h4>Medio: <span style=\"font-weight: 400;\">LA VANGUARDIA<\/span><\/h4>\n<p>Art\u00edculo: <a href=\"https:\/\/www.lavanguardia.com\/vida\/20161122\/412067066851\/la-ull-acoge-este-miercoles-el-estreno-de-la-pelicula-documental-rising-nepal-de-miguel-angel-tobias.html\">La ULL acoge este mi\u00e9rcoles el estreno de la pel\u00edcula documental &#8216;Rising Nepal&#8217;, de Miguel \u00c1ngel Tob\u00edas<\/a><\/p>\n<h3>&nbsp;<\/h3>\n<h3><strong>Proyectos de Investigaci\u00f3n<\/strong><\/h3>\n<h4>Medio: <span style=\"font-weight: 400;\">El D\u00eda \/ RTVC Telenoticias 2<\/span><\/h4>\n<p>Art\u00edculo: <a href=\"https:\/\/www.eldia.es\/laguna\/2016-10-28\/5-Rosario-da-primer-paso-actualizar-plan-emergencias.htm\">El Rosario da el primer paso para actualizar su plan de emergencias<\/a><\/p>\n<p>V\u00eddeo: <a href=\"https:\/\/www.youtube.com\/watch?v=W8juH5KKPsA\">Telenoticias 2 | 27\/10\/16<\/a><\/p>\n<h3>&nbsp;<\/h3>\n<h3><strong>Actividad Investigadora<\/strong><\/h3>\n<h4>Medio: <span style=\"font-weight: 400;\">El D\u00eda&nbsp;<\/span><\/h4>\n<p>Art\u00edculo: <a href=\"https:\/\/www.eldia.es\/canarias\/2016-10-24\/4-Canarias-faltan-herramientas-adaptacion-cambio-climatico.htm\">A Canarias le faltan herramientas de adaptaci\u00f3n al cambio clim\u00e1tico<\/a><\/p>\n<p>&nbsp;<\/p>\n<h3><strong>Actividad de Divulgaci\u00f3n DIRD2016<\/strong><\/h3>\n<h4>Medio: <span style=\"font-weight: 400;\">TV(RTVC) Telenoticias 2<\/span><\/h4>\n<p>V\u00eddeo: <a href=\"https:\/\/www.youtube.com\/watch?v=O_cqTC1bYiM\">Telenoticias 2 | 13\/10\/16<\/a><\/p>\n<p>&nbsp;<\/p>\n<h3><strong>Proyectos de Investigaci\u00f3n<\/strong><\/h3>\n<h4>Medio: <span style=\"font-weight: 400;\">El D\u00eda&nbsp;<\/span><\/h4>\n<p>Art\u00edculo: <a href=\"https:\/\/www.facebook.com\/CatedraResiliencia\/photos\/a.856579131024571\/1446774775338334\/?type=3&amp;theater\">Trabajo de campo para elaborar el PEMU<\/a><\/p>\n<p>&nbsp;<\/p>\n<h3><strong>Actividad Investigadora<\/strong><\/h3>\n<h4>Medio: <span style=\"font-weight: 400;\">Fluye Canarias<\/span><\/h4>\n<p>Art\u00edculo: <a href=\"http:\/\/fluyecanarias.com\/calentamiento-global-en-canarias\/\">Lo que se est\u00e1 haciendo en relaci\u00f3n al calentamiento global en Canarias es pr\u00e1cticamente nada<\/a><\/p>\n<p>&nbsp;<\/p>\n<h3><strong>Actividad Docente Curso Verano Adeje<\/strong><\/h3>\n<h4>Medio: <span style=\"font-weight: 400;\">El D\u00eda<\/span><\/h4>\n<p>Art\u00edculo: Enlace pendiente<\/p>\n<p>&nbsp;<\/p>\n<h3><strong>Actividad Investigadora<\/strong><\/h3>\n<h4>Medio: <span style=\"font-weight: 400;\">El D\u00eda<\/span><\/h4>\n<p>Art\u00edculo: <a href=\"https:\/\/www.eldia.es\/canarias\/2016-07-21\/26-Pedro-Dorta-calentamiento-global-Canarias-es-ya-realidad.htm\">El calentamiento global en Canarias es ya una realidad<\/a><\/p>\n<p>&nbsp;<\/p>\n<h3><strong>Actividad Investigadora<\/strong><\/h3>\n<h4>Medio: <span style=\"font-weight: 400;\">RTVC (Buenos D\u00edas Canarias)<\/span><\/h4>\n<p>V\u00eddeo: <a href=\"https:\/\/www.youtube.com\/watch?v=g7eApKEzJIY\">Buenos d\u00edas Canarias, la ma\u00f1ana | 30\/06\/16<\/a><\/p>\n<p>&nbsp;<\/p>\n<h3><strong>Actividad Investigadora<\/strong><\/h3>\n<h4>Medio: <span style=\"font-weight: 400;\">El D\u00eda<\/span><\/h4>\n<p>Art\u00edculo: <a href=\"https:\/\/www.eldia.es\/tenerife\/2015-12-27\/4-intensas-lluvias-causaron-cien-movimientos-ladera-Anaga.htm\">Las intensas lluvias de 2010 causaron cien movimientos de ladera en Anaga<\/a>[\/vc_column_text][divider line_type=\u00bbNo Line\u00bb custom_height=\u00bb30&#8243;][divider line_type=\u00bbNo Line\u00bb custom_height=\u00bb30&#8243;][\/vc_column][\/vc_row][vc_row type=\u00bbin_container\u00bb full_screen_row_position=\u00bbmiddle\u00bb column_margin=\u00bbdefault\u00bb scene_position=\u00bbcenter\u00bb text_color=\u00bbdark\u00bb text_align=\u00bbleft\u00bb overlay_strength=\u00bb0.3&#8243; shape_divider_position=\u00bbbottom\u00bb bg_image_animation=\u00bbnone\u00bb][vc_column column_padding=\u00bbno-extra-padding\u00bb column_padding_position=\u00bball\u00bb background_color_opacity=\u00bb1&#8243; background_hover_color_opacity=\u00bb1&#8243; column_link_target=\u00bb_self\u00bb column_shadow=\u00bbnone\u00bb column_border_radius=\u00bbnone\u00bb width=\u00bb1\/1&#8243; tablet_width_inherit=\u00bbdefault\u00bb tablet_text_alignment=\u00bbdefault\u00bb phone_text_alignment=\u00bbdefault\u00bb overlay_strength=\u00bb0.3&#8243; column_border_width=\u00bbnone\u00bb column_border_style=\u00bbsolid\u00bb bg_image_animation=\u00bbnone\u00bb][\/vc_column][\/vc_row]\n","protected":false},"excerpt":{"rendered":"<p>[vc_row type=\u00bbin_container\u00bb full_screen_row_position=\u00bbmiddle\u00bb column_margin=\u00bbdefault\u00bb scene_position=\u00bbcenter\u00bb text_color=\u00bbdark\u00bb text_align=\u00bbleft\u00bb overlay_strength=\u00bb0.3&#8243; shape_divider_position=\u00bbbottom\u00bb bg_image_animation=\u00bbnone\u00bb][vc_column column_padding=\u00bbno-extra-padding\u00bb column_padding_position=\u00bball\u00bb background_color_opacity=\u00bb1&#8243; background_hover_color_opacity=\u00bb1&#8243; column_link_target=\u00bb_self\u00bb column_shadow=\u00bbnone\u00bb column_border_radius=\u00bbnone\u00bb width=\u00bb1\/1&#8243; tablet_width_inherit=\u00bbdefault\u00bb tablet_text_alignment=\u00bbdefault\u00bb phone_text_alignment=\u00bbdefault\u00bb overlay_strength=\u00bb0.3&#8243; column_border_width=\u00bbnone\u00bb column_border_style=\u00bbsolid\u00bb bg_image_animation=\u00bbnone\u00bb][divider line_type=\u00bbNo Line\u00bb custom_height=\u00bb30&#8243;][heading]2020[\/heading][vc_column_text] Actividad Investigadora&#8230;<\/p>\n","protected":false},"author":102,"featured_media":0,"parent":0,"menu_order":0,"comment_status":"closed","ping_status":"closed","template":"","meta":{"ngg_post_thumbnail":0,"footnotes":""},"class_list":["post-457","page","type-page","status-publish"],"_links":{"self":[{"href":"https:\/\/wp.ull.es\/resiliencia\/wp-json\/wp\/v2\/pages\/457","targetHints":{"allow":["GET"]}}],"collection":[{"href":"https:\/\/wp.ull.es\/resiliencia\/wp-json\/wp\/v2\/pages"}],"about":[{"href":"https:\/\/wp.ull.es\/resiliencia\/wp-json\/wp\/v2\/types\/page"}],"author":[{"embeddable":true,"href":"https:\/\/wp.ull.es\/resiliencia\/wp-json\/wp\/v2\/users\/102"}],"replies":[{"embeddable":true,"href":"https:\/\/wp.ull.es\/resiliencia\/wp-json\/wp\/v2\/comments?post=457"}],"version-history":[{"count":3,"href":"https:\/\/wp.ull.es\/resiliencia\/wp-json\/wp\/v2\/pages\/457\/revisions"}],"predecessor-version":[{"id":561,"href":"https:\/\/wp.ull.es\/resiliencia\/wp-json\/wp\/v2\/pages\/457\/revisions\/561"}],"wp:attachment":[{"href":"https:\/\/wp.ull.es\/resiliencia\/wp-json\/wp\/v2\/media?parent=457"}],"curies":[{"name":"wp","href":"https:\/\/api.w.org\/{rel}","templated":true}]}}