{"id":441,"date":"2020-04-09T15:38:47","date_gmt":"2020-04-09T15:38:47","guid":{"rendered":"https:\/\/wp.ull.es\/resiliencia\/?page_id=441"},"modified":"2020-04-09T16:07:37","modified_gmt":"2020-04-09T16:07:37","slug":"transferencia","status":"publish","type":"page","link":"https:\/\/wp.ull.es\/resiliencia\/transferencia\/","title":{"rendered":"Transferencia y proyectos de investigaci\u00f3n"},"content":{"rendered":"[vc_row type=\u00bbfull_width_background\u00bb full_screen_row_position=\u00bbmiddle\u00bb equal_height=\u00bbyes\u00bb content_placement=\u00bbmiddle\u00bb column_margin=\u00bbdefault\u00bb scene_position=\u00bbcenter\u00bb text_color=\u00bbdark\u00bb text_align=\u00bbleft\u00bb top_padding=\u00bb5%\u00bb bottom_padding=\u00bb5%\u00bb id=\u00bbcreative-services\u00bb overlay_strength=\u00bb0.3&#8243; shape_divider_position=\u00bbbottom\u00bb bg_image_animation=\u00bbnone\u00bb shape_type=\u00bb\u00bb][vc_column column_padding=\u00bbpadding-2-percent\u00bb column_padding_position=\u00bbright\u00bb background_color_opacity=\u00bb1&#8243; background_hover_color_opacity=\u00bb1&#8243; column_link_target=\u00bb_self\u00bb column_shadow=\u00bbnone\u00bb column_border_radius=\u00bbnone\u00bb width=\u00bb1\/3&#8243; tablet_width_inherit=\u00bbdefault\u00bb tablet_text_alignment=\u00bbdefault\u00bb phone_text_alignment=\u00bbdefault\u00bb overlay_strength=\u00bb0.3&#8243; column_border_width=\u00bbnone\u00bb column_border_style=\u00bbsolid\u00bb bg_image_animation=\u00bbnone\u00bb][vc_column_text]\n<h3>Los proyectos y contratos con instituciones p\u00fablicas ha permitido adquirir una gran experiencia profesional y obtener financiaci\u00f3n<\/h3>\n[\/vc_column_text][vc_column_text css=\u00bb.vc_custom_1586447116043{padding-right: 10% !important;}\u00bb]<span style=\"font-weight: 400\">Los proyectos de investigaci\u00f3n en convocatorias competitivas complementan a las colaboraciones institucionales<\/span>[\/vc_column_text][\/vc_column][vc_column column_padding=\u00bbno-extra-padding\u00bb column_padding_position=\u00bball\u00bb background_color_opacity=\u00bb1&#8243; background_hover_color_opacity=\u00bb1&#8243; column_link_target=\u00bb_self\u00bb column_shadow=\u00bbnone\u00bb column_border_radius=\u00bbnone\u00bb width=\u00bb2\/3&#8243; tablet_width_inherit=\u00bbdefault\u00bb tablet_text_alignment=\u00bbdefault\u00bb phone_text_alignment=\u00bbdefault\u00bb overlay_strength=\u00bb0.3&#8243; column_border_width=\u00bbnone\u00bb column_border_style=\u00bbsolid\u00bb bg_image_animation=\u00bbnone\u00bb][vc_row_inner column_margin=\u00bbnone\u00bb text_align=\u00bbleft\u00bb][vc_column_inner column_padding=\u00bbpadding-2-percent\u00bb column_padding_position=\u00bball\u00bb background_color_opacity=\u00bb1&#8243; background_hover_color_opacity=\u00bb1&#8243; column_shadow=\u00bbnone\u00bb column_border_radius=\u00bbnone\u00bb column_link_target=\u00bb_self\u00bb width=\u00bb1\/3&#8243; tablet_width_inherit=\u00bbdefault\u00bb overlay_strength=\u00bb0.3&#8243; column_border_width=\u00bbnone\u00bb column_border_style=\u00bbsolid\u00bb bg_image_animation=\u00bbnone\u00bb][fancy_box box_style=\u00bbcolor_box_basic\u00bb icon_family=\u00bbiconsmind\u00bb box_color=\u00bb#2ac4ea\u00bb content_color=\u00bb#ffffff\u00bb box_color_opacity=\u00bb0.6&#8243; box_alignment=\u00bbleft\u00bb border_radius=\u00bbdefault\u00bb image_loading=\u00bbdefault\u00bb enable_animation=\u00bbtrue\u00bb animation=\u00bbfade-in-from-bottom\u00bb color_scheme=\u00bbnone\u00bb secondary_content=\u00bbhere&#8217;s some awesome text that would only be shown on hover\u00bb min_height=\u00bb0&#8243; link_url=\u00bb#http:\/\/google.com\u00bb icon_iconsmind=\u00bbiconsmind-Wrench\u00bb css=\u00bb.vc_custom_1586447350257{margin-top: 50px !important;margin-bottom: 2em !important;padding-top: 15% !important;padding-right: 15% !important;padding-bottom: 15% !important;padding-left: 15% !important;}\u00bb icon_size=\u00bb40&#8243;]\n<h4>Planes de Emergencia<span style=\"font-weight: 400\">&nbsp;<\/span><\/h4>\n<p><span style=\"font-weight: 400\">Municipales en Canarias (G\u00fc\u00edmar, El Rosario, La Guancha, San Juan de la Rambla, La Matanza, etc.).<\/span>[\/fancy_box][fancy_box box_style=\u00bbcolor_box_basic\u00bb icon_family=\u00bbiconsmind\u00bb box_color_opacity=\u00bb1&#8243; box_alignment=\u00bbleft\u00bb border_radius=\u00bbdefault\u00bb image_loading=\u00bbdefault\u00bb enable_animation=\u00bbtrue\u00bb animation=\u00bbfade-in-from-bottom\u00bb color_scheme=\u00bbnone\u00bb secondary_content=\u00bbhere&#8217;s some awesome text that would only be shown on hover\u00bb min_height=\u00bb0&#8243; link_url=\u00bb#\u00bb icon_iconsmind=\u00bbiconsmind-Wave-2&#8243; css=\u00bb.vc_custom_1586447676072{margin-bottom: 50px !important;padding-top: 15% !important;padding-right: 15% !important;padding-bottom: 15% !important;padding-left: 15% !important;}\u00bb icon_size=\u00bb40&#8243;]\n<h4>Plan de emergencias<\/h4>\n<p><span style=\"font-weight: 400\">Frente al riesgo de inundaciones en La Palma<\/span>[\/fancy_box][\/vc_column_inner][vc_column_inner column_padding=\u00bbpadding-2-percent\u00bb column_padding_position=\u00bball\u00bb background_color_opacity=\u00bb1&#8243; background_hover_color_opacity=\u00bb1&#8243; column_shadow=\u00bbnone\u00bb column_border_radius=\u00bbnone\u00bb column_link_target=\u00bb_self\u00bb width=\u00bb1\/3&#8243; tablet_width_inherit=\u00bbdefault\u00bb overlay_strength=\u00bb0.3&#8243; column_border_width=\u00bbnone\u00bb column_border_style=\u00bbsolid\u00bb bg_image_animation=\u00bbnone\u00bb][fancy_box box_style=\u00bbcolor_box_basic\u00bb icon_family=\u00bbiconsmind\u00bb box_color=\u00bb#ff1053&#8243; box_color_opacity=\u00bb1&#8243; box_alignment=\u00bbleft\u00bb border_radius=\u00bbdefault\u00bb image_loading=\u00bbdefault\u00bb enable_animation=\u00bbtrue\u00bb animation=\u00bbfade-in-from-bottom\u00bb color_scheme=\u00bbnone\u00bb secondary_content=\u00bbhere&#8217;s some awesome text that would only be shown on hover\u00bb min_height=\u00bb0&#8243; link_url=\u00bb#\u00bb icon_iconsmind=\u00bbiconsmind-Archery-2&#8243; css=\u00bb.vc_custom_1586447457499{margin-bottom: 2em !important;padding-top: 15% !important;padding-right: 15% !important;padding-bottom: 15% !important;padding-left: 15% !important;}\u00bb delay=\u00bb100&#8243; icon_size=\u00bb40&#8243;]\n<h4>Asesoramiento<\/h4>\n<p><span style=\"font-weight: 400\">Redacci\u00f3n del Plan Espec\u00edfico de Fen\u00f3menos Meteorol\u00f3gicos Adversos de Canarias (<\/span><a href=\"http:\/\/www.gobiernodecanarias.org\/dgse\/descargas\/pefma%202012.pdf\"><span style=\"font-weight: 400\">PEFMA<\/span><\/a><span style=\"font-weight: 400\">)<\/span>[\/fancy_box][fancy_box box_style=\u00bbcolor_box_basic\u00bb icon_family=\u00bbiconsmind\u00bb box_color=\u00bb#fbbc05&#8243; box_color_opacity=\u00bb1&#8243; box_alignment=\u00bbleft\u00bb border_radius=\u00bbdefault\u00bb image_loading=\u00bbdefault\u00bb enable_animation=\u00bbtrue\u00bb animation=\u00bbfade-in-from-bottom\u00bb color_scheme=\u00bbnone\u00bb secondary_content=\u00bbhere&#8217;s some awesome text that would only be shown on hover\u00bb min_height=\u00bb0&#8243; link_url=\u00bb#\u00bb icon_iconsmind=\u00bbiconsmind-Ambulance\u00bb delay=\u00bb100&#8243; css=\u00bb.vc_custom_1586447784723{padding-top: 15% !important;padding-right: 15% !important;padding-bottom: 15% !important;padding-left: 15% !important;}\u00bb icon_size=\u00bb40&#8243;]\n<h4>Participaci\u00f3n<\/h4>\n<p>Proyecto Interreg <a href=\"https:\/\/online.ulpgc.es\/sites\/default\/files\/documentos\/programaalert4you.pdf\"><span style=\"font-weight: 400\">Alert4you<\/span><\/a>[\/fancy_box][\/vc_column_inner][vc_column_inner column_padding=\u00bbpadding-2-percent\u00bb column_padding_position=\u00bball\u00bb background_color_opacity=\u00bb1&#8243; background_hover_color_opacity=\u00bb1&#8243; column_shadow=\u00bbnone\u00bb column_border_radius=\u00bbnone\u00bb column_link_target=\u00bb_self\u00bb width=\u00bb1\/3&#8243; tablet_width_inherit=\u00bbdefault\u00bb overlay_strength=\u00bb0.3&#8243; column_border_width=\u00bbnone\u00bb column_border_style=\u00bbsolid\u00bb bg_image_animation=\u00bbnone\u00bb][fancy_box box_style=\u00bbcolor_box_basic\u00bb icon_family=\u00bbiconsmind\u00bb box_color=\u00bb#2f88d6&#8243; content_color=\u00bb#ffffff\u00bb box_color_opacity=\u00bb1&#8243; box_alignment=\u00bbleft\u00bb border_radius=\u00bbdefault\u00bb image_loading=\u00bbdefault\u00bb enable_animation=\u00bbtrue\u00bb animation=\u00bbfade-in-from-bottom\u00bb color_scheme=\u00bbnone\u00bb secondary_content=\u00bbhere&#8217;s some awesome text that would only be shown on hover\u00bb min_height=\u00bb0&#8243; link_url=\u00bb#\u00bb icon_iconsmind=\u00bbiconsmind-Gears\u00bb css=\u00bb.vc_custom_1586447569300{margin-top: 50px !important;margin-bottom: 2em !important;padding-top: 15% !important;padding-right: 15% !important;padding-bottom: 15% !important;padding-left: 15% !important;}\u00bb delay=\u00bb200&#8243; icon_size=\u00bb40&#8243;]\n<h4>Planes de actuaci\u00f3n<\/h4>\n<p><span style=\"font-weight: 400\">Frente al riesgo volc\u00e1nico de las islas de La Palma y de Tenerife<\/span>[\/fancy_box][fancy_box box_style=\u00bbcolor_box_basic\u00bb icon_family=\u00bbiconsmind\u00bb box_color=\u00bb#34a853&#8243; box_color_opacity=\u00bb1&#8243; box_alignment=\u00bbleft\u00bb border_radius=\u00bbdefault\u00bb image_loading=\u00bbdefault\u00bb enable_animation=\u00bbtrue\u00bb animation=\u00bbfade-in-from-bottom\u00bb color_scheme=\u00bbnone\u00bb secondary_content=\u00bbhere&#8217;s some awesome text that would only be shown on hover\u00bb min_height=\u00bb0&#8243; link_url=\u00bb#\u00bb icon_iconsmind=\u00bbiconsmind-Thunderstorm\u00bb delay=\u00bb200&#8243; css=\u00bb.vc_custom_1586447901121{padding-top: 15% !important;padding-right: 15% !important;padding-bottom: 15% !important;padding-left: 15% !important;}\u00bb icon_size=\u00bb40&#8243;]\n<h4>Participaci\u00f3n<\/h4>\n<p><span style=\"font-weight: 400\">Proyecto del Gobierno de Canarias: \u00abAn\u00e1lisis del impacto de las inundaciones en \u00e1reas tur\u00edsticas costeras: Canarias, laboratorio natural de resiliencia\u00bb<\/span>[\/fancy_box][\/vc_column_inner][\/vc_row_inner][\/vc_column][\/vc_row]\n","protected":false},"excerpt":{"rendered":"<p>[vc_row type=\u00bbfull_width_background\u00bb full_screen_row_position=\u00bbmiddle\u00bb equal_height=\u00bbyes\u00bb content_placement=\u00bbmiddle\u00bb column_margin=\u00bbdefault\u00bb scene_position=\u00bbcenter\u00bb text_color=\u00bbdark\u00bb text_align=\u00bbleft\u00bb top_padding=\u00bb5%\u00bb bottom_padding=\u00bb5%\u00bb id=\u00bbcreative-services\u00bb overlay_strength=\u00bb0.3&#8243; shape_divider_position=\u00bbbottom\u00bb bg_image_animation=\u00bbnone\u00bb shape_type=\u00bb\u00bb][vc_column column_padding=\u00bbpadding-2-percent\u00bb column_padding_position=\u00bbright\u00bb background_color_opacity=\u00bb1&#8243; background_hover_color_opacity=\u00bb1&#8243; column_link_target=\u00bb_self\u00bb column_shadow=\u00bbnone\u00bb column_border_radius=\u00bbnone\u00bb width=\u00bb1\/3&#8243; tablet_width_inherit=\u00bbdefault\u00bb tablet_text_alignment=\u00bbdefault\u00bb phone_text_alignment=\u00bbdefault\u00bb overlay_strength=\u00bb0.3&#8243; column_border_width=\u00bbnone\u00bb column_border_style=\u00bbsolid\u00bb&#8230;<\/p>\n","protected":false},"author":102,"featured_media":0,"parent":0,"menu_order":0,"comment_status":"closed","ping_status":"closed","template":"","meta":{"ngg_post_thumbnail":0,"footnotes":""},"class_list":["post-441","page","type-page","status-publish"],"_links":{"self":[{"href":"https:\/\/wp.ull.es\/resiliencia\/wp-json\/wp\/v2\/pages\/441","targetHints":{"allow":["GET"]}}],"collection":[{"href":"https:\/\/wp.ull.es\/resiliencia\/wp-json\/wp\/v2\/pages"}],"about":[{"href":"https:\/\/wp.ull.es\/resiliencia\/wp-json\/wp\/v2\/types\/page"}],"author":[{"embeddable":true,"href":"https:\/\/wp.ull.es\/resiliencia\/wp-json\/wp\/v2\/users\/102"}],"replies":[{"embeddable":true,"href":"https:\/\/wp.ull.es\/resiliencia\/wp-json\/wp\/v2\/comments?post=441"}],"version-history":[{"count":2,"href":"https:\/\/wp.ull.es\/resiliencia\/wp-json\/wp\/v2\/pages\/441\/revisions"}],"predecessor-version":[{"id":445,"href":"https:\/\/wp.ull.es\/resiliencia\/wp-json\/wp\/v2\/pages\/441\/revisions\/445"}],"wp:attachment":[{"href":"https:\/\/wp.ull.es\/resiliencia\/wp-json\/wp\/v2\/media?parent=441"}],"curies":[{"name":"wp","href":"https:\/\/api.w.org\/{rel}","templated":true}]}}