{"id":407,"date":"2020-02-21T12:00:21","date_gmt":"2020-02-21T12:00:21","guid":{"rendered":"https:\/\/wp.ull.es\/resiliencia\/?page_id=407"},"modified":"2022-12-12T12:47:55","modified_gmt":"2022-12-12T12:47:55","slug":"produccion_cientifica","status":"publish","type":"page","link":"https:\/\/wp.ull.es\/resiliencia\/produccion_cientifica\/","title":{"rendered":"Producci\u00f3n cient\u00edfica"},"content":{"rendered":"[vc_row type=\u00bbin_container\u00bb full_screen_row_position=\u00bbmiddle\u00bb column_margin=\u00bbdefault\u00bb column_direction=\u00bbdefault\u00bb column_direction_tablet=\u00bbdefault\u00bb column_direction_phone=\u00bbdefault\u00bb scene_position=\u00bbcenter\u00bb text_color=\u00bbdark\u00bb text_align=\u00bbleft\u00bb row_border_radius=\u00bbnone\u00bb row_border_radius_applies=\u00bbbg\u00bb overflow=\u00bbvisible\u00bb overlay_strength=\u00bb0.3&#8243; gradient_direction=\u00bbleft_to_right\u00bb shape_divider_position=\u00bbbottom\u00bb bg_image_animation=\u00bbnone\u00bb][vc_column column_padding=\u00bbno-extra-padding\u00bb column_padding_tablet=\u00bbinherit\u00bb column_padding_phone=\u00bbinherit\u00bb column_padding_position=\u00bball\u00bb column_element_spacing=\u00bbdefault\u00bb background_color_opacity=\u00bb1&#8243; background_hover_color_opacity=\u00bb1&#8243; column_shadow=\u00bbnone\u00bb column_border_radius=\u00bbnone\u00bb column_link_target=\u00bb_self\u00bb column_position=\u00bbdefault\u00bb gradient_direction=\u00bbleft_to_right\u00bb overlay_strength=\u00bb0.3&#8243; width=\u00bb1\/1&#8243; tablet_width_inherit=\u00bbdefault\u00bb tablet_text_alignment=\u00bbdefault\u00bb phone_text_alignment=\u00bbdefault\u00bb animation_type=\u00bbdefault\u00bb bg_image_animation=\u00bbnone\u00bb border_type=\u00bbsimple\u00bb column_border_width=\u00bbnone\u00bb column_border_style=\u00bbsolid\u00bb][heading]2022[\/heading][vc_column_text]<a href=\"https:\/\/www.investigacionesgeograficas.com\/article\/view\/22559\">Dorta , Pedro., Dom\u00ednguez, A., D\u00edaz-Pacheco, J., L\u00f3pez-D\u00edez, A., &amp; Mart\u00edn, N. (2022). Tropical disturbances in the southeastern North Atlantic. State of the art and future prospects. <em>Investigaciones Geogr\u00e1ficas<\/em>.<\/a>[\/vc_column_text][divider line_type=\u00bbNo Line\u00bb][heading]2021[\/heading][vc_column_text]<a href=\"https:\/\/www.mdpi.com\/2071-1050\/13\/4\/1795\">Dorta, P., D\u00edaz-Pacheco, J., L\u00f3pez-D\u00edez, A &amp; Herrera, C. (2021). Tourism, Transport and Climate Change: The Carbon Footprint of International Air Traffic on Islands. <em>Sustainability<\/em>. <em>13<\/em>(4), 1795.<\/a><\/p>\n<p><a href=\"https:\/\/link.springer.com\/article\/10.1007\/s11069-021-04879-3\">Yanes, A., B\u00e1ez, J., Mayer, P., Dorta , P., L\u00f3pez-D\u00edez, A., D\u00edaz-Pacheco, J &amp; P\u00e9rez-Chac\u00f3n, E. (2021). Marine storms in coastal tourist areas of the Canary Islands. <em>Natural Hazards,<\/em> 109, 1297\u20131325.<\/a><\/p>\n<p><a href=\"https:\/\/estudiosgeograficos.revistas.csic.es\/index.php\/estudiosgeograficos\/article\/view\/1055\/1269\">L\u00f3pez D\u00edez, A., D\u00edaz Pacheco, J., Dorta, P., &amp; M\u00e1yer, P. (2021). La evaluaci\u00f3n del riesgo de inundaci\u00f3n en el contexto local de adaptaci\u00f3n al cambio clim\u00e1tico. El caso de la isla de Tenerife. <i>Estudios Geogr\u00e1ficos<\/i>,&nbsp;<i>82<\/i>(291).<\/a>[\/vc_column_text][divider line_type=\u00bbNo Line\u00bb][heading]2020[\/heading][vc_column_text]<a href=\"https:\/\/ojs.uv.es\/index.php\/CGUV\/article\/view\/16570\">D\u00edaz-Pacheco, J., L\u00f3pez-D\u00edez, A., Yanes, A., Dorta, P., M\u00e1yer, P. (2020). Propuesta metodol\u00f3gica para estimar la vulnerabilidad local por inundaci\u00f3n en \u00e1reas tur\u00edsticas costeras de clima \u00e1rido: aplicaci\u00f3n al litoral de Arona y Adeje (SO de Tenerife). Cuadernos de Geograf\u00eda, 104, 87-106.<\/a><\/p>\n<p><a href=\"https:\/\/revistas.um.es\/turismo\/article\/view\/426041\">Dorta, P., L\u00f3pez-D\u00edez, A., D\u00edaz-Pacheco, J., M\u00e1yer, P., &amp; Romero-Ruiz, C. (2020). Turismo y amenazas de origen natural en la Macaronesia. An\u00e1lisis Comparado. Cuadernos de Turismo, 45, 61-92.<\/a><\/p>\n<p><a href=\"https:\/\/www.researchgate.net\/profile\/Abel-Lopez-Diez\/publication\/340280403_Islas_turismo_y_cambio_climatico\/links\/5e821b0c299bf1a91b8cf54e\/Islas-turismo-y-cambio-climatico.pdf\">L\u00f3pez-D\u00edez, A &amp; D\u00edaz-Pacheco, J &amp; Dorta, P (2020). Islas, turismo y cambio clim\u00e1tico.&nbsp;<em>Okeanos<\/em>, 10(Enero-Junio 2020). 106-110. <\/a>[\/vc_column_text][divider line_type=\u00bbNo Line\u00bb][heading]2019[\/heading][vc_column_text]\n<p class=\"p1\"><a href=\"https:\/\/www.researchgate.net\/profile\/Abel_Lopez_Diez\/publication\/335587167_Relacion_entre_episodios_de_lluvia_intensa_y_danos_producidos_por_inundaciones_en_areas_turisticas_costeras_de_clima_arido_el_Sur_de_Tenerife_1980-2018\/links\/5d6e8d8445851542789f31fc\/Relacion-entre-episodios-de-lluvia-intensa-y-danos-producidos-por-inundaciones-en-areas-turisticas-costeras-de-clima-arido-el-Sur-de-Tenerife-1980-2018.pdf\"><span class=\"s1\">D\u00edaz-Pacheco, J., Yanes, A., L\u00f3pez-D\u00edez, A.<b>,<\/b> M\u00e1yer, P., &amp; Dorta, P. Relaci\u00f3n entre episodios de lluvia intensa y da\u00f1os producidos por inundaciones en \u00e1reas tur\u00edsticas costeras de clima \u00e1rido: el Sur de Tenerife (1980-2018). En X JORNADAS DE GEOMORFOLOGIA LITORAL, Castelldefels, Espa\u00f1a.<\/span><\/a><\/p>\n<p class=\"p1\"><a href=\"https:\/\/www.researchgate.net\/publication\/336775542_Evaluacion_de_la_vulnerabilidad_local_de_inundacion_en_enclaves_insulares_aridos_de_especializacion_turistica\"><span class=\"s1\">D\u00edaz-Pacheco, J., L\u00f3pez-D\u00edez, A., M\u00e1yer, P., Dorta, P. &amp; Yanes, A. (2019). Evaluaci\u00f3n de la vulnerabilidad local de inundaci\u00f3n en enclaves insulares \u00e1ridos de especializaci\u00f3n tur\u00edstica. En XXVI CONGRESO DE LA ASOCIACI\u00d3N ESPA\u00d1OLA DE GEOGRAF\u00cdA, Valencia, Espa\u00f1a.<\/span><\/a><\/p>\n<p class=\"p1\"><a href=\"https:\/\/www.mdpi.com\/2073-4433\/10\/12\/809\"><span class=\"s1\">L\u00f3pez-D\u00edez, A., M\u00e1yer Su\u00e1rez, P., D\u00edaz Pacheco, J., &amp; Dorta, P. (2019). Rainfall and Flooding in Coastal Tourist Areas of the Canary Islands (Spain). <i>Atmosphere<\/i>,&nbsp;<i>10<\/i>(12), 809.<\/span><\/a><\/p>\n[\/vc_column_text][divider line_type=\u00bbNo Line\u00bb custom_height=\u00bb30&#8243;][heading]2018[\/heading][vc_column_text]\n<p class=\"p1\"><a href=\"https:\/\/revistaidiem.uchile.cl\/index.php\/IG\/article\/view\/51333\"><span class=\"s1\">Pacheco, J. D., Hewitt, R., L\u00f3pez-D\u00edez, A., &amp; Antequera, P. D. (2018). Valoraci\u00f3n de Bases de Datos de Usos de Suelo para la localizaci\u00f3n y distribuci\u00f3n espacial de la energ\u00eda solar y e\u00f3lica en Espa\u00f1a.&nbsp;<i>Investigaciones Geogr\u00e1ficas<\/i>, (56), 114-137.<\/span><\/a><\/p>\n<p class=\"p1\"><a href=\"https:\/\/link.springer.com\/chapter\/10.1007\/978-3-319-60801-3_9\"><span class=\"s1\">D\u00edaz-Pacheco, J., Van Delden, H., &amp; Hewitt, R. (2018). The Importance of Scale in Land Use Models: Experiments in Data Conversion, Data Resampling, Resolution and Neighborhood Extent. In&nbsp;<i>Geomatic Approaches for Modeling Land Change Scenarios<\/i>&nbsp;(pp. 163-186). Springer, Cham.<\/span><\/a><\/p>\n<p class=\"p1\"><a href=\"http:\/\/revistaseug.ugr.es\/index.php\/cuadgeo\/article\/view\/5934\"><span class=\"s1\">Antequera, P. D., L\u00f3pez-D\u00edez, A., &amp; Pacheco, J. S. D. (2018). El calentamiento global en el Atl\u00e1ntico Norte Suroriental. El caso de Canarias. Estado de la cuesti\u00f3n y perspectivas de futuro.&nbsp;<i>Cuadernos Geogr\u00e1ficos<\/i>,&nbsp;<i>57<\/i>(2), 27-52.<\/span><\/a><\/p>\n<p class=\"p1\"><a href=\"https:\/\/dialnet.unirioja.es\/servlet\/articulo?codigo=6950411\"><span class=\"s1\">Su\u00e1rez, P. M., Pacheco, J. D., Cabrera, E. F., D\u00edez, A. L., Hern\u00e1ndez-Calvento, L., Luque, A. Y., &#8230; &amp; Fern\u00e1ndez-M\u00f3niz, P. (2018). A flood risk assessment model based on a multi-hazard approach for semiarid islands and coastal touristic regions. In&nbsp;<i>Proceedings of the SRA-E-Iberian Chapter (SRA-EI) Conference: Interdisciplinarity in practice and in research on society and the environment: Joint paths towards risk analysisJoint paths towards risk analysis<\/i>&nbsp;(pp. 45-46). Ediciones de la Universidad de Castilla-La Mancha.<\/span><\/a><\/p>\n<p class=\"p1\"><a href=\"https:\/\/www.researchgate.net\/profile\/Pedro_Dorta\/publication\/329786195_Debris_flow_triggering_on_Teide_stratovolcano_Tenerife_A_growing_process\/links\/5c1a813da6fdccfc70598f0a\/Debris-flow-triggering-on-Teide-stratovolcano-Tenerife-A-growing-process.pdf\"><span class=\"s1\">Criado, C., Dorta, P., Casanova, H., Gonz\u00e1lez-Reimers, E., Arnay, M., &amp; Soler, V. (2018). Debris flow triggering on Teide stratovolcano, Tenerife. A growing process?.&nbsp;<i>Cuaternario y Geomorfolog\u00eda<\/i>,&nbsp;<i>32<\/i>(3-4), 23-38.<\/span><\/a><\/p>\n<p class=\"p1\"><a href=\"http:\/\/repositorio.aemet.es\/handle\/20.500.11765\/9953\"><span class=\"s1\">L\u00f3pez-D\u00edez, A., Dorta, P., D\u00edaz Pacheco, J., &amp; Caraballo Acosta, O. (2018). Consecuencias de los eventos meteorol\u00f3gicos de rango extraordinario en Canarias: temporales de viento, inundaciones y fen\u00f3menos costeros (1996-2016). En EL CLIMA: AIRE, AGUA, TIERRA Y FUEGO. Publicaciones de la Asociaci\u00f3n Espa\u00f1ola de Climatolog\u00eda (AEC) Serie A, n\u00ba 11<\/span><\/a><\/p>\n<p class=\"p1\"><a href=\"https:\/\/www.mdpi.com\/2076-3263\/8\/8\/300\"><span class=\"s1\">Garrote, J., D\u00edez-Herrero, A., G\u00e9nova, M., Bodoque, J. M., Perucha, M. A., &amp; Mayer, P. L. (2018). Improving Flood Maps in Ungauged Fluvial Basins with Dendrogeomorphological Data. An Example from the Caldera de Taburiente National Park (Canary Islands, Spain).&nbsp;<i>Geosciences<\/i>,&nbsp;<i>8<\/i>(8), 300.<\/span><\/a><\/p>\n<p class=\"p1\"><a href=\"https:\/\/dialnet.unirioja.es\/servlet\/articulo?codigo=6950411\"><span class=\"s1\">Su\u00e1rez, P. M., Pacheco, J. D., Cabrera, E. F., L\u00f3pez-D\u00edez, A. L., Hern\u00e1ndez-Calvento, L., Luque, A. Y., Dorta, P &amp; Fern\u00e1ndez-M\u00f3niz, P. (2018). A flood risk assessment model based on a multi-hazard approach for semiarid islands and coastal touristic regions. In Proceedings of the SRA-E-Iberian Chapter (SRA-EI) Conference: Interdisciplinarity in practice and in research on society and the environment: Joint paths towards risk analysisJoint paths towards risk analysis (pp. 45-46). Ediciones de la Universidad de Castilla-La Mancha.<\/span><\/a><\/p>\n<p class=\"p1\"><a href=\"https:\/\/ruidera.uclm.es\/xmlui\/bitstream\/handle\/10578\/20012\/Proceedings%20SRA-E-Iberian%20Chapter%20Conference-Without%20Appendix.pdf?sequence=1&amp;isAllowed=y#page=47\"><span class=\"s1\">Mac\u00edas-Gonz\u00e1lez, F. J., P\u00e9rez-Chac\u00f3n-Espino, E., &amp; M\u00e1yer-Su\u00e1rez, P. (2018). Flood risk maps and urban design in tourist areas: A case study of the Puerto Rico-amadores residential area (Gran Canaria, Canary Islands, Spain). In&nbsp;<i>SRA-E-IBERIAN CHAPTER (SRA-EI) CONFERENCE<\/i>&nbsp;(p. 47).<\/span><\/a><\/p>\n<p class=\"p1\"><a href=\"https:\/\/www.mdpi.com\/2076-3263\/8\/1\/6\"><span class=\"s1\">Garrote, J., D\u00edez-Herrero, A., Bodoque, J. M., Perucha, M. A., Mayer, P. L., &amp; G\u00e9nova, M. (2018). Flood hazard management in public mountain recreation areas vs. ungauged fluvial basins. Case study of the Caldera de Taburiente National Park, Canary Islands (Spain).&nbsp;<i>Geosciences<\/i>,&nbsp;<i>8<\/i>(1), 6.<\/span><\/a><\/p>\n[\/vc_column_text][divider line_type=\u00bbNo Line\u00bb custom_height=\u00bb30&#8243;][heading]2017[\/heading][\/vc_column][\/vc_row][vc_row type=\u00bbin_container\u00bb full_screen_row_position=\u00bbmiddle\u00bb column_margin=\u00bbdefault\u00bb column_direction=\u00bbdefault\u00bb column_direction_tablet=\u00bbdefault\u00bb column_direction_phone=\u00bbdefault\u00bb scene_position=\u00bbcenter\u00bb text_color=\u00bbdark\u00bb text_align=\u00bbleft\u00bb row_border_radius=\u00bbnone\u00bb row_border_radius_applies=\u00bbbg\u00bb overflow=\u00bbvisible\u00bb overlay_strength=\u00bb0.3&#8243; gradient_direction=\u00bbleft_to_right\u00bb shape_divider_position=\u00bbbottom\u00bb bg_image_animation=\u00bbnone\u00bb][vc_column column_padding=\u00bbno-extra-padding\u00bb column_padding_tablet=\u00bbinherit\u00bb column_padding_phone=\u00bbinherit\u00bb column_padding_position=\u00bball\u00bb column_element_spacing=\u00bbdefault\u00bb background_color_opacity=\u00bb1&#8243; background_hover_color_opacity=\u00bb1&#8243; column_shadow=\u00bbnone\u00bb column_border_radius=\u00bbnone\u00bb column_link_target=\u00bb_self\u00bb column_position=\u00bbdefault\u00bb gradient_direction=\u00bbleft_to_right\u00bb overlay_strength=\u00bb0.3&#8243; width=\u00bb1\/1&#8243; tablet_width_inherit=\u00bbdefault\u00bb tablet_text_alignment=\u00bbdefault\u00bb phone_text_alignment=\u00bbdefault\u00bb animation_type=\u00bbdefault\u00bb bg_image_animation=\u00bbnone\u00bb border_type=\u00bbsimple\u00bb column_border_width=\u00bbnone\u00bb column_border_style=\u00bbsolid\u00bb][vc_column_text]\n<p class=\"p1\"><a href=\"https:\/\/www.sciencedirect.com\/science\/article\/pii\/S0198971516303271\"><span class=\"s1\">Hewitt, R., &amp; Diaz-Pacheco, J. (2017). Stable models for metastable systems? Lessons from sensitivity analysis of a Cellular Automata urban land use model.&nbsp;<i>Computers, Environment and Urban Systems<\/i>,&nbsp;<i>62<\/i>, 113-124.<\/span><\/a><\/p>\n<p class=\"p1\"><a href=\"https:\/\/doi.org\/10.15366\/ntc.2017\"><span class=\"s1\">D\u00edaz-Pacheco, J., L\u00f3pez-D\u00edez, A. &amp; Dorta, P. (2017). La evaluaci\u00f3n local del riesgo participativa (ELRP) como instrumento de apoyo a los procesos de adaptaci\u00f3n al cambio clim\u00e1tico. En XXV Congreso de la Asociaci\u00f3n de Ge\u00f3grafos Espa\u00f1oles. 627-636.<\/span><\/a><\/p>\n<p class=\"p1\"><a href=\"https:\/\/doi.org\/10.15366\/ntc.2017\"><span class=\"s1\">L\u00f3pez-D\u00edez, A., Dorta, P., D\u00edaz-Pacheco, J. &amp; B\u00e1ez, J. (2017). Precipitaciones estivales en Canarias. En XXV Congreso de la Asociaci\u00f3n de Ge\u00f3grafos Espa\u00f1oles. 2735-2736.<\/span><\/a><\/p>\n<p class=\"p1\"><a href=\"https:\/\/reunido.uniovi.es\/index.php\/RCG\/article\/view\/11154\/10996\"><span class=\"s1\">Criado-Hern\u00e1ndez, C., Moreno-Medina, C., &amp; Dorta-Antequera, P. (2017). Another image of the desert. The climate of the former Spanish Sahara between 1882 to 1890.&nbsp;<i>ERIA-REVISTA CUATRIMESTRAL DE GEOGRAFIA<\/i>,&nbsp;<i>37<\/i>(1), 5-19.<\/span><\/a><\/p>\n<p class=\"p1\"><a href=\"http:\/\/search.proquest.com\/openview\/f722e24bb0b0d7673c601549b46d29f6\/1?pq-origsite=gscholar&amp;cbl=2046322\"><span class=\"s1\">B\u00e1ez, J. \u00c1. R., Luque, A. Y., &amp; Antequera, P. D. (2017). Determining and distinguishing sea storms and coastal flood wave overtopping in San Andr\u00e9s, NE of Tenerife (1984-2014).&nbsp;<i>Investigaciones Geogr\u00e1ficas<\/i>, (68), 95.<\/span><\/a><\/p>\n<p class=\"p1\"><a href=\"https:\/\/dialnet.unirioja.es\/servlet\/articulo?codigo=7038944\"><span class=\"s1\">Antequera, P. J. D., L\u00f3pez-D\u00edez, A.<b>,<\/b> &amp; D\u00edaz, J. (2017). Algunos fen\u00f3menos meteorol\u00f3gicos extremos en Canarias. En&nbsp;<i>Canarias ins\u00f3lita: bestias, fen\u00f3menos y calamidades<\/i>&nbsp;(107-121). Editorial Herques.<\/span><\/a><\/p>\n<p class=\"p1\"><a href=\"https:\/\/publicaciones.unirioja.es\/ojs\/index.php\/cig\/article\/view\/3095\"><span class=\"s1\">M\u00e1yer, P., Marzol, M. V., &amp; Parre\u00f1o, J. M. (2017). Precipitation trends and a daily precipitation concentration index for the mid-Eastern Atlantic (Canary Islands, Spain).&nbsp;<i>Cuadernos de Investigaci\u00f3n Geogr\u00e1fica<\/i>,&nbsp;<i>43<\/i>(1), 255-268.<\/span><\/a><\/p>\n[\/vc_column_text][divider line_type=\u00bbNo Line\u00bb custom_height=\u00bb30&#8243;][heading]2016[\/heading][vc_column_text]\n<p class=\"p1\"><a href=\"https:\/\/www.sciencedirect.com\/science\/article\/pii\/S0960148115305085\"><span class=\"s1\">Alonso, P. M., Hewitt, R., Pacheco, J. D., Bermejo, L. R., Jim\u00e9nez, V. H., Guill\u00e9n, J. V., &#8230; &amp; de Boer, C. (2016). Losing the roadmap: Renewable energy paralysis in Spain and its implications for the EU low carbon economy.&nbsp;<i>Renewable energy<\/i>,&nbsp;<i>89<\/i>, 680-694.<\/span><\/a><\/p>\n<p class=\"p1\"><a href=\"http:\/\/repositorio.aemet.es\/handle\/20.500.11765\/7995\"><span class=\"s1\">L\u00f3pez-D\u00edez, A., Dorta, P., Febles, M., &amp; D\u00edaz Pacheco, J. (2016). Los procesos de adaptaci\u00f3n al cambio clim\u00e1tico en espacios insulares: el caso de Canarias. En Clima, sociedad, riesgos y ordenaci\u00f3n del territorio. Alicante: Instituto Interuniversitario de Geograf\u00eda, Universidad de Alicante; 535-545.<\/span><\/a><\/p>\n<p class=\"p1\"><a href=\"http:\/\/igbp-scor.pages.unibe.ch\/products\/latest\/7409-climate-human-impact-macaronesia\"><span class=\"s1\">Fern\u00e1ndez-Palacios, J. M., Nogu\u00e9, S., Criado, C., Connor, S., G\u00f3is-Marques, C., Sequeira, M., &amp; de Nascimento, L. (2016). Climate change and human impact in Macaronesia.&nbsp;<i>PAGES Magazine<\/i>,&nbsp;<i>24<\/i>, 68-69.<\/span><\/a><\/p>\n<p class=\"p1\"><a href=\"https:\/\/dialnet.unirioja.es\/servlet\/articulo?codigo=6206270\"><span class=\"s1\">Ruiz, C. R. (2016). Historias de volcanes. Isla de El Hierro. In&nbsp;<i>Temas y lugares [Recurso electr\u00f3nico]: homenaje a Eduardo Mart\u00ednez de Pis\u00f3n<\/i>&nbsp;(pp. 397-444). Universidad de La Laguna.<\/span><\/a><\/p>\n<p class=\"p1\"><a href=\"http:\/\/rua.ua.es\/dspace\/handle\/10045\/58030\"><span class=\"s1\">M\u00e1yer Su\u00e1rez, P., Marzol Ja\u00e9n, M. V., Heriberto Lorenzo, J., D\u00edez-Herreo, A., G\u00e9nova Fuster, M., &amp; Saz, M. \u00c1. (2016). An\u00e1lisis de los episodios de lluvia torrencial en el Parque Nacional de la Caldera de Taburiente (La Palma, Islas Canarias, Espa\u00f1a).<\/span><\/a><\/p>\n[\/vc_column_text][divider line_type=\u00bbNo Line\u00bb custom_height=\u00bb30&#8243;][heading]2015[\/heading][vc_column_text]\n<p class=\"p1\"><a href=\"https:\/\/energsustainsoc.biomedcentral.com\/articles\/10.1186\/s13705-015-0059-3\"><span class=\"s1\">de Boer, C., Hewitt, R., Bressers, H., Alonso, P. M., Jim\u00e9nez, V. H., Pacheco, J. D., &amp; Bermejo, L. R. (2015). Local power and land use: spatial implications for local energy development.&nbsp;<i>Energy, sustainability and society<\/i>,&nbsp;<i>5<\/i>(1), 1-8.<\/span><\/a><\/p>\n<p class=\"p1\"><a href=\"http:\/\/congresoage.unizar.es\/eBook\/trabajos\/182_Lopez%20Diez.pdf\"><span class=\"s1\">L\u00f3pez-D\u00edez, A., Antequera, P. D., Ruiz, M. C. R., &amp; D\u00edaz-Pacheco, J.. (2014) Movimientos de ladera en Canarias. El caso del Macizo de Anaga en el temporal de febrero de 2010. En An\u00e1lisis espacial y representaci\u00f3n geogr\u00e1fica: innovaci\u00f3n y aplicaci\u00f3n. XXIV Congreso de la Asociaci\u00f3n de Ge\u00f3grafos Espa\u00f1oles. Universidad de Zaragoza, 1725-1734.<\/span><\/a><\/p>\n<p class=\"p1\"><a href=\"http:\/\/search.proquest.com\/openview\/12efcb68f2c8dc2eb13e0541c0679272\/1?pq-origsite=gscholar&amp;cbl=2046322\"><span class=\"s1\">Ruiz, C. R., &amp; Yanes, E. B. (2015). The impact of lava flows of 1706 in the city of Garachico.(Tenerife, Canary Islands, Spain).&nbsp;<i>Investigaciones Geogr\u00e1ficas<\/i>, (63), 99.<\/span><\/a><\/p>\n<p class=\"p1\"><a href=\"https:\/\/www.sciencedirect.com\/science\/article\/pii\/S034181621500082X\"><span class=\"s1\">G\u00e9nova, M., M\u00e1yer, P., Ballesteros-C\u00e1novas, J., Rubiales, J. M., Saz, M. A., &amp; D\u00edez-Herrero, A. (2015). Multidisciplinary study of flash floods in the Caldera de Taburiente National Park (Canary Islands, Spain).&nbsp;<i>Catena<\/i>,&nbsp;<i>131<\/i>, 22-34.<\/span><\/a><\/p>\n[\/vc_column_text][divider line_type=\u00bbNo Line\u00bb custom_height=\u00bb30&#8243;][heading]2014[\/heading][vc_column_text]\n<p class=\"p1\"><a href=\"https:\/\/www.tandfonline.com\/doi\/abs\/10.1080\/17445647.2014.882798\"><span class=\"s1\">D\u00edaz-Pacheco, J., &amp; Garc\u00eda-Palomares, J. C. (2014). A highly detailed land-use vector map for Madrid region based on photo-interpretation.&nbsp;<i>Journal of Maps<\/i>,&nbsp;<i>10<\/i>(3), 424-433.<\/span><\/a><\/p>\n<p class=\"p1\"><a href=\"https:\/\/www.tandfonline.com\/doi\/abs\/10.1080\/1747423X.2012.761736\"><span class=\"s1\">Diaz-Pacheco, J., &amp; Guti\u00e9rrez, J. (2014). Exploring the limitations of CORINE Land Cover for monitoring urban land-use dynamics in metropolitan areas.&nbsp;<i>Journal of Land Use Science<\/i>,&nbsp;<i>9<\/i>(3), 243-259.<\/span><\/a><\/p>\n<p class=\"p1\"><a href=\"https:\/\/www.narcis.nl\/publication\/RecordID\/oai:ris.utwente.nl:publications%2Fc97e9947-cd5a-41d3-90ca-b3e40f1941d7\"><span class=\"s1\">Hewitt, R., Alonso, P. M., Jim\u00e9nez, V. H., Bermejo, L. R., Pacheco, J. D., Boer, C. L., &amp; Bressers, J. T. (2014). Renewable energy policy implementation in Spain from a territorial perspective.<\/span><\/a><\/p>\n<p class=\"p1\"><a href=\"https:\/\/research.utwente.nl\/en\/publications\/relationship-between-local-energy-initiative-development-and-land\"><span class=\"s1\">Boer, C. L., Bressers, J. T., Alonso, P. M., Hewitt, R., Jim\u00e9nez, V. H., Pacheco, J. D., &amp; Bermejo, L. R. (2014, April). Relationship between local energy initiative development and land use in two European regions. In&nbsp;<i>ESEIA-IGS Conference Smart and Green Transitions in Cities\/Regions 2014<\/i>.<\/span><\/a><\/p>\n<p class=\"p1\"><a href=\"http:\/\/geofocus.rediris.es\/2014\/Articulo1_2014.pdf\"><span class=\"s1\">D\u00edaz-Pacheco, J., &amp; Hewitt, R. (2014). Modelado de cambios de usos de suelo urbano a trav\u00e9s de redes neuronales artificiales. Comparaci\u00f3n con dos aplicaciones de software.&nbsp;<i>GeoFocus. Revista Internacional de Ciencia y Tecnolog\u00eda de la Informaci\u00f3n Geogr\u00e1fica<\/i>, (14), 1-22.<\/span><\/a><\/p>\n<p class=\"p1\"><a href=\"https:\/\/www.hindawi.com\/journals\/usr\/2014\/807381\/abs\/\"><span class=\"s1\">D\u00edaz-Pacheco, J., &amp; Garc\u00eda-Palomares, J. C. (2014). Urban sprawl in the Mediterranean urban regions in Europe and the crisis effect on the urban land development: Madrid as study case.&nbsp;<i>Urban Studies Research<\/i>,&nbsp;<i>2014<\/i>.<\/span><\/a><\/p>\n<p class=\"p1\"><a href=\"https:\/\/academic.oup.com\/gji\/article-abstract\/199\/3\/1739\/614022\"><span class=\"s1\">Garc\u00eda-Yeguas, A., Ib\u00e1nez, J. M., Koulakov, I., Jakovlev, A., Romero-Ruiz, M. C., &amp; Prudencio, J. (2014). Seismic tomography model reveals mantle magma sources of recent volcanic activity at El Hierro Island (Canary Islands, Spain).&nbsp;<i>Geophysical Journal International<\/i>,&nbsp;<i>199<\/i>(3), 1739-1750.<\/span><\/a><\/p>\n<p class=\"p1\"><a href=\"http:\/\/oa.upm.es\/id\/eprint\/37170\/contents\"><span class=\"s1\">Saz-S\u00e1nchez, M., D\u00edez-Herrero, A., G\u00e9nova, M., Mayer, P., Ballesteros, J., Rubiales, J., &#8230; &amp; Ruiz-Villanueva, V. (2014). Flood Hazard Analysis in the\u201d Caldera de Taburiente\u201d National Park (La Palma, Canary Islands, Spain) using Dendrogeomorphology.<\/span><\/a><\/p>\n<p class=\"p1\"><a href=\"http:\/\/bage.age-geografia.es\/ojs\/index.php\/bage\/article\/viewFile\/1769\/1685\"><span class=\"s1\">Su\u00e1rez, P. M., &amp; Ja\u00e9n, M. V. M. (2014). Daily precipitation concentration and the rainy spells in the Canary islands: two risk factors.&nbsp;<i>Bolet\u00edn de la Asociaci\u00f3n de ge\u00f3grafos Espa\u00f1oles<\/i>, (65).<\/span><\/a><\/p>\n<p class=\"p1\"><a href=\"http:\/\/repositorio.aemet.es\/handle\/20.500.11765\/8197\"><span class=\"s1\">Mayer, P., &amp; Marzol Ja\u00e9n, M. (2014). An\u00e1lisis de las temperaturas extremas en las islas canarias y su relaci\u00f3n con los avisos de alertas meteorol\u00f3gicas.&nbsp;<i>Publicaciones de la Asociaci\u00f3n Espa\u00f1ola de Climatolog\u00eda. Serie A; 9<\/i>.<\/span><\/a><\/p>\n<p class=\"p1\"><span class=\"s1\">Mart\u00edn, S., Dorta, P., D\u00edaz-Pacheco, J. &amp; <b>L\u00f3pez D\u00edez, A<\/b>. (2014). La evaluaci\u00f3n de riesgos participativa en el planeamiento local para la reducci\u00f3n del riesgo de desastres. En III International Congress, I Ibero-American Symposium, VIII National Meeting of Risks \u201cMultidimension and Territories of Risk\u201d, Universidad de Coimbra.<\/span><\/p>\n[\/vc_column_text][divider line_type=\u00bbNo Line\u00bb custom_height=\u00bb30&#8243;][\/vc_column][\/vc_row]\n","protected":false},"excerpt":{"rendered":"<p>[vc_row type=\u00bbin_container\u00bb full_screen_row_position=\u00bbmiddle\u00bb column_margin=\u00bbdefault\u00bb column_direction=\u00bbdefault\u00bb column_direction_tablet=\u00bbdefault\u00bb column_direction_phone=\u00bbdefault\u00bb scene_position=\u00bbcenter\u00bb text_color=\u00bbdark\u00bb text_align=\u00bbleft\u00bb row_border_radius=\u00bbnone\u00bb row_border_radius_applies=\u00bbbg\u00bb overflow=\u00bbvisible\u00bb overlay_strength=\u00bb0.3&#8243; gradient_direction=\u00bbleft_to_right\u00bb shape_divider_position=\u00bbbottom\u00bb bg_image_animation=\u00bbnone\u00bb][vc_column column_padding=\u00bbno-extra-padding\u00bb column_padding_tablet=\u00bbinherit\u00bb column_padding_phone=\u00bbinherit\u00bb column_padding_position=\u00bball\u00bb column_element_spacing=\u00bbdefault\u00bb background_color_opacity=\u00bb1&#8243; background_hover_color_opacity=\u00bb1&#8243; column_shadow=\u00bbnone\u00bb column_border_radius=\u00bbnone\u00bb column_link_target=\u00bb_self\u00bb column_position=\u00bbdefault\u00bb gradient_direction=\u00bbleft_to_right\u00bb overlay_strength=\u00bb0.3&#8243;&#8230;<\/p>\n","protected":false},"author":102,"featured_media":0,"parent":0,"menu_order":0,"comment_status":"closed","ping_status":"closed","template":"","meta":{"ngg_post_thumbnail":0,"footnotes":""},"class_list":["post-407","page","type-page","status-publish"],"_links":{"self":[{"href":"https:\/\/wp.ull.es\/resiliencia\/wp-json\/wp\/v2\/pages\/407","targetHints":{"allow":["GET"]}}],"collection":[{"href":"https:\/\/wp.ull.es\/resiliencia\/wp-json\/wp\/v2\/pages"}],"about":[{"href":"https:\/\/wp.ull.es\/resiliencia\/wp-json\/wp\/v2\/types\/page"}],"author":[{"embeddable":true,"href":"https:\/\/wp.ull.es\/resiliencia\/wp-json\/wp\/v2\/users\/102"}],"replies":[{"embeddable":true,"href":"https:\/\/wp.ull.es\/resiliencia\/wp-json\/wp\/v2\/comments?post=407"}],"version-history":[{"count":3,"href":"https:\/\/wp.ull.es\/resiliencia\/wp-json\/wp\/v2\/pages\/407\/revisions"}],"predecessor-version":[{"id":553,"href":"https:\/\/wp.ull.es\/resiliencia\/wp-json\/wp\/v2\/pages\/407\/revisions\/553"}],"wp:attachment":[{"href":"https:\/\/wp.ull.es\/resiliencia\/wp-json\/wp\/v2\/media?parent=407"}],"curies":[{"name":"wp","href":"https:\/\/api.w.org\/{rel}","templated":true}]}}