{"id":328,"date":"2020-01-22T17:49:58","date_gmt":"2020-01-22T17:49:58","guid":{"rendered":"https:\/\/wp.ull.es\/resiliencia\/?page_id=328"},"modified":"2020-04-09T18:38:23","modified_gmt":"2020-04-09T18:38:23","slug":"actividad","status":"publish","type":"page","link":"https:\/\/wp.ull.es\/resiliencia\/actividad\/","title":{"rendered":"Actividad"},"content":{"rendered":"[vc_row type=\u00bbfull_width_content\u00bb full_screen_row_position=\u00bbmiddle\u00bb column_margin=\u00bbdefault\u00bb bg_color=\u00bb#f9f7f5&#8243; scene_position=\u00bbcenter\u00bb text_color=\u00bbdark\u00bb text_align=\u00bbleft\u00bb bottom_padding=\u00bb5%\u00bb id=\u00bbservices\u00bb overlay_strength=\u00bb0.3&#8243; shape_divider_position=\u00bbbottom\u00bb bg_image_animation=\u00bbnone\u00bb][vc_column column_padding=\u00bbpadding-4-percent\u00bb column_padding_position=\u00bball\u00bb background_color_opacity=\u00bb1&#8243; background_hover_color_opacity=\u00bb1&#8243; column_link_target=\u00bb_self\u00bb column_shadow=\u00bbnone\u00bb column_border_radius=\u00bbnone\u00bb bottom_margin=\u00bb20&#8243; width=\u00bb1\/1&#8243; tablet_width_inherit=\u00bbdefault\u00bb tablet_text_alignment=\u00bbdefault\u00bb phone_text_alignment=\u00bbdefault\u00bb overlay_strength=\u00bb0.3&#8243; column_border_width=\u00bbnone\u00bb column_border_style=\u00bbsolid\u00bb bg_image_animation=\u00bbnone\u00bb][vc_row_inner column_margin=\u00bbdefault\u00bb text_align=\u00bbleft\u00bb][vc_column_inner column_padding=\u00bbpadding-1-percent\u00bb column_padding_position=\u00bball\u00bb background_color_opacity=\u00bb1&#8243; background_hover_color_opacity=\u00bb1&#8243; column_shadow=\u00bbnone\u00bb column_border_radius=\u00bbnone\u00bb column_link_target=\u00bb_self\u00bb width=\u00bb1\/3&#8243; tablet_width_inherit=\u00bbdefault\u00bb overlay_strength=\u00bb0.3&#8243; column_border_width=\u00bbnone\u00bb column_border_style=\u00bbsolid\u00bb bg_image_animation=\u00bbnone\u00bb enable_animation=\u00bbtrue\u00bb animation=\u00bbgrow-in\u00bb offset=\u00bbvc_col-lg-4 vc_col-md-12&#8243;][nectar_flip_box image_url_1=\u00bb347&#8243; bg_color=\u00bb#0a0a0a\u00bb bg_color_overlay=\u00bbtrue\u00bb text_color=\u00bblight\u00bb icon_family=\u00bbiconsmind\u00bb icon_color=\u00bbextra-color-3&#8243; bg_color_2=\u00bb#8e8e8e\u00bb text_color_2=\u00bblight\u00bb h_text_align=\u00bbcenter\u00bb v_text_align=\u00bbcenter\u00bb image_loading=\u00bbdefault\u00bb flip_direction=\u00bbhorizontal-to-left\u00bb front_content=\u00bb<\/p>\n<h3>Producci\u00f3n<br \/>\n<i>cient\u00edfica<\/i><\/h3>\n<p>\u00bb min_height=\u00bb400&#8243; icon_iconsmind=\u00bbiconsmind-Telescope\u00bb]Nuestro equipo de especialistas cuenta con una amplia bibliograf\u00eda en el \u00e1mbito de estudio de la C\u00e1tedra CRRD<\/p>\n<hr>\n<p><a href=\"https:\/\/wp.ull.es\/resiliencia\/produccion_cientifica\/\">Ver producci\u00f3n cient\u00edfica de la C\u00e1tedra<\/a>[\/nectar_flip_box][\/vc_column_inner][vc_column_inner column_padding=\u00bbpadding-1-percent\u00bb column_padding_position=\u00bball\u00bb background_color_opacity=\u00bb1&#8243; background_hover_color_opacity=\u00bb1&#8243; column_shadow=\u00bbnone\u00bb column_border_radius=\u00bbnone\u00bb column_link_target=\u00bb_self\u00bb width=\u00bb1\/3&#8243; tablet_width_inherit=\u00bbdefault\u00bb overlay_strength=\u00bb0.3&#8243; column_border_width=\u00bbnone\u00bb column_border_style=\u00bbsolid\u00bb bg_image_animation=\u00bbnone\u00bb enable_animation=\u00bbtrue\u00bb animation=\u00bbgrow-in\u00bb offset=\u00bbvc_col-lg-4 vc_col-md-12&#8243;][nectar_flip_box image_url_1=\u00bb349&#8243; bg_color=\u00bb#0a0a0a\u00bb bg_color_overlay=\u00bbtrue\u00bb text_color=\u00bblight\u00bb icon_family=\u00bbiconsmind\u00bb icon_color=\u00bbextra-color-3&#8243; bg_color_2=\u00bb#8e8e8e\u00bb text_color_2=\u00bblight\u00bb h_text_align=\u00bbcenter\u00bb v_text_align=\u00bbcenter\u00bb image_loading=\u00bbdefault\u00bb flip_direction=\u00bbhorizontal-to-left\u00bb front_content=\u00bb<\/p>\n<h3>Formaci\u00f3n<br \/>\n<i><\/i><\/h3>\n<p>\u00bb icon_iconsmind=\u00bbiconsmind-Student-Hat2&#8243; min_height=\u00bb400&#8243;]<span style=\"font-weight: 400;\">La c\u00e1tedra de Reducci\u00f3n de Riesgos de Desastre y Ciudades Resilientes posee una amplia experiencia docente<\/span><\/p>\n<hr>\n<p><a href=\"https:\/\/wp.ull.es\/resiliencia\/formacion\">Ver experiencia docente de la C\u00e1tedra<\/a>[\/nectar_flip_box][\/vc_column_inner][vc_column_inner column_padding=\u00bbpadding-1-percent\u00bb column_padding_position=\u00bball\u00bb background_color_opacity=\u00bb1&#8243; background_hover_color_opacity=\u00bb1&#8243; column_shadow=\u00bbnone\u00bb column_border_radius=\u00bbnone\u00bb column_link_target=\u00bb_self\u00bb width=\u00bb1\/3&#8243; tablet_width_inherit=\u00bbdefault\u00bb overlay_strength=\u00bb0.3&#8243; column_border_width=\u00bbnone\u00bb column_border_style=\u00bbsolid\u00bb bg_image_animation=\u00bbnone\u00bb enable_animation=\u00bbtrue\u00bb animation=\u00bbgrow-in\u00bb offset=\u00bbvc_col-lg-4 vc_col-md-12&#8243;][nectar_flip_box image_url_1=\u00bb352&#8243; bg_color=\u00bb#0a0a0a\u00bb bg_color_overlay=\u00bbtrue\u00bb text_color=\u00bblight\u00bb icon_family=\u00bbiconsmind\u00bb icon_color=\u00bbextra-color-3&#8243; bg_color_2=\u00bb#8e8e8e\u00bb text_color_2=\u00bblight\u00bb h_text_align=\u00bbcenter\u00bb v_text_align=\u00bbcenter\u00bb image_loading=\u00bbdefault\u00bb flip_direction=\u00bbhorizontal-to-left\u00bb front_content=\u00bb<\/p>\n<h3>Transferencia y<br \/>\n<i>proyectos de investigaci\u00f3n<\/i><\/h3>\n<p>\u00bb icon_iconsmind=\u00bbiconsmind-Internet\u00bb min_height=\u00bb400&#8243;]<span style=\"font-weight: 400;\">Una de las principales vocaciones de la c\u00e1tedra es la transferencia de resultados combinada con la investigaci\u00f3n<\/span><\/p>\n<hr>\n<p><a href=\"https:\/\/wp.ull.es\/resiliencia\/transferencia\/\">Ver la transferencia y los proyectos de investigaci\u00f3n de la C\u00e1tedra<\/a><\/p>\n<p>&nbsp;[\/nectar_flip_box][\/vc_column_inner][\/vc_row_inner][vc_row_inner column_margin=\u00bbdefault\u00bb text_align=\u00bbleft\u00bb][vc_column_inner column_padding=\u00bbpadding-1-percent\u00bb column_padding_position=\u00bball\u00bb background_color_opacity=\u00bb1&#8243; background_hover_color_opacity=\u00bb1&#8243; column_shadow=\u00bbnone\u00bb column_border_radius=\u00bbnone\u00bb column_link_target=\u00bb_self\u00bb width=\u00bb1\/3&#8243; tablet_width_inherit=\u00bbdefault\u00bb overlay_strength=\u00bb0.3&#8243; column_border_width=\u00bbnone\u00bb column_border_style=\u00bbsolid\u00bb bg_image_animation=\u00bbnone\u00bb enable_animation=\u00bbtrue\u00bb animation=\u00bbgrow-in\u00bb offset=\u00bbvc_col-lg-4 vc_col-md-12&#8243;][nectar_flip_box image_url_1=\u00bb421&#8243; bg_color=\u00bb#0a0a0a\u00bb bg_color_overlay=\u00bbtrue\u00bb text_color=\u00bblight\u00bb icon_family=\u00bbiconsmind\u00bb icon_color=\u00bbextra-color-3&#8243; bg_color_2=\u00bb#8e8e8e\u00bb text_color_2=\u00bblight\u00bb h_text_align=\u00bbcenter\u00bb v_text_align=\u00bbcenter\u00bb image_loading=\u00bbdefault\u00bb flip_direction=\u00bbhorizontal-to-left\u00bb front_content=\u00bb<\/p>\n<h3>Divulgaci\u00f3n<br \/>\n<i>cient\u00edfica<\/i><\/h3>\n<p>\u00bb icon_iconsmind=\u00bbiconsmind-Idea-3&#8243; min_height=\u00bb400&#8243;]<span style=\"font-weight: 400;\">Las actividades divulgativas conforman un pilar esencial<\/span><\/p>\n<hr>\n<p><a href=\"https:\/\/wp.ull.es\/resiliencia\/divulgacion\/\">Ver las acciones de divulgaci\u00f3n cient\u00edfica de la C\u00e1tedra<\/a><\/p>\n<p>&nbsp;[\/nectar_flip_box][\/vc_column_inner][vc_column_inner column_padding=\u00bbpadding-1-percent\u00bb column_padding_position=\u00bball\u00bb background_color_opacity=\u00bb1&#8243; background_hover_color_opacity=\u00bb1&#8243; column_shadow=\u00bbnone\u00bb column_border_radius=\u00bbnone\u00bb column_link_target=\u00bb_self\u00bb width=\u00bb1\/3&#8243; tablet_width_inherit=\u00bbdefault\u00bb overlay_strength=\u00bb0.3&#8243; column_border_width=\u00bbnone\u00bb column_border_style=\u00bbsolid\u00bb bg_image_animation=\u00bbnone\u00bb enable_animation=\u00bbtrue\u00bb animation=\u00bbgrow-in\u00bb offset=\u00bbvc_col-lg-4 vc_col-md-12&#8243;][nectar_flip_box image_url_1=\u00bbhttps:\/\/source.unsplash.com\/collection\/317099\/daily\u00bb bg_color=\u00bb#0a0a0a\u00bb bg_color_overlay=\u00bbtrue\u00bb text_color=\u00bblight\u00bb icon_family=\u00bbiconsmind\u00bb icon_color=\u00bbextra-color-3&#8243; bg_color_2=\u00bb#8e8e8e\u00bb text_color_2=\u00bblight\u00bb h_text_align=\u00bbcenter\u00bb v_text_align=\u00bbcenter\u00bb image_loading=\u00bbdefault\u00bb flip_direction=\u00bbhorizontal-to-left\u00bb front_content=\u00bb<\/p>\n<h3>Ciudades<br \/>\n<i>Resilientes<\/i><\/h3>\n<p>\u00bb icon_iconsmind=\u00bbiconsmind-The-WhiteHouse\u00bb min_height=\u00bb400&#8243;]La Campa\u00f1a Mundial \u201cDesarrollando Ciudades Resilientes\u201d aborda temas de gobernabilidad local y riesgo urbano con el objetivo de ayudar a los gobiernos locales a reducir el riesgo y aumentar la resiliencia en el \u00e1mbito urbano a trav\u00e9s de la aplicaci\u00f3n del Marco de Sendai para la Reducci\u00f3n del Riesgo de Desastres 2015-2030<\/p>\n<hr>\n<p><a href=\"https:\/\/www.eird.org\/camp-10-15\/sobrecampana.html\" target=\"_blank\" rel=\"noopener noreferrer\">Enlace a web de la campa\u00f1a<\/a>[\/nectar_flip_box][\/vc_column_inner][vc_column_inner column_padding=\u00bbpadding-1-percent\u00bb column_padding_position=\u00bball\u00bb background_color_opacity=\u00bb1&#8243; background_hover_color_opacity=\u00bb1&#8243; column_shadow=\u00bbnone\u00bb column_border_radius=\u00bbnone\u00bb column_link_target=\u00bb_self\u00bb width=\u00bb1\/3&#8243; tablet_width_inherit=\u00bbdefault\u00bb overlay_strength=\u00bb0.3&#8243; column_border_width=\u00bbnone\u00bb column_border_style=\u00bbsolid\u00bb bg_image_animation=\u00bbnone\u00bb enable_animation=\u00bbtrue\u00bb animation=\u00bbgrow-in\u00bb offset=\u00bbvc_col-lg-4 vc_col-md-12&#8243;][nectar_flip_box image_url_1=\u00bb402&#8243; bg_color=\u00bb#0a0a0a\u00bb bg_color_overlay=\u00bbtrue\u00bb text_color=\u00bblight\u00bb icon_family=\u00bbiconsmind\u00bb icon_color=\u00bbextra-color-3&#8243; bg_color_2=\u00bb#8e8e8e\u00bb text_color_2=\u00bblight\u00bb h_text_align=\u00bbcenter\u00bb v_text_align=\u00bbcenter\u00bb image_loading=\u00bbdefault\u00bb flip_direction=\u00bbhorizontal-to-left\u00bb front_content=\u00bb<\/p>\n<h3>Presencia en<i>Medios<\/i><\/h3>\n<p>\u00bb icon_iconsmind=\u00bbiconsmind-Love-Window\u00bb min_height=\u00bb400&#8243;]<span style=\"font-weight: 400;\">Uno de los principales objetivos de la c\u00e1tedra es la divulgaci\u00f3n, por tanto, la presencia en los medios es importante<\/span><\/p>\n<hr>\n<p><a href=\"https:\/\/wp.ull.es\/resiliencia\/medios\/\">Ver la presencia en medios de comunicaci\u00f3n de la C\u00e1tedra<\/a><\/p>\n<p>&nbsp;[\/nectar_flip_box][\/vc_column_inner][\/vc_row_inner][\/vc_column][\/vc_row]\n","protected":false},"excerpt":{"rendered":"<p>[vc_row type=\u00bbfull_width_content\u00bb full_screen_row_position=\u00bbmiddle\u00bb column_margin=\u00bbdefault\u00bb bg_color=\u00bb#f9f7f5&#8243; scene_position=\u00bbcenter\u00bb text_color=\u00bbdark\u00bb text_align=\u00bbleft\u00bb bottom_padding=\u00bb5%\u00bb id=\u00bbservices\u00bb overlay_strength=\u00bb0.3&#8243; shape_divider_position=\u00bbbottom\u00bb bg_image_animation=\u00bbnone\u00bb][vc_column column_padding=\u00bbpadding-4-percent\u00bb column_padding_position=\u00bball\u00bb background_color_opacity=\u00bb1&#8243; background_hover_color_opacity=\u00bb1&#8243; column_link_target=\u00bb_self\u00bb column_shadow=\u00bbnone\u00bb column_border_radius=\u00bbnone\u00bb bottom_margin=\u00bb20&#8243; width=\u00bb1\/1&#8243; tablet_width_inherit=\u00bbdefault\u00bb tablet_text_alignment=\u00bbdefault\u00bb phone_text_alignment=\u00bbdefault\u00bb overlay_strength=\u00bb0.3&#8243; column_border_width=\u00bbnone\u00bb column_border_style=\u00bbsolid\u00bb bg_image_animation=\u00bbnone\u00bb][vc_row_inner column_margin=\u00bbdefault\u00bb&#8230;<\/p>\n","protected":false},"author":102,"featured_media":0,"parent":0,"menu_order":0,"comment_status":"closed","ping_status":"closed","template":"","meta":{"ngg_post_thumbnail":0,"footnotes":""},"class_list":["post-328","page","type-page","status-publish"],"_links":{"self":[{"href":"https:\/\/wp.ull.es\/resiliencia\/wp-json\/wp\/v2\/pages\/328","targetHints":{"allow":["GET"]}}],"collection":[{"href":"https:\/\/wp.ull.es\/resiliencia\/wp-json\/wp\/v2\/pages"}],"about":[{"href":"https:\/\/wp.ull.es\/resiliencia\/wp-json\/wp\/v2\/types\/page"}],"author":[{"embeddable":true,"href":"https:\/\/wp.ull.es\/resiliencia\/wp-json\/wp\/v2\/users\/102"}],"replies":[{"embeddable":true,"href":"https:\/\/wp.ull.es\/resiliencia\/wp-json\/wp\/v2\/comments?post=328"}],"version-history":[{"count":3,"href":"https:\/\/wp.ull.es\/resiliencia\/wp-json\/wp\/v2\/pages\/328\/revisions"}],"predecessor-version":[{"id":464,"href":"https:\/\/wp.ull.es\/resiliencia\/wp-json\/wp\/v2\/pages\/328\/revisions\/464"}],"wp:attachment":[{"href":"https:\/\/wp.ull.es\/resiliencia\/wp-json\/wp\/v2\/media?parent=328"}],"curies":[{"name":"wp","href":"https:\/\/api.w.org\/{rel}","templated":true}]}}