{"id":1144,"date":"2021-02-10T06:35:53","date_gmt":"2021-02-10T06:35:53","guid":{"rendered":"https:\/\/zakra-job-portal.sites.qsandbox.com\/?page_id=29"},"modified":"2023-04-11T14:00:54","modified_gmt":"2023-04-11T14:00:54","slug":"las-jornadas","status":"publish","type":"page","link":"https:\/\/wp.ull.es\/jute2023\/las-jornadas\/","title":{"rendered":"Las jornadas"},"content":{"rendered":"\t\t<div data-elementor-type=\"wp-page\" data-elementor-id=\"1144\" class=\"elementor elementor-1144\">\n\t\t\t\t\t\t<section class=\"elementor-section elementor-top-section elementor-element elementor-element-1994700 elementor-section-height-min-height elementor-section-boxed elementor-section-height-default elementor-section-items-middle\" data-id=\"1994700\" data-element_type=\"section\" data-e-type=\"section\" data-settings=\"{&quot;background_background&quot;:&quot;classic&quot;}\">\n\t\t\t\t\t\t\t<div class=\"elementor-background-overlay\"><\/div>\n\t\t\t\t\t\t\t<div class=\"elementor-container elementor-column-gap-default\">\n\t\t\t\t\t<div class=\"elementor-column elementor-col-100 elementor-top-column elementor-element elementor-element-ab115cb\" data-id=\"ab115cb\" data-element_type=\"column\" data-e-type=\"column\">\n\t\t\t<div class=\"elementor-widget-wrap elementor-element-populated\">\n\t\t\t\t\t\t<div class=\"elementor-element elementor-element-7a1cb7f elementor-widget elementor-widget-heading\" data-id=\"7a1cb7f\" data-element_type=\"widget\" data-e-type=\"widget\" data-widget_type=\"heading.default\">\n\t\t\t\t<div class=\"elementor-widget-container\">\n\t\t\t\t\t<h1 class=\"elementor-heading-title elementor-size-default\">XXX Jornadas Internacionales Universitarias de Tecnolog\u00eda Educativa<\/h1>\t\t\t\t<\/div>\n\t\t\t\t<\/div>\n\t\t\t\t\t<\/div>\n\t\t<\/div>\n\t\t\t\t\t<\/div>\n\t\t<\/section>\n\t\t\t\t<section class=\"elementor-section elementor-top-section elementor-element elementor-element-21f31048 elementor-section-height-min-height elementor-section-boxed elementor-section-height-default elementor-section-items-middle\" data-id=\"21f31048\" data-element_type=\"section\" data-e-type=\"section\" data-settings=\"{&quot;background_background&quot;:&quot;classic&quot;}\">\n\t\t\t\t\t\t<div class=\"elementor-container elementor-column-gap-default\">\n\t\t\t\t\t<div class=\"elementor-column elementor-col-100 elementor-top-column elementor-element elementor-element-17798258\" data-id=\"17798258\" data-element_type=\"column\" data-e-type=\"column\">\n\t\t\t<div class=\"elementor-widget-wrap\">\n\t\t\t\t\t\t\t<\/div>\n\t\t<\/div>\n\t\t\t\t\t<\/div>\n\t\t<\/section>\n\t\t\t\t<section class=\"elementor-section elementor-top-section elementor-element elementor-element-e64387c elementor-reverse-mobile elementor-reverse-tablet elementor-section-boxed elementor-section-height-default elementor-section-height-default\" data-id=\"e64387c\" data-element_type=\"section\" data-e-type=\"section\">\n\t\t\t\t\t\t<div class=\"elementor-container elementor-column-gap-wide\">\n\t\t\t\t\t<div class=\"elementor-column elementor-col-50 elementor-top-column elementor-element elementor-element-9a30366\" data-id=\"9a30366\" data-element_type=\"column\" data-e-type=\"column\">\n\t\t\t<div class=\"elementor-widget-wrap elementor-element-populated\">\n\t\t\t\t\t\t<div class=\"elementor-element elementor-element-2db0ead elementor-widget elementor-widget-heading\" data-id=\"2db0ead\" data-element_type=\"widget\" data-e-type=\"widget\" data-widget_type=\"heading.default\">\n\t\t\t\t<div class=\"elementor-widget-container\">\n\t\t\t\t\t<h2 class=\"elementor-heading-title elementor-size-default\">30 a\u00f1os de Tecnolog\u00eda Educativa<\/h2>\t\t\t\t<\/div>\n\t\t\t\t<\/div>\n\t\t\t\t<div class=\"elementor-element elementor-element-dd3610d elementor-widget elementor-widget-spacer\" data-id=\"dd3610d\" data-element_type=\"widget\" data-e-type=\"widget\" data-widget_type=\"spacer.default\">\n\t\t\t\t<div class=\"elementor-widget-container\">\n\t\t\t\t\t\t\t<div class=\"elementor-spacer\">\n\t\t\t<div class=\"elementor-spacer-inner\"><\/div>\n\t\t<\/div>\n\t\t\t\t\t\t<\/div>\n\t\t\t\t<\/div>\n\t\t\t\t<div class=\"elementor-element elementor-element-0639c5e elementor-widget elementor-widget-text-editor\" data-id=\"0639c5e\" data-element_type=\"widget\" data-e-type=\"widget\" data-widget_type=\"text-editor.default\">\n\t\t\t\t<div class=\"elementor-widget-container\">\n\t\t\t\t\t\t\t\t\t<p>Las XXX JUTE Tenerife 2023 (Jornadas Internacionales Universitarias de Tecnolog\u00eda Educativa) est\u00e1n organizadas con la intenci\u00f3n de realizar un an\u00e1lisis y reflexi\u00f3n sobre la evoluci\u00f3n de la Tecnolog\u00eda Educativa en estas \u00faltimas tres d\u00e9cadas, tanto en el \u00e1mbito de la investigaci\u00f3n como en su presencia y pr\u00e1ctica en los t\u00edtulos de grado y posgrado universitarios. Esta mirada hacia el pasado tambi\u00e9n quiere ser una proyecci\u00f3n hacia el futuro, debatiendo sobre cu\u00e1les son las tendencias emergentes en la agenda investigadora y de formaci\u00f3n sobre la educaci\u00f3n y las tecnolog\u00edas digitales.<\/p><p>Asimismo, esta edici\u00f3n de las JUTE, que se celebrar\u00e1n en la ciudad de La Laguna (Tenerife, Islas Canarias) los d\u00edas 22 y 23 de junio de 2023, pretenden ser un punto de encuentro y confluencia de los distintos investigadores y profesorado que nos dedicamos al campo disciplinar de la Tecnolog\u00eda Educativa, tanto procedente del contexto espa\u00f1ol y portugu\u00e9s como del \u00e1mbito latinoamericano con la finalidad de abrir nuevos caminos y consolidar los ya creados.<\/p><p>Estas #JUTE23Tenerife se desarrollar\u00e1n en un formato h\u00edbrido, de forma que todos los eventos se desarrollar\u00e1n presencialmente y ser\u00e1n retransmitidos por streaming y tambi\u00e9n se podr\u00e1 participar como comunicante en modalidad virtual.<\/p>\t\t\t\t\t\t\t\t<\/div>\n\t\t\t\t<\/div>\n\t\t\t\t\t<\/div>\n\t\t<\/div>\n\t\t\t\t<div class=\"elementor-column elementor-col-50 elementor-top-column elementor-element elementor-element-96bdcfc\" data-id=\"96bdcfc\" data-element_type=\"column\" data-e-type=\"column\">\n\t\t\t<div class=\"elementor-widget-wrap elementor-element-populated\">\n\t\t\t\t\t\t<div class=\"elementor-element elementor-element-8796dbd elementor-widget__width-inherit elementor-widget elementor-widget-image\" data-id=\"8796dbd\" data-element_type=\"widget\" data-e-type=\"widget\" data-widget_type=\"image.default\">\n\t\t\t\t<div class=\"elementor-widget-container\">\n\t\t\t\t\t\t\t\t\t\t\t\t\t\t\t<img fetchpriority=\"high\" decoding=\"async\" width=\"1200\" height=\"800\" src=\"https:\/\/wp.ull.es\/jute2023\/wp-content\/uploads\/sites\/151\/2023\/03\/Edificio-Central-01-3.jpg\" class=\"attachment-full size-full wp-image-1182\" alt=\"\" srcset=\"https:\/\/wp.ull.es\/jute2023\/wp-content\/uploads\/sites\/151\/2023\/03\/Edificio-Central-01-3.jpg 1200w, https:\/\/wp.ull.es\/jute2023\/wp-content\/uploads\/sites\/151\/2023\/03\/Edificio-Central-01-3-300x200.jpg 300w, https:\/\/wp.ull.es\/jute2023\/wp-content\/uploads\/sites\/151\/2023\/03\/Edificio-Central-01-3-1024x683.jpg 1024w, https:\/\/wp.ull.es\/jute2023\/wp-content\/uploads\/sites\/151\/2023\/03\/Edificio-Central-01-3-768x512.jpg 768w\" sizes=\"(max-width: 1200px) 100vw, 1200px\" \/>\t\t\t\t\t\t\t\t\t\t\t\t\t\t\t<\/div>\n\t\t\t\t<\/div>\n\t\t\t\t\t<\/div>\n\t\t<\/div>\n\t\t\t\t\t<\/div>\n\t\t<\/section>\n\t\t\t\t<section class=\"elementor-section elementor-top-section elementor-element elementor-element-3060fb1 elementor-section-boxed elementor-section-height-default elementor-section-height-default\" data-id=\"3060fb1\" data-element_type=\"section\" data-e-type=\"section\" data-settings=\"{&quot;background_background&quot;:&quot;classic&quot;}\">\n\t\t\t\t\t\t<div class=\"elementor-container elementor-column-gap-wide\">\n\t\t\t\t\t<div class=\"elementor-column elementor-col-50 elementor-top-column elementor-element elementor-element-50c73c3\" data-id=\"50c73c3\" data-element_type=\"column\" data-e-type=\"column\">\n\t\t\t<div class=\"elementor-widget-wrap elementor-element-populated\">\n\t\t\t\t\t\t<div class=\"elementor-element elementor-element-81cbde2 elementor-widget elementor-widget-heading\" data-id=\"81cbde2\" data-element_type=\"widget\" data-e-type=\"widget\" data-widget_type=\"heading.default\">\n\t\t\t\t<div class=\"elementor-widget-container\">\n\t\t\t\t\t<h2 class=\"elementor-heading-title elementor-size-default\">Objetivos<\/h2>\t\t\t\t<\/div>\n\t\t\t\t<\/div>\n\t\t\t\t<div class=\"elementor-element elementor-element-f5d4407 elementor-widget elementor-widget-spacer\" data-id=\"f5d4407\" data-element_type=\"widget\" data-e-type=\"widget\" data-widget_type=\"spacer.default\">\n\t\t\t\t<div class=\"elementor-widget-container\">\n\t\t\t\t\t\t\t<div class=\"elementor-spacer\">\n\t\t\t<div class=\"elementor-spacer-inner\"><\/div>\n\t\t<\/div>\n\t\t\t\t\t\t<\/div>\n\t\t\t\t<\/div>\n\t\t\t\t<div class=\"elementor-element elementor-element-48db0f3 elementor-widget elementor-widget-text-editor\" data-id=\"48db0f3\" data-element_type=\"widget\" data-e-type=\"widget\" data-widget_type=\"text-editor.default\">\n\t\t\t\t<div class=\"elementor-widget-container\">\n\t\t\t\t\t\t\t\t\t<p>a) Realizar balance sobre la evoluci\u00f3n de las l\u00edneas y metodolog\u00edas de investigaci\u00f3n desarrolladas en el campo de las TIC y Educaci\u00f3n en estos \u00faltimos 30 a\u00f1os.<\/p><p>b) Analizar y valorar la evoluci\u00f3n de la Tecnolog\u00eda Educativa en los planes de estudio de las titulaciones educativas (Maestro Infantil, Primaria, Pedagog\u00eda, Educaci\u00f3n Social, M\u00e1ster en Educaci\u00f3n Secundaria, posgrados, \u2026) en estas tres d\u00e9cadas.<\/p><p>c) Elaborar propuestas y proyecciones de futuro sobre las tendencias emergentes y en desarrollo en el campo de la Tecnolog\u00eda Educativa (ense\u00f1anza h\u00edbrida y online, cultura digital y educaci\u00f3n, alfabetizaci\u00f3n y competencias digitales, Inteligencia Artificial, rob\u00f3tica, realidad virtual y aumentada en Educaci\u00f3n, transformaci\u00f3n digital de instituciones educativas, TIC y educaci\u00f3n inclusiva, nuevas metodolog\u00edas de investigaci\u00f3n digital, entre otras).<\/p><p>d) Impulsar y favorecer el encuentro y colaboraci\u00f3n entre las distintas asociaciones iberoamericanas de investigaci\u00f3n y docencia en la Tecnolog\u00eda Educativa (RUTE, EDUTEC, \u2026) y entre los investigadores seniors y noveles vinculados con las mismas.<\/p>\t\t\t\t\t\t\t\t<\/div>\n\t\t\t\t<\/div>\n\t\t\t\t\t<\/div>\n\t\t<\/div>\n\t\t\t\t<div class=\"elementor-column elementor-col-50 elementor-top-column elementor-element elementor-element-093b2a2\" data-id=\"093b2a2\" data-element_type=\"column\" data-e-type=\"column\">\n\t\t\t<div class=\"elementor-widget-wrap elementor-element-populated\">\n\t\t\t\t\t\t<div class=\"elementor-element elementor-element-1b2c84c elementor-widget elementor-widget-heading\" data-id=\"1b2c84c\" data-element_type=\"widget\" data-e-type=\"widget\" data-widget_type=\"heading.default\">\n\t\t\t\t<div class=\"elementor-widget-container\">\n\t\t\t\t\t<h2 class=\"elementor-heading-title elementor-size-default\">P\u00fablico objetivo<\/h2>\t\t\t\t<\/div>\n\t\t\t\t<\/div>\n\t\t\t\t<div class=\"elementor-element elementor-element-c2ab73a elementor-widget elementor-widget-spacer\" data-id=\"c2ab73a\" data-element_type=\"widget\" data-e-type=\"widget\" data-widget_type=\"spacer.default\">\n\t\t\t\t<div class=\"elementor-widget-container\">\n\t\t\t\t\t\t\t<div class=\"elementor-spacer\">\n\t\t\t<div class=\"elementor-spacer-inner\"><\/div>\n\t\t<\/div>\n\t\t\t\t\t\t<\/div>\n\t\t\t\t<\/div>\n\t\t\t\t<div class=\"elementor-element elementor-element-4eb5e72 elementor-widget elementor-widget-text-editor\" data-id=\"4eb5e72\" data-element_type=\"widget\" data-e-type=\"widget\" data-widget_type=\"text-editor.default\">\n\t\t\t\t<div class=\"elementor-widget-container\">\n\t\t\t\t\t\t\t\t\t<ul><li>Docentes e investigadores\/as del \u00e1mbito de la educaci\u00f3n y la Tecnolog\u00eda Educativa<\/li><li>Docentes e investigadores\/as del \u00e1mbito de la ingenier\u00eda inform\u00e1tica y las tecnolog\u00edas aplicadas a la educaci\u00f3n<\/li><li>Doctorandos\/as y personal docente investigador en formaci\u00f3n interesados en la docencia e investigaci\u00f3n en Tecnolog\u00eda Educativa<\/li><li>Alumnado de m\u00e1steres de educaci\u00f3n<\/li><li>Cualquier otra persona interesada en el uso de las tecnolog\u00edas digitales en la educaci\u00f3n<\/li><\/ul>\t\t\t\t\t\t\t\t<\/div>\n\t\t\t\t<\/div>\n\t\t\t\t<div class=\"elementor-element elementor-element-558660d elementor-widget elementor-widget-heading\" data-id=\"558660d\" data-element_type=\"widget\" data-e-type=\"widget\" data-widget_type=\"heading.default\">\n\t\t\t\t<div class=\"elementor-widget-container\">\n\t\t\t\t\t<h2 class=\"elementor-heading-title elementor-size-default\">Formato de las jornadas\n<\/h2>\t\t\t\t<\/div>\n\t\t\t\t<\/div>\n\t\t\t\t<div class=\"elementor-element elementor-element-78cda6f elementor-widget elementor-widget-spacer\" data-id=\"78cda6f\" data-element_type=\"widget\" data-e-type=\"widget\" data-widget_type=\"spacer.default\">\n\t\t\t\t<div class=\"elementor-widget-container\">\n\t\t\t\t\t\t\t<div class=\"elementor-spacer\">\n\t\t\t<div class=\"elementor-spacer-inner\"><\/div>\n\t\t<\/div>\n\t\t\t\t\t\t<\/div>\n\t\t\t\t<\/div>\n\t\t\t\t<div class=\"elementor-element elementor-element-7558c15 elementor-widget elementor-widget-text-editor\" data-id=\"7558c15\" data-element_type=\"widget\" data-e-type=\"widget\" data-widget_type=\"text-editor.default\">\n\t\t\t\t<div class=\"elementor-widget-container\">\n\t\t\t\t\t\t\t\t\t<p>Estas JUTE 2023 se celebrar\u00e1n en modalidad h\u00edbrida, pudiendo asistir a las jornadas tanto de forma presencial como de forma virtual. Todo el encuentro podr\u00e1 seguirse de forma s\u00edncrona online: se podr\u00e1 seguir las mesas redondas y conferencias principales, as\u00ed como conectarse a los diferentes paneles de comunicaciones organizados siguiendo las l\u00edneas de trabajo.<\/p><p>La intervenci\u00f3n de los comunicantes en los paneles simult\u00e1neos puede ser presencial o por videoconferencia en tiempo real.\u00a0En su defecto, se podr\u00e1 exponer las comunicaciones haciendo llegar una videopresentaci\u00f3n para su proyecci\u00f3n en el panel correspondiente<\/p>\t\t\t\t\t\t\t\t<\/div>\n\t\t\t\t<\/div>\n\t\t\t\t\t<\/div>\n\t\t<\/div>\n\t\t\t\t\t<\/div>\n\t\t<\/section>\n\t\t\t\t<\/div>\n\t\t","protected":false},"excerpt":{"rendered":"<p>XXX Jornadas Internacionales Universitarias de Tecnolog\u00eda Educativa 30 a\u00f1os de Tecnolog\u00eda Educativa Las XXX JUTE Tenerife 2023 (Jornadas Internacionales Universitarias de Tecnolog\u00eda Educativa) est\u00e1n organizadas con la intenci\u00f3n de realizar un an\u00e1lisis y reflexi\u00f3n sobre la evoluci\u00f3n de la Tecnolog\u00eda Educativa en estas \u00faltimas tres d\u00e9cadas, tanto en el \u00e1mbito de la investigaci\u00f3n como en [&hellip;]<\/p>\n","protected":false},"author":243,"featured_media":0,"parent":0,"menu_order":0,"comment_status":"closed","ping_status":"closed","template":"","meta":{"zakra_page_container_layout":"stretched","zakra_page_sidebar_layout":"no_sidebar","zakra_remove_content_margin":false,"zakra_sidebar":"customizer","zakra_transparent_header":"1","zakra_logo":0,"zakra_main_header_style":"default","zakra_menu_item_color":"","zakra_menu_item_hover_color":"","zakra_menu_item_active_color":"","zakra_menu_active_style":"","zakra_page_header":false,"ngg_post_thumbnail":0,"footnotes":""},"class_list":["post-1144","page","type-page","status-publish","hentry"],"_links":{"self":[{"href":"https:\/\/wp.ull.es\/jute2023\/wp-json\/wp\/v2\/pages\/1144","targetHints":{"allow":["GET"]}}],"collection":[{"href":"https:\/\/wp.ull.es\/jute2023\/wp-json\/wp\/v2\/pages"}],"about":[{"href":"https:\/\/wp.ull.es\/jute2023\/wp-json\/wp\/v2\/types\/page"}],"author":[{"embeddable":true,"href":"https:\/\/wp.ull.es\/jute2023\/wp-json\/wp\/v2\/users\/243"}],"replies":[{"embeddable":true,"href":"https:\/\/wp.ull.es\/jute2023\/wp-json\/wp\/v2\/comments?post=1144"}],"version-history":[{"count":3,"href":"https:\/\/wp.ull.es\/jute2023\/wp-json\/wp\/v2\/pages\/1144\/revisions"}],"predecessor-version":[{"id":1334,"href":"https:\/\/wp.ull.es\/jute2023\/wp-json\/wp\/v2\/pages\/1144\/revisions\/1334"}],"wp:attachment":[{"href":"https:\/\/wp.ull.es\/jute2023\/wp-json\/wp\/v2\/media?parent=1144"}],"curies":[{"name":"wp","href":"https:\/\/api.w.org\/{rel}","templated":true}]}}