{"id":1734,"date":"2024-04-09T12:55:50","date_gmt":"2024-04-09T12:55:50","guid":{"rendered":"https:\/\/wp.ull.es\/fundicionartisticaull\/?page_id=1734"},"modified":"2024-04-10T12:23:11","modified_gmt":"2024-04-10T12:23:11","slug":"asignaturas","status":"publish","type":"page","link":"https:\/\/wp.ull.es\/fundicionartisticaull\/asignaturas\/","title":{"rendered":"Asignaturas"},"content":{"rendered":"\n<hr class=\"wp-block-separator alignwide has-alpha-channel-opacity is-style-wide\" \/>\n\n\n\n<h4 class=\"wp-block-heading alignwide has-text-align-center has-background-color has-foreground-background-color has-text-color has-background has-link-color wp-elements-418d0426a4c8c276a60a9d62f2804e4d\" style=\"margin-top:var(--wp--preset--spacing--20);margin-bottom:var(--wp--preset--spacing--20)\">ASIGNATURAS<\/h4>\n\n\n\n<hr class=\"wp-block-separator alignwide has-alpha-channel-opacity is-style-wide\" style=\"margin-top:var(--wp--preset--spacing--20);margin-bottom:var(--wp--preset--spacing--20)\" \/>\n\n\n\n<div class=\"wp-block-columns alignwide is-layout-flex wp-container-core-columns-is-layout-0adb00f3 wp-block-columns-is-layout-flex\" style=\"padding-top:var(--wp--preset--spacing--50)\">\n<div class=\"wp-block-column is-layout-flow wp-block-column-is-layout-flow\">\n<figure class=\"wp-block-image size-large\"><img decoding=\"async\" src=\"https:\/\/fundicionartisticaull.files.wordpress.com\/2024\/03\/dsc_0238-edited-1.jpeg\" alt=\"\" class=\"wp-image-950\" \/><\/figure>\n\n\n\n<h3 class=\"wp-block-heading margin-bottom-half\" style=\"font-size:35px;line-height:1.26\">Fundici\u00f3n I<\/h3>\n\n\n\n<p style=\"font-size:16px;line-height:1.7\"><strong>Grado en Bellas Artes<\/strong><\/p>\n\n\n\n<p style=\"font-size:16px;line-height:1.7\">La asignatura plantea un nivel te\u00f3rico y otro pr\u00e1ctico, complementarios entre s\u00ed y de desarrollo paralelo. Todos los contenidos forman parte del \u00e1mbito disciplinar de la escultura y, dentro del mismo, encontramos la tecnolog\u00eda en metal fundido y los procesos y lenguajes escult\u00f3ricos de la obra en metal fundido.<\/p>\n\n\n\n<div class=\"wp-block-buttons is-layout-flex wp-block-buttons-is-layout-flex\">\n<div class=\"wp-block-button\"><a class=\"wp-block-button__link has-background-color has-foreground-background-color has-text-color has-background wp-element-button\" href=\"https:\/\/www.ull.es\/apps\/guias\/guias\/view_guide\/35972\/\" style=\"border-radius:2px\">Ver m\u00e1s<\/a><\/div>\n<\/div>\n<\/div>\n\n\n\n<div class=\"wp-block-column is-layout-flow wp-block-column-is-layout-flow\">\n<figure class=\"wp-block-image size-full\"><img decoding=\"async\" src=\"https:\/\/fundicionartisticaull.files.wordpress.com\/2024\/03\/img_3597-edited-1.jpg\" alt=\"\" class=\"wp-image-949\" \/><\/figure>\n\n\n\n<h3 class=\"wp-block-heading margin-bottom-half\" style=\"font-size:35px;line-height:1.26\">Fundici\u00f3n II<\/h3>\n\n\n\n<p><strong>Grado en Bellas Artes<\/strong><\/p>\n\n\n\n<p style=\"font-size:16px;line-height:1.7\">La asignatura incluye clases te\u00f3ricas y pr\u00e1cticas experimentales en relaci\u00f3n con el proyecto escult\u00f3rico individual, incluyendo desde&nbsp; proyectos con formas apropiadas al metal fundido hasta&nbsp; la introducci\u00f3n a la presentaci\u00f3n p\u00fablica de proyectos\/obras escult\u00f3ricas.<\/p>\n\n\n\n<div class=\"wp-block-buttons is-layout-flex wp-block-buttons-is-layout-flex\">\n<div class=\"wp-block-button\"><a class=\"wp-block-button__link has-foreground-background-color has-text-color has-background wp-element-button\" href=\"https:\/\/www.ull.es\/apps\/guias\/guias\/view_guide\/35950\/\" style=\"border-radius:2px;color:#ffffff\">Ver m\u00e1s<\/a><\/div>\n<\/div>\n<\/div>\n\n\n\n<div class=\"wp-block-column is-layout-flow wp-block-column-is-layout-flow\">\n<figure class=\"wp-block-image size-full\"><img fetchpriority=\"high\" decoding=\"async\" width=\"931\" height=\"621\" src=\"https:\/\/wp.ull.es\/fundicionartisticaull\/wp-content\/uploads\/sites\/145\/2024\/03\/Screenshot_58-edited.jpg\" alt=\"\" class=\"wp-image-1246\" srcset=\"https:\/\/wp.ull.es\/fundicionartisticaull\/wp-content\/uploads\/sites\/145\/2024\/03\/Screenshot_58-edited.jpg 931w, https:\/\/wp.ull.es\/fundicionartisticaull\/wp-content\/uploads\/sites\/145\/2024\/03\/Screenshot_58-edited-300x200.jpg 300w, https:\/\/wp.ull.es\/fundicionartisticaull\/wp-content\/uploads\/sites\/145\/2024\/03\/Screenshot_58-edited-768x512.jpg 768w\" sizes=\"(max-width: 931px) 100vw, 931px\" \/><\/figure>\n\n\n\n<h3 class=\"wp-block-heading margin-bottom-half\" style=\"font-size:35px;line-height:1.26\">Materiales, t\u00e9cnicas y procedimientos IV (Escultura)<\/h3>\n\n\n\n<p><strong>Grado en Conservaci\u00f3n y Restauraci\u00f3n de Bienes Culturales<\/strong><\/p>\n\n\n\n<p style=\"font-size:16px;line-height:1.7\">La asignatura consta de una parte te\u00f3rica y otra pr\u00e1ctica que variar\u00e1 seg\u00fan la din\u00e1mica y desarrollo de la misma con esta se pretende que el alumnado sea capaz de: Conocer los elementos constitutivos de los bienes culturales e identificar la variedad y las caracter\u00edsticas de los diferentes materiales y herramientas as\u00ed como los procesos de creaci\u00f3n, manufactura y fabricaci\u00f3n de los bienes culturales y su evoluci\u00f3n.&nbsp;<\/p>\n\n\n\n<div class=\"wp-block-buttons is-layout-flex wp-block-buttons-is-layout-flex\">\n<div class=\"wp-block-button\"><a class=\"wp-block-button__link has-foreground-background-color has-text-color has-background wp-element-button\" href=\"https:\/\/www.ull.es\/apps\/guias\/guias\/view_guide\/36126\/\" style=\"border-radius:2px;color:#ffffff\">Ver m\u00e1s<\/a><\/div>\n<\/div>\n<\/div>\n<\/div>\n\n\n\n<div class=\"wp-block-columns alignwide is-layout-flex wp-container-core-columns-is-layout-0adb00f3 wp-block-columns-is-layout-flex\" style=\"padding-top:var(--wp--preset--spacing--50)\">\n<div class=\"wp-block-column is-layout-flow wp-block-column-is-layout-flow\">\n<figure class=\"wp-block-image size-full\"><img decoding=\"async\" width=\"576\" height=\"384\" src=\"https:\/\/wp.ull.es\/fundicionartisticaull\/wp-content\/uploads\/sites\/145\/2024\/04\/WhatsApp-Image-2024-04-09-at-10.57.37-20-1-1-edited.jpeg\" alt=\"\" class=\"wp-image-1781\" srcset=\"https:\/\/wp.ull.es\/fundicionartisticaull\/wp-content\/uploads\/sites\/145\/2024\/04\/WhatsApp-Image-2024-04-09-at-10.57.37-20-1-1-edited.jpeg 576w, https:\/\/wp.ull.es\/fundicionartisticaull\/wp-content\/uploads\/sites\/145\/2024\/04\/WhatsApp-Image-2024-04-09-at-10.57.37-20-1-1-edited-300x200.jpeg 300w\" sizes=\"(max-width: 576px) 100vw, 576px\" \/><\/figure>\n\n\n\n<h3 class=\"wp-block-heading margin-bottom-half\" style=\"font-size:35px;line-height:1.26\">Creaci\u00f3n art\u00edstica III (Escultura)<\/h3>\n\n\n\n<p><strong>Grado en Bellas Artes<\/strong><\/p>\n\n\n\n<p>2022<\/p>\n\n\n\n<p style=\"font-size:16px;line-height:1.7\">La asignatura incluye clases te\u00f3ricas y pr\u00e1cticas experimentales en relaci\u00f3n con el proyecto escult\u00f3rico individual, abarcando la valoraci\u00f3n de lo que aportan los moldes para reproducci\u00f3n m\u00faltiple, las formas apropiadas al metal fundido, y las formas adecuadas a la piedra volc\u00e1nica, adem\u00e1s de la introducci\u00f3n a la presentaci\u00f3n p\u00fablica de proyectos\/obras escult\u00f3ricas. <\/p>\n\n\n\n<div class=\"wp-block-buttons is-layout-flex wp-block-buttons-is-layout-flex\">\n<div class=\"wp-block-button\"><a class=\"wp-block-button__link has-foreground-background-color has-text-color has-background wp-element-button\" href=\"https:\/\/www.ull.es\/apps\/guias\/guias\/view_guide\/25295\/\" style=\"border-radius:2px;color:#ffffff\">Ver m\u00e1s<\/a><\/div>\n<\/div>\n<\/div>\n\n\n\n<div class=\"wp-block-column is-layout-flow wp-block-column-is-layout-flow\">\n<figure class=\"wp-block-image size-full\"><img decoding=\"async\" width=\"768\" height=\"512\" src=\"https:\/\/wp.ull.es\/fundicionartisticaull\/wp-content\/uploads\/sites\/145\/2024\/04\/WhatsApp-Image-2024-04-09-at-10.58.58-9-1-edited.jpeg\" alt=\"\" class=\"wp-image-1775\" srcset=\"https:\/\/wp.ull.es\/fundicionartisticaull\/wp-content\/uploads\/sites\/145\/2024\/04\/WhatsApp-Image-2024-04-09-at-10.58.58-9-1-edited.jpeg 768w, https:\/\/wp.ull.es\/fundicionartisticaull\/wp-content\/uploads\/sites\/145\/2024\/04\/WhatsApp-Image-2024-04-09-at-10.58.58-9-1-edited-300x200.jpeg 300w\" sizes=\"(max-width: 768px) 100vw, 768px\" \/><\/figure>\n\n\n\n<h3 class=\"wp-block-heading margin-bottom-half\" style=\"font-size:35px;line-height:1.26\">Taller de t\u00e9cnicas y tecnolog\u00eda IV<\/h3>\n\n\n\n<p style=\"font-size:16px;line-height:1.7\"><strong>Grado en Bellas Artes<\/strong><\/p>\n\n\n\n<p>2020<\/p>\n\n\n\n<p style=\"font-size:16px;line-height:1.7\">El alumnado profundiza en los distintos aspectos del proceso para desarrollar tecnolog\u00eda y recursos propios dentro de un taller, adem\u00e1s de coordinar el trabajo creativo en base al desarrollo t\u00e9cnico del proceso y adaptarlo a las necesidades concretas del caso.<\/p>\n\n\n\n<div class=\"wp-block-buttons is-layout-flex wp-block-buttons-is-layout-flex\">\n<div class=\"wp-block-button\"><a class=\"wp-block-button__link has-background-color has-foreground-background-color has-text-color has-background wp-element-button\" href=\"https:\/\/www.ull.es\/apps\/guias\/guias\/view_guide\/18977\/\" style=\"border-radius:2px\">Ver m\u00e1s<\/a><\/div>\n<\/div>\n<\/div>\n\n\n\n<div class=\"wp-block-column is-layout-flow wp-block-column-is-layout-flow\">\n<figure class=\"wp-block-image size-full\"><img loading=\"lazy\" decoding=\"async\" width=\"576\" height=\"384\" src=\"https:\/\/wp.ull.es\/fundicionartisticaull\/wp-content\/uploads\/sites\/145\/2024\/04\/WhatsApp-Image-2024-04-09-at-10.15.25-5-edited.jpeg\" alt=\"\" class=\"wp-image-1783\" srcset=\"https:\/\/wp.ull.es\/fundicionartisticaull\/wp-content\/uploads\/sites\/145\/2024\/04\/WhatsApp-Image-2024-04-09-at-10.15.25-5-edited.jpeg 576w, https:\/\/wp.ull.es\/fundicionartisticaull\/wp-content\/uploads\/sites\/145\/2024\/04\/WhatsApp-Image-2024-04-09-at-10.15.25-5-edited-300x200.jpeg 300w\" sizes=\"(max-width: 576px) 100vw, 576px\" \/><\/figure>\n\n\n\n<h3 class=\"wp-block-heading margin-bottom-half\" style=\"font-size:35px;line-height:1.26\">Microfusi\u00f3n art\u00edstica <\/h3>\n\n\n\n<p><strong>Grado en Bellas Artes<\/strong><\/p>\n\n\n\n<p>2021<\/p>\n\n\n\n<p>El alumnado ser\u00e1 capaz de idear un proyecto de creaci\u00f3n: proponerse objetivos, plantearse problemas y concretar necesidades, Dispondr\u00e1 de recursos metodol\u00f3gicos para buscar, registrar, analizar, discriminar y organizar informaci\u00f3n susceptible de ser incorporada en el proyecto. Definir y jerarquizar sus referentes, manipularlos, alterarlos y resignificarlos.<\/p>\n\n\n\n<div class=\"wp-block-buttons is-layout-flex wp-block-buttons-is-layout-flex\">\n<div class=\"wp-block-button\"><a class=\"wp-block-button__link has-foreground-background-color has-text-color has-background wp-element-button\" href=\"https:\/\/www.ull.es\/apps\/guias\/guias\/view_guide\/23818\/\" style=\"border-radius:2px;color:#ffffff\">Ver m\u00e1s<\/a><\/div>\n<\/div>\n<\/div>\n<\/div>\n","protected":false},"excerpt":{"rendered":"<p>ASIGNATURAS Fundici\u00f3n I Grado en Bellas Artes La asignatura plantea un nivel te\u00f3rico y otro pr\u00e1ctico, complementarios entre s\u00ed y de desarrollo paralelo. Todos los contenidos forman parte del \u00e1mbito disciplinar de la escultura y, dentro del mismo, encontramos la tecnolog\u00eda en metal fundido y los procesos y lenguajes escult\u00f3ricos de la obra en metal [&hellip;]<\/p>\n","protected":false},"author":441,"featured_media":0,"parent":0,"menu_order":0,"comment_status":"closed","ping_status":"closed","template":"page-large-header","meta":{"ngg_post_thumbnail":0,"footnotes":""},"class_list":["post-1734","page","type-page","status-publish","hentry"],"yoast_head":"<!-- This site is optimized with the Yoast SEO plugin v27.5 - https:\/\/yoast.com\/product\/yoast-seo-wordpress\/ -->\n<title>Asignaturas - Fundici\u00f3n Art\u00edstica ULL<\/title>\n<meta name=\"robots\" content=\"index, follow, max-snippet:-1, max-image-preview:large, max-video-preview:-1\" \/>\n<link rel=\"canonical\" href=\"https:\/\/wp.ull.es\/fundicionartisticaull\/asignaturas\/\" \/>\n<meta property=\"og:locale\" content=\"es_ES\" \/>\n<meta property=\"og:type\" content=\"article\" \/>\n<meta property=\"og:title\" content=\"Asignaturas - Fundici\u00f3n Art\u00edstica ULL\" \/>\n<meta property=\"og:description\" content=\"ASIGNATURAS Fundici\u00f3n I Grado en Bellas Artes La asignatura plantea un nivel te\u00f3rico y otro pr\u00e1ctico, complementarios entre s\u00ed y de desarrollo paralelo. Todos los contenidos forman parte del \u00e1mbito disciplinar de la escultura y, dentro del mismo, encontramos la tecnolog\u00eda en metal fundido y los procesos y lenguajes escult\u00f3ricos de la obra en metal [&hellip;]\" \/>\n<meta property=\"og:url\" content=\"https:\/\/wp.ull.es\/fundicionartisticaull\/asignaturas\/\" \/>\n<meta property=\"og:site_name\" content=\"Fundici\u00f3n Art\u00edstica ULL\" \/>\n<meta property=\"article:modified_time\" content=\"2024-04-10T12:23:11+00:00\" \/>\n<meta property=\"og:image\" content=\"https:\/\/fundicionartisticaull.files.wordpress.com\/2024\/03\/dsc_0238-edited-1.jpeg\" \/>\n<meta name=\"twitter:card\" content=\"summary_large_image\" \/>\n<meta name=\"twitter:label1\" content=\"Tiempo de lectura\" \/>\n\t<meta name=\"twitter:data1\" content=\"3 minutos\" \/>\n<script type=\"application\/ld+json\" class=\"yoast-schema-graph\">{\"@context\":\"https:\\\/\\\/schema.org\",\"@graph\":[{\"@type\":\"WebPage\",\"@id\":\"https:\\\/\\\/wp.ull.es\\\/fundicionartisticaull\\\/asignaturas\\\/\",\"url\":\"https:\\\/\\\/wp.ull.es\\\/fundicionartisticaull\\\/asignaturas\\\/\",\"name\":\"Asignaturas - Fundici\u00f3n Art\u00edstica ULL\",\"isPartOf\":{\"@id\":\"https:\\\/\\\/wp.ull.es\\\/fundicionartisticaull\\\/#website\"},\"primaryImageOfPage\":{\"@id\":\"https:\\\/\\\/wp.ull.es\\\/fundicionartisticaull\\\/asignaturas\\\/#primaryimage\"},\"image\":{\"@id\":\"https:\\\/\\\/wp.ull.es\\\/fundicionartisticaull\\\/asignaturas\\\/#primaryimage\"},\"thumbnailUrl\":\"https:\\\/\\\/fundicionartisticaull.files.wordpress.com\\\/2024\\\/03\\\/dsc_0238-edited-1.jpeg\",\"datePublished\":\"2024-04-09T12:55:50+00:00\",\"dateModified\":\"2024-04-10T12:23:11+00:00\",\"breadcrumb\":{\"@id\":\"https:\\\/\\\/wp.ull.es\\\/fundicionartisticaull\\\/asignaturas\\\/#breadcrumb\"},\"inLanguage\":\"es\",\"potentialAction\":[{\"@type\":\"ReadAction\",\"target\":[\"https:\\\/\\\/wp.ull.es\\\/fundicionartisticaull\\\/asignaturas\\\/\"]}]},{\"@type\":\"ImageObject\",\"inLanguage\":\"es\",\"@id\":\"https:\\\/\\\/wp.ull.es\\\/fundicionartisticaull\\\/asignaturas\\\/#primaryimage\",\"url\":\"https:\\\/\\\/fundicionartisticaull.files.wordpress.com\\\/2024\\\/03\\\/dsc_0238-edited-1.jpeg\",\"contentUrl\":\"https:\\\/\\\/fundicionartisticaull.files.wordpress.com\\\/2024\\\/03\\\/dsc_0238-edited-1.jpeg\"},{\"@type\":\"BreadcrumbList\",\"@id\":\"https:\\\/\\\/wp.ull.es\\\/fundicionartisticaull\\\/asignaturas\\\/#breadcrumb\",\"itemListElement\":[{\"@type\":\"ListItem\",\"position\":1,\"name\":\"Portada\",\"item\":\"https:\\\/\\\/wp.ull.es\\\/fundicionartisticaull\\\/\"},{\"@type\":\"ListItem\",\"position\":2,\"name\":\"Asignaturas\"}]},{\"@type\":\"WebSite\",\"@id\":\"https:\\\/\\\/wp.ull.es\\\/fundicionartisticaull\\\/#website\",\"url\":\"https:\\\/\\\/wp.ull.es\\\/fundicionartisticaull\\\/\",\"name\":\"FUNIDICI\u00d3N ART\u00cdSTICA ULL\",\"description\":\"Taller de fundici\u00f3n en la Universidad de La Laguna\",\"publisher\":{\"@id\":\"https:\\\/\\\/wp.ull.es\\\/fundicionartisticaull\\\/#organization\"},\"potentialAction\":[{\"@type\":\"SearchAction\",\"target\":{\"@type\":\"EntryPoint\",\"urlTemplate\":\"https:\\\/\\\/wp.ull.es\\\/fundicionartisticaull\\\/?s={search_term_string}\"},\"query-input\":{\"@type\":\"PropertyValueSpecification\",\"valueRequired\":true,\"valueName\":\"search_term_string\"}}],\"inLanguage\":\"es\"},{\"@type\":\"Organization\",\"@id\":\"https:\\\/\\\/wp.ull.es\\\/fundicionartisticaull\\\/#organization\",\"name\":\"AULA DE FUNDICI\u00d3N\",\"url\":\"https:\\\/\\\/wp.ull.es\\\/fundicionartisticaull\\\/\",\"logo\":{\"@type\":\"ImageObject\",\"inLanguage\":\"es\",\"@id\":\"https:\\\/\\\/wp.ull.es\\\/fundicionartisticaull\\\/#\\\/schema\\\/logo\\\/image\\\/\",\"url\":\"https:\\\/\\\/wp.ull.es\\\/fundicionartisticaull\\\/wp-content\\\/uploads\\\/sites\\\/145\\\/2024\\\/03\\\/9CC10F4E-628E-4F8B-BFA4-29DE0BAE15F2-edited.jpg\",\"contentUrl\":\"https:\\\/\\\/wp.ull.es\\\/fundicionartisticaull\\\/wp-content\\\/uploads\\\/sites\\\/145\\\/2024\\\/03\\\/9CC10F4E-628E-4F8B-BFA4-29DE0BAE15F2-edited.jpg\",\"width\":768,\"height\":768,\"caption\":\"AULA DE FUNDICI\u00d3N\"},\"image\":{\"@id\":\"https:\\\/\\\/wp.ull.es\\\/fundicionartisticaull\\\/#\\\/schema\\\/logo\\\/image\\\/\"}}]}<\/script>\n<!-- \/ Yoast SEO plugin. -->","yoast_head_json":{"title":"Asignaturas - Fundici\u00f3n Art\u00edstica ULL","robots":{"index":"index","follow":"follow","max-snippet":"max-snippet:-1","max-image-preview":"max-image-preview:large","max-video-preview":"max-video-preview:-1"},"canonical":"https:\/\/wp.ull.es\/fundicionartisticaull\/asignaturas\/","og_locale":"es_ES","og_type":"article","og_title":"Asignaturas - Fundici\u00f3n Art\u00edstica ULL","og_description":"ASIGNATURAS Fundici\u00f3n I Grado en Bellas Artes La asignatura plantea un nivel te\u00f3rico y otro pr\u00e1ctico, complementarios entre s\u00ed y de desarrollo paralelo. Todos los contenidos forman parte del \u00e1mbito disciplinar de la escultura y, dentro del mismo, encontramos la tecnolog\u00eda en metal fundido y los procesos y lenguajes escult\u00f3ricos de la obra en metal [&hellip;]","og_url":"https:\/\/wp.ull.es\/fundicionartisticaull\/asignaturas\/","og_site_name":"Fundici\u00f3n Art\u00edstica ULL","article_modified_time":"2024-04-10T12:23:11+00:00","og_image":[{"url":"https:\/\/fundicionartisticaull.files.wordpress.com\/2024\/03\/dsc_0238-edited-1.jpeg","type":"","width":"","height":""}],"twitter_card":"summary_large_image","twitter_misc":{"Tiempo de lectura":"3 minutos"},"schema":{"@context":"https:\/\/schema.org","@graph":[{"@type":"WebPage","@id":"https:\/\/wp.ull.es\/fundicionartisticaull\/asignaturas\/","url":"https:\/\/wp.ull.es\/fundicionartisticaull\/asignaturas\/","name":"Asignaturas - Fundici\u00f3n Art\u00edstica ULL","isPartOf":{"@id":"https:\/\/wp.ull.es\/fundicionartisticaull\/#website"},"primaryImageOfPage":{"@id":"https:\/\/wp.ull.es\/fundicionartisticaull\/asignaturas\/#primaryimage"},"image":{"@id":"https:\/\/wp.ull.es\/fundicionartisticaull\/asignaturas\/#primaryimage"},"thumbnailUrl":"https:\/\/fundicionartisticaull.files.wordpress.com\/2024\/03\/dsc_0238-edited-1.jpeg","datePublished":"2024-04-09T12:55:50+00:00","dateModified":"2024-04-10T12:23:11+00:00","breadcrumb":{"@id":"https:\/\/wp.ull.es\/fundicionartisticaull\/asignaturas\/#breadcrumb"},"inLanguage":"es","potentialAction":[{"@type":"ReadAction","target":["https:\/\/wp.ull.es\/fundicionartisticaull\/asignaturas\/"]}]},{"@type":"ImageObject","inLanguage":"es","@id":"https:\/\/wp.ull.es\/fundicionartisticaull\/asignaturas\/#primaryimage","url":"https:\/\/fundicionartisticaull.files.wordpress.com\/2024\/03\/dsc_0238-edited-1.jpeg","contentUrl":"https:\/\/fundicionartisticaull.files.wordpress.com\/2024\/03\/dsc_0238-edited-1.jpeg"},{"@type":"BreadcrumbList","@id":"https:\/\/wp.ull.es\/fundicionartisticaull\/asignaturas\/#breadcrumb","itemListElement":[{"@type":"ListItem","position":1,"name":"Portada","item":"https:\/\/wp.ull.es\/fundicionartisticaull\/"},{"@type":"ListItem","position":2,"name":"Asignaturas"}]},{"@type":"WebSite","@id":"https:\/\/wp.ull.es\/fundicionartisticaull\/#website","url":"https:\/\/wp.ull.es\/fundicionartisticaull\/","name":"FUNIDICI\u00d3N ART\u00cdSTICA ULL","description":"Taller de fundici\u00f3n en la Universidad de La Laguna","publisher":{"@id":"https:\/\/wp.ull.es\/fundicionartisticaull\/#organization"},"potentialAction":[{"@type":"SearchAction","target":{"@type":"EntryPoint","urlTemplate":"https:\/\/wp.ull.es\/fundicionartisticaull\/?s={search_term_string}"},"query-input":{"@type":"PropertyValueSpecification","valueRequired":true,"valueName":"search_term_string"}}],"inLanguage":"es"},{"@type":"Organization","@id":"https:\/\/wp.ull.es\/fundicionartisticaull\/#organization","name":"AULA DE FUNDICI\u00d3N","url":"https:\/\/wp.ull.es\/fundicionartisticaull\/","logo":{"@type":"ImageObject","inLanguage":"es","@id":"https:\/\/wp.ull.es\/fundicionartisticaull\/#\/schema\/logo\/image\/","url":"https:\/\/wp.ull.es\/fundicionartisticaull\/wp-content\/uploads\/sites\/145\/2024\/03\/9CC10F4E-628E-4F8B-BFA4-29DE0BAE15F2-edited.jpg","contentUrl":"https:\/\/wp.ull.es\/fundicionartisticaull\/wp-content\/uploads\/sites\/145\/2024\/03\/9CC10F4E-628E-4F8B-BFA4-29DE0BAE15F2-edited.jpg","width":768,"height":768,"caption":"AULA DE FUNDICI\u00d3N"},"image":{"@id":"https:\/\/wp.ull.es\/fundicionartisticaull\/#\/schema\/logo\/image\/"}}]}},"_links":{"self":[{"href":"https:\/\/wp.ull.es\/fundicionartisticaull\/wp-json\/wp\/v2\/pages\/1734","targetHints":{"allow":["GET"]}}],"collection":[{"href":"https:\/\/wp.ull.es\/fundicionartisticaull\/wp-json\/wp\/v2\/pages"}],"about":[{"href":"https:\/\/wp.ull.es\/fundicionartisticaull\/wp-json\/wp\/v2\/types\/page"}],"author":[{"embeddable":true,"href":"https:\/\/wp.ull.es\/fundicionartisticaull\/wp-json\/wp\/v2\/users\/441"}],"replies":[{"embeddable":true,"href":"https:\/\/wp.ull.es\/fundicionartisticaull\/wp-json\/wp\/v2\/comments?post=1734"}],"version-history":[{"count":2,"href":"https:\/\/wp.ull.es\/fundicionartisticaull\/wp-json\/wp\/v2\/pages\/1734\/revisions"}],"predecessor-version":[{"id":1785,"href":"https:\/\/wp.ull.es\/fundicionartisticaull\/wp-json\/wp\/v2\/pages\/1734\/revisions\/1785"}],"wp:attachment":[{"href":"https:\/\/wp.ull.es\/fundicionartisticaull\/wp-json\/wp\/v2\/media?parent=1734"}],"curies":[{"name":"wp","href":"https:\/\/api.w.org\/{rel}","templated":true}]}}