{"id":182,"date":"2021-08-26T19:18:38","date_gmt":"2021-08-26T19:18:38","guid":{"rendered":"https:\/\/wp.ull.es\/canariasconvive\/?page_id=182"},"modified":"2022-05-31T07:38:23","modified_gmt":"2022-05-31T07:38:23","slug":"marco-conceptual","status":"publish","type":"page","link":"https:\/\/wp.ull.es\/canariasconvive\/marco-conceptual\/","title":{"rendered":"Marco conceptual"},"content":{"rendered":"[et_pb_section fb_built=\u00bb1&#8243; admin_label=\u00bbTestimonials\u00bb _builder_version=\u00bb4.9.7&#8243; use_background_color_gradient=\u00bbon\u00bb background_color_gradient_start=\u00bb#ffffff\u00bb background_color_gradient_end=\u00bb#ffffff\u00bb background_color_gradient_type=\u00bbradial\u00bb background_color_gradient_start_position=\u00bb80%\u00bb background_color_gradient_end_position=\u00bb20%\u00bb custom_margin=\u00bb0px|||||\u00bb custom_padding=\u00bb54px|0px|4px|0px|false|false\u00bb][et_pb_row _builder_version=\u00bb4.9.7&#8243; _module_preset=\u00bbdefault\u00bb custom_margin=\u00bb50px|auto||auto||\u00bb][et_pb_column type=\u00bb4_4&#8243; _builder_version=\u00bb4.9.7&#8243; _module_preset=\u00bbdefault\u00bb][et_pb_text _builder_version=\u00bb4.9.7&#8243; text_font=\u00bb||||||||\u00bb header_font=\u00bb||||||||\u00bb header_2_font=\u00bbLibre Franklin|300|||||||\u00bb header_2_text_color=\u00bb#000000&#8243; header_2_font_size=\u00bb48px\u00bb header_2_line_height=\u00bb1.4em\u00bb header_2_font_size_tablet=\u00bb42px\u00bb header_2_font_size_phone=\u00bb32px\u00bb header_2_font_size_last_edited=\u00bbon|phone\u00bb locked=\u00bboff\u00bb]\n<h2><strong>Marco <\/strong>conceptual<\/h2>\n[\/et_pb_text][et_pb_text _builder_version=\u00bb4.9.7&#8243; _module_preset=\u00bbdefault\u00bb text_text_color=\u00bb#000000&#8243; text_font_size=\u00bb23px\u00bb text_line_height=\u00bb1.5em\u00bb header_2_text_color=\u00bb#000000&#8243; header_2_font_size=\u00bb20px\u00bb header_2_line_height=\u00bb1.5em\u00bb header_2_font_size_tablet=\u00bb\u00bb header_2_font_size_phone=\u00bb17px\u00bb header_2_font_size_last_edited=\u00bbon|phone\u00bb]\n<h2>La <strong>movilidad geogr\u00e1fica<\/strong> de la poblaci\u00f3n ha constituido uno de los <strong>procesos humanos m\u00e1s relevantes<\/strong> a lo largo de la historia, <strong>con enormes implicaciones<\/strong> demogr\u00e1ficas, sociales, econ\u00f3micas, urban\u00edsticas, culturales y hasta institucionales, entre otras, de modo que supone una cuesti\u00f3n presente de manera permanente en todas las agendas y escalas territoriales, desde la internacional hasta la local. El mundo se mueve de manera continua y <strong>flujos migratorios<\/strong> de diversa naturaleza y motivaciones m\u00faltiples interrelacionan el planeta. Salidas, tr\u00e1nsitos y llegadas forman parte de la experiencia vital de cada vez m\u00e1s personas en m\u00e1s lugares, con sus correspondientes causas y efectos. Cada d\u00eda se concibe un n\u00famero indeterminado de proyectos migratorios, inducidos por un amplio panel de determinantes, que responden a decisiones m\u00e1s o menos condicionadas. Individuos, familias, organizaciones, Estados e incluso alianzas, toman decisiones que influyen en el devenir de dicha movilidad.<\/h2>\n[\/et_pb_text][\/et_pb_column][\/et_pb_row][et_pb_row _builder_version=\u00bb4.9.7&#8243; _module_preset=\u00bbdefault\u00bb custom_padding=\u00bb||3px|||\u00bb][et_pb_column type=\u00bb4_4&#8243; _builder_version=\u00bb4.9.7&#8243; _module_preset=\u00bbdefault\u00bb][et_pb_text _builder_version=\u00bb4.9.7&#8243; _module_preset=\u00bbdefault\u00bb custom_padding=\u00bb||2px|||\u00bb]\n<p><span style=\"font-weight: 400\">La aspiraci\u00f3n de <strong>organizar la movilidad<\/strong>, mitigando sus consecuencias menos favorables y aprovechando sus m\u00faltiples y contrastados <strong>beneficios<\/strong>, est\u00e1 cada vez m\u00e1s presente en buena parte de los implicados en su manifestaci\u00f3n, sobre todo en la dimensi\u00f3n institucional a la que le toca trabajar activamente en lo que se ha venido a considerar su gesti\u00f3n. El dibujo de <a href=\"https:\/\/wp.ull.es\/canariasconvive\/experiencias-regionales-de-planificacion\/\"><strong>estrategias y planes<\/strong><\/a> en distintos niveles de actuaci\u00f3n es frecuente y supone una pr\u00e1ctica cada vez m\u00e1s extendida, habitualmente partiendo de diagn\u00f3sticos de la realidad influida por las migraciones y sus extensiones. Todo ello condicionado adem\u00e1s por las competencias o aquello que concierne a cada protagonista, casi siempre mediatizado por la acci\u00f3n pol\u00edtica y el juego de fuerzas entre distintas sensibilidades. Dicha planificaci\u00f3n asimismo responde a enfoques generales y particulares, que pueden ser m\u00e1s o menos abiertos e incluyentes en su consideraci\u00f3n de las personas que protagonizan la movilidad.<\/span><\/p>\n<p><span style=\"font-weight: 400\"><\/span><\/p>\n<p><span style=\"font-weight: 400\">Est\u00e1 claro entonces que <strong>las migraciones y sus efectos est\u00e1n cada vez m\u00e1s presentes y en m\u00e1s \u00e1mbitos<\/strong>, desde los foros de debate y decisi\u00f3n pol\u00edtica hasta las conversaciones vecinales m\u00e1s cotidianas, ocupando espacio creciente en los <strong>medios de comunicaci\u00f3n y en las redes sociales<\/strong>, generando controversia y hasta discursos de odio o provocando movimientos de solidaridad en relaci\u00f3n con las personas desplazadas. Tambi\u00e9n forman parte de las previsiones relacionadas con la planificaci\u00f3n estrat\u00e9gica en distintos niveles, puesto que, particularmente, <strong>la llegada de nuevos habitantes<\/strong> a cualquier lugar, sea temporalmente o con un proyecto de vida m\u00e1s duradero, <strong>tiene evidentes repercusiones<\/strong> sobre m\u00faltiples dimensiones de la realidad. Las relaciones sociales suponen una de esas dimensiones, con incidencia en la configuraci\u00f3n de contextos que puedan caracterizarse por situaciones de sociabilidad con rasgos de hostilidad, coexistencia o convivencia, tal y como plantea el profesor Gim\u00e9nez Romero.<\/span><\/p>\n<blockquote><\/blockquote>\n[\/et_pb_text][\/et_pb_column][\/et_pb_row][et_pb_row column_structure=\u00bb1_2,1_2&#8243; _builder_version=\u00bb4.9.7&#8243; _module_preset=\u00bbdefault\u00bb][et_pb_column type=\u00bb1_2&#8243; _builder_version=\u00bb4.9.7&#8243; _module_preset=\u00bbdefault\u00bb][et_pb_image src=\u00bbhttps:\/\/wp.ull.es\/canariasconvive\/wp-content\/uploads\/sites\/101\/2021\/10\/movilidadgeografica-flujomigratorio-canarias-convive.png\u00bb title_text=\u00bbmovilidadgeografica-flujomigratorio-canarias-convive\u00bb _builder_version=\u00bb4.9.7&#8243; _module_preset=\u00bbdefault\u00bb][\/et_pb_image][\/et_pb_column][et_pb_column type=\u00bb1_2&#8243; _builder_version=\u00bb4.9.7&#8243; _module_preset=\u00bbdefault\u00bb][et_pb_text _builder_version=\u00bb4.9.7&#8243; _module_preset=\u00bbdefault\u00bb]\n<p><span style=\"font-weight: 400\"><strong>La convivencia se convierte<\/strong> entonces <strong>en una aspiraci\u00f3n y<\/strong> al mismo tiempo<strong> en un reto<\/strong> com\u00fan en muchos lugares, especialmente en aquellos que han adquirido una dimensi\u00f3n multicultural por la amplificaci\u00f3n y la diversificaci\u00f3n de las afluencias migratorias. Convivencia como marco de relaciones que puede abordarse desde distintas perspectivas, siendo la intercultural la que se va abriendo paso de manera creciente en el escenario internacional. e repercutan en el desarrollo territorial.<\/span><\/p>\n[\/et_pb_text][\/et_pb_column][\/et_pb_row][et_pb_row _builder_version=\u00bb4.9.7&#8243; _module_preset=\u00bbdefault\u00bb][et_pb_column type=\u00bb4_4&#8243; _builder_version=\u00bb4.9.7&#8243; _module_preset=\u00bbdefault\u00bb][et_pb_text _builder_version=\u00bb4.9.7&#8243; _module_preset=\u00bbdefault\u00bb hover_enabled=\u00bb0&#8243; sticky_enabled=\u00bb0&#8243;]\n<p><span style=\"font-weight: 400\"><strong>Interculturalismo<\/strong> como enfoque que apuesta por la superaci\u00f3n de modelos incompletos para abordar una realidad cada vez m\u00e1s compleja y multidimensional, desde el impulso de acciones concretas que ahonden en sus principios generadores de inclusi\u00f3n y cohesi\u00f3n social. De este modo, <strong>la gesti\u00f3n de la diversidad<\/strong> supone un aut\u00e9ntico desaf\u00edo que requiere instrumentos adaptados a los nuevos tiempos, aunque ofrezcan una amplia trayectoria en cuanto a su aplicaci\u00f3n. Instrumentos que adem\u00e1s faciliten la concurrencia social, la construcci\u00f3n colectiva de modernos y m\u00e1s din\u00e1micos contextos de relaci\u00f3n que repercutan en el desarrollo territorial.<\/span><\/p>\n[\/et_pb_text][\/et_pb_column][\/et_pb_row][et_pb_row _builder_version=\u00bb4.9.7&#8243; _module_preset=\u00bbdefault\u00bb custom_padding=\u00bb0px|||||\u00bb][et_pb_column type=\u00bb4_4&#8243; _builder_version=\u00bb4.9.7&#8243; _module_preset=\u00bbdefault\u00bb][et_pb_text _builder_version=\u00bb4.9.7&#8243; _module_preset=\u00bbdefault\u00bb]\n<p>\u00a0<span style=\"font-weight: 400\">La <strong>participaci\u00f3n comunitaria<\/strong> es uno de esos instrumentos, alineada con las premisas del interculturalismo, sobre todo en lo que concierne a la <strong>igualdad entre las personas<\/strong> y a garantizar la posibilidad de que puedan ser part\u00edcipes de la construcci\u00f3n de las decisiones colectivas, al respeto a la diversidad humana en sus distintas manifestaciones y a la interacci\u00f3n positiva entre las personas que protagonizan una realidad territorial concreta. <strong>Participar, ser parte y asumir elementos de corresponsabilidad<\/strong>, para definir estrategias que permitan una acogida inclusiva de los nuevos habitantes y tejer con ellos y ellas, sumando al resto de actores de la sociedad de referencia, renovados marcos de convivencia. Marcos que favorezcan la cristalizaci\u00f3n de una ciudadan\u00eda de derechos y deberes, donde cualquier persona se pueda desarrollar en el plano personal, familiar y comunitario, sinti\u00e9ndose respetada e incluida, escuchada y considerada en cualquier proceso que procure la mejora com\u00fan. <strong>La intervenci\u00f3n comunitaria intercultural supone entonces un marco conceptual y una herramienta de enorme valor y potencial para alcanzar los objetivos se\u00f1alados.<\/strong><\/span><\/p>\n<p><span style=\"font-weight: 400\"><\/span><\/p>\n<p><span style=\"font-weight: 400\"><\/span><\/p>\n<blockquote><\/blockquote>\n[\/et_pb_text][\/et_pb_column][\/et_pb_row][\/et_pb_section][et_pb_section fb_built=\u00bb1&#8243; _builder_version=\u00bb4.9.7&#8243; _module_preset=\u00bbdefault\u00bb custom_padding=\u00bb2px||60px|||\u00bb saved_tabs=\u00bball\u00bb][et_pb_row _builder_version=\u00bb4.9.7&#8243; _module_preset=\u00bbdefault\u00bb][et_pb_column type=\u00bb4_4&#8243; _builder_version=\u00bb4.9.7&#8243; _module_preset=\u00bbdefault\u00bb][et_pb_text _builder_version=\u00bb4.9.7&#8243; _module_preset=\u00bbdefault\u00bb header_3_font=\u00bbLibre Franklin||||||||\u00bb]\n<h3><strong>M\u00e1s informaci\u00f3n<\/strong> Canarias convive<\/h3>\n[\/et_pb_text][\/et_pb_column][\/et_pb_row][et_pb_row column_structure=\u00bb1_2,1_2&#8243; _builder_version=\u00bb4.9.7&#8243; _module_preset=\u00bbdefault\u00bb][et_pb_column type=\u00bb1_2&#8243; _builder_version=\u00bb4.9.7&#8243; _module_preset=\u00bbdefault\u00bb][et_pb_cta button_url=\u00bbhttps:\/\/wp.ull.es\/canariasconvive\/contexto-sociodemografico\u00bb button_text=\u00bbContexto sociodemogr\u00e1fico\u00bb _builder_version=\u00bb4.9.7&#8243; _module_preset=\u00bbdefault\u00bb header_font_size=\u00bb26px\u00bb background_color=\u00bb#b15265&#8243; background_image=\u00bbhttps:\/\/wp.ull.es\/canariasconvive\/wp-content\/uploads\/sites\/101\/2021\/10\/fondo-canariasconvive.png\u00bb background_size=\u00bbinitial\u00bb background_position=\u00bbcenter_right\u00bb background_blend=\u00bbsoft-light\u00bb custom_button=\u00bbon\u00bb button_border_width=\u00bb0px\u00bb button_border_radius=\u00bb70px\u00bb button_font=\u00bbMontserrat||||||||\u00bb button_use_icon=\u00bboff\u00bb link_option_url=\u00bbhttps:\/\/wp.ull.es\/canariasconvive\/contexto-sociodemografico\u00bb border_radii=\u00bbon|15px|15px|15px|15px\u00bb][\/et_pb_cta][et_pb_cta button_url=\u00bbhttps:\/\/wp.ull.es\/canariasconvive\/marco-competencial\/\u00bb button_text=\u00bbMarco competencial\u00bb _builder_version=\u00bb4.9.7&#8243; _module_preset=\u00bbdefault\u00bb header_font_size=\u00bb26px\u00bb background_color=\u00bb#979c2f\u00bb background_image=\u00bbhttps:\/\/wp.ull.es\/canariasconvive\/wp-content\/uploads\/sites\/101\/2021\/10\/fondo-canariasconvive.png\u00bb background_size=\u00bbinitial\u00bb background_position=\u00bbcenter_left\u00bb background_blend=\u00bbsoft-light\u00bb custom_button=\u00bbon\u00bb button_border_width=\u00bb0px\u00bb button_border_radius=\u00bb70px\u00bb button_font=\u00bbMontserrat||||||||\u00bb button_use_icon=\u00bboff\u00bb link_option_url=\u00bbhttps:\/\/wp.ull.es\/canariasconvive\/marco-competencial\/\u00bb border_radii=\u00bbon|15px|15px|15px|15px\u00bb][\/et_pb_cta][\/et_pb_column][et_pb_column type=\u00bb1_2&#8243; _builder_version=\u00bb4.9.7&#8243; _module_preset=\u00bbdefault\u00bb][et_pb_cta button_url=\u00bbhttps:\/\/wp.ull.es\/canariasconvive\/agenda-2030-y-ods\/\u00bb button_text=\u00bbAgenda 2030 y ODS\u00bb _builder_version=\u00bb4.9.7&#8243; _module_preset=\u00bbdefault\u00bb header_font_size=\u00bb26px\u00bb background_color=\u00bb#0d4e47&#8243; background_image=\u00bbhttps:\/\/wp.ull.es\/canariasconvive\/wp-content\/uploads\/sites\/101\/2021\/10\/fondo-canariasconvive.png\u00bb background_size=\u00bbinitial\u00bb background_position=\u00bbtop_right\u00bb background_blend=\u00bbsoft-light\u00bb custom_button=\u00bbon\u00bb button_border_width=\u00bb0px\u00bb button_border_radius=\u00bb70px\u00bb button_font=\u00bbMontserrat||||||||\u00bb button_use_icon=\u00bboff\u00bb link_option_url=\u00bbhttps:\/\/wp.ull.es\/canariasconvive\/agenda-2030-y-ods\/\u00bb border_radii=\u00bbon|15px|15px|15px|15px\u00bb][\/et_pb_cta][et_pb_cta button_url=\u00bbhttps:\/\/wp.ull.es\/canariasconvive\/marco-inspirador\/\u00bb button_text=\u00bbMarco inspirador\u00bb _builder_version=\u00bb4.9.7&#8243; _module_preset=\u00bbdefault\u00bb header_font_size=\u00bb26px\u00bb background_image=\u00bbhttps:\/\/wp.ull.es\/canariasconvive\/wp-content\/uploads\/sites\/101\/2021\/10\/fondo-canariasconvive.png\u00bb background_size=\u00bbinitial\u00bb background_position=\u00bbbottom_left\u00bb background_blend=\u00bbsoft-light\u00bb custom_button=\u00bbon\u00bb button_border_width=\u00bb0px\u00bb button_border_radius=\u00bb70px\u00bb button_font=\u00bbMontserrat||||||||\u00bb button_use_icon=\u00bboff\u00bb link_option_url=\u00bbhttps:\/\/wp.ull.es\/canariasconvive\/marco-inspirador\/\u00bb border_radii=\u00bbon|15px|15px|15px|15px\u00bb][\/et_pb_cta][\/et_pb_column][\/et_pb_row][\/et_pb_section][et_pb_section fb_built=\u00bb1&#8243; disabled_on=\u00bbon|on|off\u00bb _builder_version=\u00bb4.9.7&#8243; _module_preset=\u00bbdefault\u00bb background_color=\u00bbrgba(0,0,0,0.08)\u00bb custom_padding=\u00bb35px||35px|||\u00bb global_module=\u00bb731&#8243; saved_tabs=\u00bball\u00bb][et_pb_row column_structure=\u00bb1_4,1_4,1_4,1_4&#8243; _builder_version=\u00bb4.9.7&#8243; _module_preset=\u00bbdefault\u00bb custom_padding=\u00bb||0px|||\u00bb][et_pb_column type=\u00bb1_4&#8243; _builder_version=\u00bb4.9.7&#8243; _module_preset=\u00bbdefault\u00bb][et_pb_image src=\u00bbhttps:\/\/wp.ull.es\/canariasconvive\/wp-content\/uploads\/sites\/101\/2021\/08\/logo-color-canariasconvive.png\u00bb title_text=\u00bblogo-color-canariasconvive\u00bb url=\u00bbhttps:\/\/canariasconvive.com\u00bb disabled_on=\u00bboff|off|off\u00bb _builder_version=\u00bb4.9.7&#8243; _module_preset=\u00bbdefault\u00bb][\/et_pb_image][\/et_pb_column][et_pb_column type=\u00bb1_4&#8243; _builder_version=\u00bb4.9.7&#8243; _module_preset=\u00bbdefault\u00bb][et_pb_text _builder_version=\u00bb4.9.7&#8243; _module_preset=\u00bbdefault\u00bb text_text_color=\u00bbrgba(0,0,0,0.51)\u00bb text_font_size=\u00bb14px\u00bb]\n<p style=\"text-align: center\"><span style=\"color: #333333\"><a href=\"https:\/\/wp.ull.es\/canariasconvive\/#detalles\" style=\"color: #333333\">Detalles del programa<\/a><\/span><\/p>\n<p style=\"text-align: center\"><span style=\"color: #333333\"><a href=\"https:\/\/wp.ull.es\/canariasconvive\/mapa-de-actores\/\" style=\"color: #333333\">Mapa de actores<\/a><\/span><\/p>\n<p style=\"text-align: center\"><span style=\"color: #333333\"><a href=\"https:\/\/wp.ull.es\/canariasconvive\/fondo-documental-canario\/\" style=\"color: #333333\">Fondo documental<\/a><\/span><\/p>\n[\/et_pb_text][\/et_pb_column][et_pb_column type=\u00bb1_4&#8243; _builder_version=\u00bb4.9.7&#8243; _module_preset=\u00bbdefault\u00bb][et_pb_text _builder_version=\u00bb4.9.7&#8243; _module_preset=\u00bbdefault\u00bb text_font_size=\u00bb14px\u00bb]\n<p style=\"text-align: center\"><span style=\"color: #333333\"><a href=\"https:\/\/wp.ull.es\/canariasconvive\/planes-regionales\/\" style=\"color: #333333\">Planes regionales<\/a><\/span><\/p>\n<p style=\"text-align: center\"><span style=\"color: #333333\"><a href=\"https:\/\/wp.ull.es\/canariasconvive\/noticias\/\" style=\"color: #333333\">Noticias<\/a><\/span><\/p>\n<p style=\"text-align: center\"><span style=\"color: #333333\"><a href=\"https:\/\/wp.ull.es\/canariasconvive\/contacto\/\" style=\"color: #333333\">Contacto<\/a><\/span><\/p>\n[\/et_pb_text][\/et_pb_column][et_pb_column type=\u00bb1_4&#8243; _builder_version=\u00bb4.9.7&#8243; _module_preset=\u00bbdefault\u00bb][et_pb_text _builder_version=\u00bb4.9.7&#8243; _module_preset=\u00bbdefault\u00bb text_font_size=\u00bb14px\u00bb]\n<p style=\"text-align: center\"><a href=\"https:\/\/www.ull.es\/informacion-sobre-web-institucional\/#aviso-confidencialidad\" target=\"_blank\" rel=\"noopener\"><\/a><span style=\"color: #333333\"><a href=\"https:\/\/www.ull.es\/informacion-sobre-web-institucional\/#politica-uso-cookies\" target=\"_blank\" rel=\"noopener\" style=\"color: #333333\">Pol\u00edtica de cookies<\/a><\/span><\/p>\n<p style=\"text-align: center\"><span style=\"color: #333333\"><a href=\"https:\/\/www.ull.es\/informacion-sobre-web-institucional\/#aviso-confidencialidad\" target=\"_blank\" rel=\"noopener\" style=\"color: #333333\">Pol\u00edtica de privacidad<\/a><\/span><\/p>\n<p style=\"text-align: center\">[\/et_pb_text][et_pb_social_media_follow icon_color=\u00bbrgba(0,0,0,0.48)\u00bb _builder_version=\u00bb4.9.7&#8243; _module_preset=\u00bbdefault\u00bb text_orientation=\u00bbcenter\u00bb custom_margin=\u00bb-35px||||false|false\u00bb][et_pb_social_media_follow_network social_network=\u00bbfacebook\u00bb url=\u00bbhttps:\/\/www.facebook.com\/canariasconvive\u00bb _builder_version=\u00bb4.9.7&#8243; _module_preset=\u00bbdefault\u00bb background_enable_color=\u00bboff\u00bb follow_button=\u00bboff\u00bb url_new_window=\u00bbon\u00bb]facebook[\/et_pb_social_media_follow_network][et_pb_social_media_follow_network social_network=\u00bbtwitter\u00bb url=\u00bbhttps:\/\/twitter.com\/canariasconvive\u00bb _builder_version=\u00bb4.9.7&#8243; _module_preset=\u00bbdefault\u00bb background_enable_color=\u00bboff\u00bb follow_button=\u00bboff\u00bb url_new_window=\u00bbon\u00bb]twitter[\/et_pb_social_media_follow_network][et_pb_social_media_follow_network social_network=\u00bbinstagram\u00bb url=\u00bbhttps:\/\/www.instagram.com\/canariasconvive\/\u00bb _builder_version=\u00bb4.9.7&#8243; _module_preset=\u00bbdefault\u00bb background_enable_color=\u00bboff\u00bb follow_button=\u00bboff\u00bb url_new_window=\u00bbon\u00bb]instagram[\/et_pb_social_media_follow_network][\/et_pb_social_media_follow][\/et_pb_column][\/et_pb_row][et_pb_row _builder_version=\u00bb4.9.7&#8243; _module_preset=\u00bbdefault\u00bb custom_padding=\u00bb||0px|||\u00bb][et_pb_column type=\u00bb4_4&#8243; _builder_version=\u00bb4.9.7&#8243; _module_preset=\u00bbdefault\u00bb][et_pb_divider color=\u00bbrgba(0,0,0,0.4)\u00bb _builder_version=\u00bb4.9.7&#8243; _module_preset=\u00bbdefault\u00bb custom_margin=\u00bb||3px|||\u00bb custom_padding=\u00bb||7px|||\u00bb][\/et_pb_divider][\/et_pb_column][\/et_pb_row][et_pb_row column_structure=\u00bb1_4,1_4,1_4,1_4&#8243; _builder_version=\u00bb4.9.7&#8243; _module_preset=\u00bbdefault\u00bb custom_padding=\u00bb4px||5px|||\u00bb][et_pb_column type=\u00bb1_4&#8243; _builder_version=\u00bb4.9.7&#8243; _module_preset=\u00bbdefault\u00bb][et_pb_image src=\u00bbhttps:\/\/wp.ull.es\/canariasconvive\/wp-content\/uploads\/sites\/101\/2022\/01\/Logo-Gobcan-SS.png\u00bb title_text=\u00bbLogo Gobcan SS\u00bb url=\u00bbhttps:\/\/canariasconvive.com\u00bb disabled_on=\u00bboff|off|off\u00bb _builder_version=\u00bb4.9.7&#8243; _module_preset=\u00bbdefault\u00bb custom_margin=\u00bb-4px||||false|false\u00bb][\/et_pb_image][\/et_pb_column][et_pb_column type=\u00bb1_4&#8243; _builder_version=\u00bb4.9.7&#8243; _module_preset=\u00bbdefault\u00bb][et_pb_image src=\u00bbhttps:\/\/wp.ull.es\/canariasconvive\/wp-content\/uploads\/sites\/101\/2021\/09\/logo-ull-canariasconvive.png\u00bb title_text=\u00bblogo-ull-canariasconvive\u00bb align=\u00bbcenter\u00bb _builder_version=\u00bb4.9.7&#8243; _module_preset=\u00bbdefault\u00bb width=\u00bb60%\u00bb module_alignment=\u00bbcenter\u00bb custom_margin=\u00bb5px||||false|false\u00bb][\/et_pb_image][\/et_pb_column][et_pb_column type=\u00bb1_4&#8243; _builder_version=\u00bb4.9.7&#8243; _module_preset=\u00bbdefault\u00bb][\/et_pb_column][et_pb_column type=\u00bb1_4&#8243; _builder_version=\u00bb4.9.7&#8243; _module_preset=\u00bbdefault\u00bb][et_pb_text _builder_version=\u00bb4.9.7&#8243; _module_preset=\u00bbdefault\u00bb header_6_font_size=\u00bb11px\u00bb text_orientation=\u00bbcenter\u00bb link_option_url=\u00bbhttps:\/\/noareal.com\u00bb]\n<h6 style=\"text-align: center\"><a href=\"https:\/\/www.ull.es\/informacion-sobre-web-institucional\/#aviso-confidencialidad\" target=\"_blank\" rel=\"noopener\"><\/a>Dise\u00f1o web: <br \/><a href=\"https:\/\/noareal.com\">noareal.com<\/a><\/h6>\n<p style=\"text-align: center\">[\/et_pb_text][\/et_pb_column][\/et_pb_row][\/et_pb_section][et_pb_section fb_built=\u00bb1&#8243; disabled_on=\u00bboff|off|on\u00bb _builder_version=\u00bb4.9.7&#8243; _module_preset=\u00bbdefault\u00bb background_color=\u00bbrgba(0,0,0,0.08)\u00bb custom_padding=\u00bb||13px|||\u00bb global_module=\u00bb732&#8243; saved_tabs=\u00bball\u00bb][et_pb_row column_structure=\u00bb1_4,1_4,1_4,1_4&#8243; _builder_version=\u00bb4.9.7&#8243; _module_preset=\u00bbdefault\u00bb][et_pb_column type=\u00bb1_4&#8243; _builder_version=\u00bb4.9.7&#8243; _module_preset=\u00bbdefault\u00bb][et_pb_image src=\u00bbhttps:\/\/wp.ull.es\/canariasconvive\/wp-content\/uploads\/sites\/101\/2021\/08\/logo-color-canariasconvive.png\u00bb title_text=\u00bblogo-color-canariasconvive\u00bb url=\u00bbhttps:\/\/canariasconvive.com\u00bb disabled_on=\u00bboff|off|off\u00bb _builder_version=\u00bb4.9.7&#8243; _module_preset=\u00bbdefault\u00bb][\/et_pb_image][\/et_pb_column][et_pb_column type=\u00bb1_4&#8243; _builder_version=\u00bb4.9.7&#8243; _module_preset=\u00bbdefault\u00bb][et_pb_image src=\u00bbhttps:\/\/wp.ull.es\/canariasconvive\/wp-content\/uploads\/sites\/101\/2022\/01\/Logo-Gobcan-SS.png\u00bb title_text=\u00bbLogo Gobcan SS\u00bb _builder_version=\u00bb4.9.7&#8243; _module_preset=\u00bbdefault\u00bb width=\u00bb80%\u00bb module_alignment=\u00bbcenter\u00bb][\/et_pb_image][et_pb_image src=\u00bbhttps:\/\/wp.ull.es\/canariasconvive\/wp-content\/uploads\/sites\/101\/2021\/09\/logo-ull-canariasconvive.png\u00bb title_text=\u00bblogo-ull-canariasconvive\u00bb _builder_version=\u00bb4.9.7&#8243; _module_preset=\u00bbdefault\u00bb width=\u00bb65%\u00bb module_alignment=\u00bbcenter\u00bb][\/et_pb_image][\/et_pb_column][et_pb_column type=\u00bb1_4&#8243; _builder_version=\u00bb4.9.7&#8243; _module_preset=\u00bbdefault\u00bb][et_pb_text _builder_version=\u00bb4.9.7&#8243; _module_preset=\u00bbdefault\u00bb]\n<p style=\"text-align: center\"><span style=\"color: #333333\"><a href=\"https:\/\/wp.ull.es\/canariasconvive\/#detalles\" style=\"color: #333333\">Detalles del programa<\/a><\/span><\/p>\n<p style=\"text-align: center\"><span style=\"color: #333333\"><a href=\"https:\/\/wp.ull.es\/canariasconvive\/mapa-de-actores\/\" style=\"color: #333333\">Mapa de actores<\/a><\/span><\/p>\n<p style=\"text-align: center\"><span style=\"color: #333333\"><a href=\"https:\/\/wp.ull.es\/canariasconvive\/fondo-documental-canario\/\" style=\"color: #333333\">Fondo documental<\/a><\/span><\/p>\n[\/et_pb_text][\/et_pb_column][et_pb_column type=\u00bb1_4&#8243; _builder_version=\u00bb4.9.7&#8243; _module_preset=\u00bbdefault\u00bb][et_pb_text _builder_version=\u00bb4.9.7&#8243; _module_preset=\u00bbdefault\u00bb]\n<p style=\"text-align: center\"><span style=\"color: #333333\"><a href=\"https:\/\/wp.ull.es\/canariasconvive\/planes-regionales\/\" style=\"color: #333333\">Planes regionales<\/a><\/span><\/p>\n<p style=\"text-align: center\"><span style=\"color: #333333\"><a href=\"https:\/\/wp.ull.es\/canariasconvive\/noticias\/\" style=\"color: #333333\">Noticias<\/a><\/span><\/p>\n<p style=\"text-align: center\"><span style=\"color: #333333\"><a href=\"https:\/\/wp.ull.es\/canariasconvive\/contacto\/\" style=\"color: #333333\">Contacto<\/a><\/span><\/p>\n[\/et_pb_text][et_pb_social_media_follow icon_color=\u00bbrgba(0,0,0,0.48)\u00bb _builder_version=\u00bb4.9.7&#8243; _module_preset=\u00bbdefault\u00bb text_orientation=\u00bbcenter\u00bb][et_pb_social_media_follow_network social_network=\u00bbfacebook\u00bb url=\u00bbhttps:\/\/www.facebook.com\/canariasconvive\u00bb _builder_version=\u00bb4.9.7&#8243; _module_preset=\u00bbdefault\u00bb background_enable_color=\u00bboff\u00bb follow_button=\u00bboff\u00bb url_new_window=\u00bbon\u00bb]facebook[\/et_pb_social_media_follow_network][et_pb_social_media_follow_network social_network=\u00bbtwitter\u00bb url=\u00bbhttps:\/\/twitter.com\/canariasconvive\u00bb _builder_version=\u00bb4.9.7&#8243; _module_preset=\u00bbdefault\u00bb background_enable_color=\u00bboff\u00bb follow_button=\u00bboff\u00bb url_new_window=\u00bbon\u00bb]twitter[\/et_pb_social_media_follow_network][et_pb_social_media_follow_network social_network=\u00bbinstagram\u00bb url=\u00bbhttps:\/\/www.instagram.com\/canariasconvive\/\u00bb _builder_version=\u00bb4.9.7&#8243; _module_preset=\u00bbdefault\u00bb background_enable_color=\u00bboff\u00bb follow_button=\u00bboff\u00bb url_new_window=\u00bbon\u00bb]instagram[\/et_pb_social_media_follow_network][\/et_pb_social_media_follow][\/et_pb_column][\/et_pb_row][et_pb_row _builder_version=\u00bb4.9.7&#8243; _module_preset=\u00bbdefault\u00bb][et_pb_column type=\u00bb4_4&#8243; _builder_version=\u00bb4.9.7&#8243; _module_preset=\u00bbdefault\u00bb][et_pb_divider color=\u00bbrgba(0,0,0,0.62)\u00bb _builder_version=\u00bb4.9.7&#8243; _module_preset=\u00bbdefault\u00bb custom_margin=\u00bb||25px|||\u00bb][\/et_pb_divider][et_pb_text _builder_version=\u00bb4.9.7&#8243; _module_preset=\u00bbdefault\u00bb]\n<p style=\"text-align: center\"><a href=\"https:\/\/www.ull.es\/informacion-sobre-web-institucional\/#aviso-confidencialidad\" target=\"_blank\" rel=\"noopener\"><\/a><span style=\"color: #333333\"><a href=\"https:\/\/www.ull.es\/informacion-sobre-web-institucional\/#politica-uso-cookies\" target=\"_blank\" rel=\"noopener\" style=\"color: #333333\">Pol\u00edtica de cookies<\/a><\/span><\/p>\n<p style=\"text-align: center\"><span style=\"color: #333333\"><a href=\"https:\/\/www.ull.es\/informacion-sobre-web-institucional\/#aviso-confidencialidad\" target=\"_blank\" rel=\"noopener\" style=\"color: #333333\">Pol\u00edtica de privacidad<\/a><\/span><\/p>\n<p style=\"text-align: center\">[\/et_pb_text][et_pb_text _builder_version=\u00bb4.9.7&#8243; _module_preset=\u00bbdefault\u00bb header_6_font_size=\u00bb11px\u00bb link_option_url=\u00bbhttps:\/\/noareal.com\u00bb]\n<h6 style=\"text-align: center\"><a href=\"https:\/\/www.ull.es\/informacion-sobre-web-institucional\/#aviso-confidencialidad\" target=\"_blank\" rel=\"noopener\"><\/a>Dise\u00f1o web: <a href=\"https:\/\/noareal.com\">noareal.com<\/a><\/h6>\n<p style=\"text-align: center\">[\/et_pb_text][\/et_pb_column][\/et_pb_row][\/et_pb_section]\n","protected":false},"excerpt":{"rendered":"<p>[et_pb_section fb_built=\u00bb1&#8243; admin_label=\u00bbTestimonials\u00bb _builder_version=\u00bb4.9.7&#8243; use_background_color_gradient=\u00bbon\u00bb background_color_gradient_start=\u00bb#ffffff\u00bb background_color_gradient_end=\u00bb#ffffff\u00bb background_color_gradient_type=\u00bbradial\u00bb background_color_gradient_start_position=\u00bb80%\u00bb background_color_gradient_end_position=\u00bb20%\u00bb custom_margin=\u00bb0px|||||\u00bb custom_padding=\u00bb54px|0px|4px|0px|false|false\u00bb][et_pb_row _builder_version=\u00bb4.9.7&#8243; _module_preset=\u00bbdefault\u00bb custom_margin=\u00bb50px|auto||auto||\u00bb][et_pb_column type=\u00bb4_4&#8243; _builder_version=\u00bb4.9.7&#8243; _module_preset=\u00bbdefault\u00bb][et_pb_text _builder_version=\u00bb4.9.7&#8243; text_font=\u00bb||||||||\u00bb header_font=\u00bb||||||||\u00bb header_2_font=\u00bbLibre Franklin|300|||||||\u00bb header_2_text_color=\u00bb#000000&#8243; header_2_font_size=\u00bb48px\u00bb header_2_line_height=\u00bb1.4em\u00bb header_2_font_size_tablet=\u00bb42px\u00bb header_2_font_size_phone=\u00bb32px\u00bb header_2_font_size_last_edited=\u00bbon|phone\u00bb locked=\u00bboff\u00bb] Marco conceptual [\/et_pb_text][et_pb_text _builder_version=\u00bb4.9.7&#8243; _module_preset=\u00bbdefault\u00bb text_text_color=\u00bb#000000&#8243; text_font_size=\u00bb23px\u00bb text_line_height=\u00bb1.5em\u00bb header_2_text_color=\u00bb#000000&#8243; header_2_font_size=\u00bb20px\u00bb header_2_line_height=\u00bb1.5em\u00bb header_2_font_size_tablet=\u00bb\u00bb header_2_font_size_phone=\u00bb17px\u00bb header_2_font_size_last_edited=\u00bbon|phone\u00bb] La movilidad geogr\u00e1fica de la poblaci\u00f3n ha constituido uno de los [&hellip;]<\/p>\n","protected":false},"author":255,"featured_media":0,"parent":0,"menu_order":0,"comment_status":"closed","ping_status":"closed","template":"","meta":{"_et_pb_use_builder":"on","_et_pb_old_content":"","_et_gb_content_width":"","ngg_post_thumbnail":0,"footnotes":""},"class_list":["post-182","page","type-page","status-publish","hentry"],"yoast_head":"<!-- This site is optimized with the Yoast SEO plugin v27.5 - https:\/\/yoast.com\/product\/yoast-seo-wordpress\/ -->\n<title>Marco conceptual - canariasconvive<\/title>\n<meta name=\"robots\" content=\"index, follow, max-snippet:-1, max-image-preview:large, max-video-preview:-1\" \/>\n<link rel=\"canonical\" href=\"https:\/\/wp.ull.es\/canariasconvive\/marco-conceptual\/\" \/>\n<meta property=\"og:locale\" content=\"es_ES\" \/>\n<meta property=\"og:type\" content=\"article\" \/>\n<meta property=\"og:title\" content=\"Marco conceptual - canariasconvive\" \/>\n<meta property=\"og:description\" content=\"[et_pb_section fb_built=\u00bb1&#8243; admin_label=\u00bbTestimonials\u00bb _builder_version=\u00bb4.9.7&#8243; use_background_color_gradient=\u00bbon\u00bb background_color_gradient_start=\u00bb#ffffff\u00bb background_color_gradient_end=\u00bb#ffffff\u00bb background_color_gradient_type=\u00bbradial\u00bb background_color_gradient_start_position=\u00bb80%\u00bb background_color_gradient_end_position=\u00bb20%\u00bb custom_margin=\u00bb0px|||||\u00bb custom_padding=\u00bb54px|0px|4px|0px|false|false\u00bb][et_pb_row _builder_version=\u00bb4.9.7&#8243; _module_preset=\u00bbdefault\u00bb custom_margin=\u00bb50px|auto||auto||\u00bb][et_pb_column type=\u00bb4_4&#8243; _builder_version=\u00bb4.9.7&#8243; _module_preset=\u00bbdefault\u00bb][et_pb_text _builder_version=\u00bb4.9.7&#8243; text_font=\u00bb||||||||\u00bb header_font=\u00bb||||||||\u00bb header_2_font=\u00bbLibre Franklin|300|||||||\u00bb header_2_text_color=\u00bb#000000&#8243; header_2_font_size=\u00bb48px\u00bb header_2_line_height=\u00bb1.4em\u00bb header_2_font_size_tablet=\u00bb42px\u00bb header_2_font_size_phone=\u00bb32px\u00bb header_2_font_size_last_edited=\u00bbon|phone\u00bb locked=\u00bboff\u00bb] Marco conceptual [\/et_pb_text][et_pb_text _builder_version=\u00bb4.9.7&#8243; _module_preset=\u00bbdefault\u00bb text_text_color=\u00bb#000000&#8243; text_font_size=\u00bb23px\u00bb text_line_height=\u00bb1.5em\u00bb header_2_text_color=\u00bb#000000&#8243; header_2_font_size=\u00bb20px\u00bb header_2_line_height=\u00bb1.5em\u00bb header_2_font_size_tablet=\u00bb\u00bb header_2_font_size_phone=\u00bb17px\u00bb header_2_font_size_last_edited=\u00bbon|phone\u00bb] La movilidad geogr\u00e1fica de la poblaci\u00f3n ha constituido uno de los [&hellip;]\" \/>\n<meta property=\"og:url\" content=\"https:\/\/wp.ull.es\/canariasconvive\/marco-conceptual\/\" \/>\n<meta property=\"og:site_name\" content=\"canariasconvive\" \/>\n<meta property=\"article:modified_time\" content=\"2022-05-31T07:38:23+00:00\" \/>\n<meta name=\"twitter:card\" content=\"summary_large_image\" \/>\n<meta name=\"twitter:label1\" content=\"Tiempo de lectura\" \/>\n\t<meta name=\"twitter:data1\" content=\"5 minutos\" \/>\n<script type=\"application\/ld+json\" class=\"yoast-schema-graph\">{\"@context\":\"https:\\\/\\\/schema.org\",\"@graph\":[{\"@type\":\"WebPage\",\"@id\":\"https:\\\/\\\/wp.ull.es\\\/canariasconvive\\\/marco-conceptual\\\/\",\"url\":\"https:\\\/\\\/wp.ull.es\\\/canariasconvive\\\/marco-conceptual\\\/\",\"name\":\"Marco conceptual - canariasconvive\",\"isPartOf\":{\"@id\":\"https:\\\/\\\/wp.ull.es\\\/canariasconvive\\\/#website\"},\"datePublished\":\"2021-08-26T19:18:38+00:00\",\"dateModified\":\"2022-05-31T07:38:23+00:00\",\"breadcrumb\":{\"@id\":\"https:\\\/\\\/wp.ull.es\\\/canariasconvive\\\/marco-conceptual\\\/#breadcrumb\"},\"inLanguage\":\"es\",\"potentialAction\":[{\"@type\":\"ReadAction\",\"target\":[\"https:\\\/\\\/wp.ull.es\\\/canariasconvive\\\/marco-conceptual\\\/\"]}]},{\"@type\":\"BreadcrumbList\",\"@id\":\"https:\\\/\\\/wp.ull.es\\\/canariasconvive\\\/marco-conceptual\\\/#breadcrumb\",\"itemListElement\":[{\"@type\":\"ListItem\",\"position\":1,\"name\":\"Portada\",\"item\":\"https:\\\/\\\/wp.ull.es\\\/canariasconvive\\\/\"},{\"@type\":\"ListItem\",\"position\":2,\"name\":\"Marco conceptual\"}]},{\"@type\":\"WebSite\",\"@id\":\"https:\\\/\\\/wp.ull.es\\\/canariasconvive\\\/#website\",\"url\":\"https:\\\/\\\/wp.ull.es\\\/canariasconvive\\\/\",\"name\":\"canariasconvive\",\"description\":\"Programa de intervenci\u00f3n para la gesti\u00f3n estrat\u00e9gica de la (in)migraci\u00f3n y la promoci\u00f3n de la convivencia intercultural en Canarias\",\"potentialAction\":[{\"@type\":\"SearchAction\",\"target\":{\"@type\":\"EntryPoint\",\"urlTemplate\":\"https:\\\/\\\/wp.ull.es\\\/canariasconvive\\\/?s={search_term_string}\"},\"query-input\":{\"@type\":\"PropertyValueSpecification\",\"valueRequired\":true,\"valueName\":\"search_term_string\"}}],\"inLanguage\":\"es\"}]}<\/script>\n<!-- \/ Yoast SEO plugin. -->","yoast_head_json":{"title":"Marco conceptual - canariasconvive","robots":{"index":"index","follow":"follow","max-snippet":"max-snippet:-1","max-image-preview":"max-image-preview:large","max-video-preview":"max-video-preview:-1"},"canonical":"https:\/\/wp.ull.es\/canariasconvive\/marco-conceptual\/","og_locale":"es_ES","og_type":"article","og_title":"Marco conceptual - canariasconvive","og_description":"[et_pb_section fb_built=\u00bb1&#8243; admin_label=\u00bbTestimonials\u00bb _builder_version=\u00bb4.9.7&#8243; use_background_color_gradient=\u00bbon\u00bb background_color_gradient_start=\u00bb#ffffff\u00bb background_color_gradient_end=\u00bb#ffffff\u00bb background_color_gradient_type=\u00bbradial\u00bb background_color_gradient_start_position=\u00bb80%\u00bb background_color_gradient_end_position=\u00bb20%\u00bb custom_margin=\u00bb0px|||||\u00bb custom_padding=\u00bb54px|0px|4px|0px|false|false\u00bb][et_pb_row _builder_version=\u00bb4.9.7&#8243; _module_preset=\u00bbdefault\u00bb custom_margin=\u00bb50px|auto||auto||\u00bb][et_pb_column type=\u00bb4_4&#8243; _builder_version=\u00bb4.9.7&#8243; _module_preset=\u00bbdefault\u00bb][et_pb_text _builder_version=\u00bb4.9.7&#8243; text_font=\u00bb||||||||\u00bb header_font=\u00bb||||||||\u00bb header_2_font=\u00bbLibre Franklin|300|||||||\u00bb header_2_text_color=\u00bb#000000&#8243; header_2_font_size=\u00bb48px\u00bb header_2_line_height=\u00bb1.4em\u00bb header_2_font_size_tablet=\u00bb42px\u00bb header_2_font_size_phone=\u00bb32px\u00bb header_2_font_size_last_edited=\u00bbon|phone\u00bb locked=\u00bboff\u00bb] Marco conceptual [\/et_pb_text][et_pb_text _builder_version=\u00bb4.9.7&#8243; _module_preset=\u00bbdefault\u00bb text_text_color=\u00bb#000000&#8243; text_font_size=\u00bb23px\u00bb text_line_height=\u00bb1.5em\u00bb header_2_text_color=\u00bb#000000&#8243; header_2_font_size=\u00bb20px\u00bb header_2_line_height=\u00bb1.5em\u00bb header_2_font_size_tablet=\u00bb\u00bb header_2_font_size_phone=\u00bb17px\u00bb header_2_font_size_last_edited=\u00bbon|phone\u00bb] La movilidad geogr\u00e1fica de la poblaci\u00f3n ha constituido uno de los [&hellip;]","og_url":"https:\/\/wp.ull.es\/canariasconvive\/marco-conceptual\/","og_site_name":"canariasconvive","article_modified_time":"2022-05-31T07:38:23+00:00","twitter_card":"summary_large_image","twitter_misc":{"Tiempo de lectura":"5 minutos"},"schema":{"@context":"https:\/\/schema.org","@graph":[{"@type":"WebPage","@id":"https:\/\/wp.ull.es\/canariasconvive\/marco-conceptual\/","url":"https:\/\/wp.ull.es\/canariasconvive\/marco-conceptual\/","name":"Marco conceptual - canariasconvive","isPartOf":{"@id":"https:\/\/wp.ull.es\/canariasconvive\/#website"},"datePublished":"2021-08-26T19:18:38+00:00","dateModified":"2022-05-31T07:38:23+00:00","breadcrumb":{"@id":"https:\/\/wp.ull.es\/canariasconvive\/marco-conceptual\/#breadcrumb"},"inLanguage":"es","potentialAction":[{"@type":"ReadAction","target":["https:\/\/wp.ull.es\/canariasconvive\/marco-conceptual\/"]}]},{"@type":"BreadcrumbList","@id":"https:\/\/wp.ull.es\/canariasconvive\/marco-conceptual\/#breadcrumb","itemListElement":[{"@type":"ListItem","position":1,"name":"Portada","item":"https:\/\/wp.ull.es\/canariasconvive\/"},{"@type":"ListItem","position":2,"name":"Marco conceptual"}]},{"@type":"WebSite","@id":"https:\/\/wp.ull.es\/canariasconvive\/#website","url":"https:\/\/wp.ull.es\/canariasconvive\/","name":"canariasconvive","description":"Programa de intervenci\u00f3n para la gesti\u00f3n estrat\u00e9gica de la (in)migraci\u00f3n y la promoci\u00f3n de la convivencia intercultural en Canarias","potentialAction":[{"@type":"SearchAction","target":{"@type":"EntryPoint","urlTemplate":"https:\/\/wp.ull.es\/canariasconvive\/?s={search_term_string}"},"query-input":{"@type":"PropertyValueSpecification","valueRequired":true,"valueName":"search_term_string"}}],"inLanguage":"es"}]}},"_links":{"self":[{"href":"https:\/\/wp.ull.es\/canariasconvive\/wp-json\/wp\/v2\/pages\/182","targetHints":{"allow":["GET"]}}],"collection":[{"href":"https:\/\/wp.ull.es\/canariasconvive\/wp-json\/wp\/v2\/pages"}],"about":[{"href":"https:\/\/wp.ull.es\/canariasconvive\/wp-json\/wp\/v2\/types\/page"}],"author":[{"embeddable":true,"href":"https:\/\/wp.ull.es\/canariasconvive\/wp-json\/wp\/v2\/users\/255"}],"replies":[{"embeddable":true,"href":"https:\/\/wp.ull.es\/canariasconvive\/wp-json\/wp\/v2\/comments?post=182"}],"version-history":[{"count":2,"href":"https:\/\/wp.ull.es\/canariasconvive\/wp-json\/wp\/v2\/pages\/182\/revisions"}],"predecessor-version":[{"id":2862,"href":"https:\/\/wp.ull.es\/canariasconvive\/wp-json\/wp\/v2\/pages\/182\/revisions\/2862"}],"wp:attachment":[{"href":"https:\/\/wp.ull.es\/canariasconvive\/wp-json\/wp\/v2\/media?parent=182"}],"curies":[{"name":"wp","href":"https:\/\/api.w.org\/{rel}","templated":true}]}}