{"id":11,"date":"2023-09-15T12:05:31","date_gmt":"2023-09-15T10:05:31","guid":{"rendered":"https:\/\/wp.ull.es\/calvarez\/?page_id=11"},"modified":"2025-08-29T23:11:26","modified_gmt":"2025-08-29T22:11:26","slug":"publications","status":"publish","type":"page","link":"https:\/\/wp.ull.es\/calvarez\/publications\/","title":{"rendered":"Scientific Publications"},"content":{"rendered":"\n<p>\u00c1lvarez, C. J. (1990): Unidades subl\u00e9xicas de procesamiento en castellano: la s\u00edlaba.&nbsp;<em>Cuadernos de I.N.I.C.E.,<\/em>&nbsp;<em>32<\/em>, 309-317.<\/p>\n\n\n\n<p>\u00c1lvarez, C. J. &amp; Carreiras, M. (1991): Decisi\u00f3n l\u00e9xica versus naming: dos m\u00e9todos en disputa.&nbsp;<em>Qurriculum<\/em>,&nbsp;<em>1\/2,<\/em>359-363.<\/p>\n\n\n\n<p>\u00c1lvarez, C. J. (1991): \u00bfS\u00edlaba o bigrama? Psicoling\u00fc\u00edstica y reconocimiento visual de palabras.&nbsp;<em>Cuadernos del I.N.I.C.E.,<\/em>&nbsp;<em>42<\/em>, 235-241&nbsp;<\/p>\n\n\n\n<p>\u00c1lvarez, C. J., Carreiras, M. &amp; De Vega, M. (1992): Estudio estad\u00edstico de la ortograf\u00eda castellana: (1) la frecuencia sil\u00e1bica.&nbsp;<em>Cognitiva<\/em>,&nbsp;<em>4<\/em>, 5-105.<\/p>\n\n\n\n<p>\u00c1lvarez, C. J., Carreiras, M. &amp; De Vega, M. (1992): Estudio estad\u00edstico de la ortograf\u00eda castellana: (2) la frecuencia de bigramas.&nbsp;<em>Cognitiva<\/em>,&nbsp;<em>4<\/em>, 107-125.&nbsp;<\/p>\n\n\n\n<p>\u00c1lvarez, C. J. &amp; Carreiras, M. (1992): Revisi\u00f3n del libro \u00abTeor\u00edas Cognitivas del aprendizaje\u00bb de J. I. Pozo. <em>Anuario de Psicolog\u00eda<\/em>,&nbsp;<em>52<\/em>, 133-136.<\/p>\n\n\n\n<p>Carreiras, M., \u00c1lvarez, C. J. &amp; De Vega, M. (1993): Syllable frequency and visual word recognition in Spanish. <em>Journal of Memory and Language<\/em>,&nbsp;<em>32<\/em>, 766-780.&nbsp;&nbsp;&nbsp;<a href=\"https:\/\/wp.ull.es\/calvarez\/wp-content\/uploads\/sites\/161\/2023\/09\/Carreiras-Alvarez-de-vega-JML93.pdf\">PDF<\/a>.<\/p>\n\n\n\n<p>\u00c1lvarez, C. J., De Vega, M. &amp; Carreiras, M. (1998). La s\u00edlaba como unidad de activaci\u00f3n l\u00e9xica en la lectura&nbsp;de palabras tris\u00edlabas.&nbsp;<em>Psicothema, 10 (2),&nbsp;<\/em>371-386.&nbsp;  <a href=\"https:\/\/wp.ull.es\/calvarez\/wp-content\/uploads\/sites\/161\/2023\/09\/Alvarez_deVega_Carrerias_Psicothema.pdf\">Alvarez_deVega_Carrerias_Psicothema<\/a><\/p>\n\n\n\n<div class=\"wp-block-file\"><\/div>\n\n\n\n<div class=\"wp-block-file\"><\/div>\n\n\n\n<p>Carreiras, M. &amp; \u00c1lvarez, C. J. (1999). Comprehension processes in Braille reading.&nbsp;<em>Journal of Visual Impairment and Blindness, 93 (9), 589-595<\/em>.<\/p>\n\n\n\n<p>Jim\u00e9nez, J. E., \u00c1lvarez, C. J., Est\u00e9vez, A. &amp; Hern\u00e1ndez, I. (1999).&nbsp;Are onset-rime units used in Visual Word Recognition by Spanish Reading Disabled Children?&nbsp;<em>Thalamus, 17 (1), 35-38.<\/em><\/p>\n\n\n\n<p>Jim\u00e9nez, J. E., \u00c1lvarez, C. J., Est\u00e9vez, A. &amp; Hern\u00e1ndez, I. (2000). Onset-rime units in visual word&nbsp; recognition in Spanish normal readers and children with reading disabilities.&nbsp;<em>Learning Dissabilities Research &amp; Practice, 15 (3), 135-141.<\/em><\/p>\n\n\n\n<p>\u00c1lvarez, C. J., Carreiras, M. &amp; De Vega, M. (2000) Syllable frequency effect in visual word recognition: Evidence of a sequential-type processing.&nbsp;<em>Psicol\u00f3gica, 21 (3), 341-374&nbsp;&nbsp;&nbsp; <\/em><a href=\"https:\/\/wp.ull.es\/calvarez\/wp-content\/uploads\/sites\/161\/2023\/09\/Alvarez-Carreiras-y-de-VEga-2000.pdf\">PDF<\/a><\/p>\n\n\n\n<p><\/p>\n\n\n\n<div class=\"wp-block-file\"><\/div>\n\n\n\n<p>\u00c1lvarez, C. J., Carreiras, M. &amp; Taft, M. (2001) Syllables and morphemes: Contrasting frequency effects in Spanish.&nbsp;<em>Journal of Experimental Psychology: Learning, Memory &amp; Cognition, 27 (2), 545-555<\/em>.&nbsp;&nbsp;&nbsp;<a href=\"https:\/\/wp.ull.es\/calvarez\/wp-content\/uploads\/sites\/161\/2023\/09\/AlvarezJEPLMC2001.pdf\">PDF<\/a><\/p>\n\n\n\n<div class=\"wp-block-file\"><\/div>\n\n\n\n<p>\u00c1lvarez, C. J., Carreiras, M. &amp; Perea, M. (2004) Are syllables phonological units in visual word recognition? <em>Language and Cognitive Processes<\/em>, 19 (3), 427-452.&nbsp; <a href=\"https:\/\/wp.ull.es\/calvarez\/wp-content\/uploads\/sites\/161\/2023\/09\/AlvarezLCP2004-1.pdf\">AlvarezLCP2004<\/a><\/p>\n\n\n\n<div class=\"wp-block-file\"><\/div>\n\n\n\n<div class=\"wp-block-file\"><\/div>\n\n\n\n<p>D\u00edaz-Vilela, L. &amp; \u00c1lvarez, C.J. (2004) Differences in paranormal beliefs across fields of study from a Spanish adaptation of Tobacyk\u00b4s RPBS.&nbsp;<em>Journal of Parapsychology, 68<\/em>&nbsp;(2), 405-421.\u2002<a href=\"https:\/\/wp.ull.es\/calvarez\/wp-content\/uploads\/sites\/161\/2023\/09\/DiazAlvarez.pdf\">DiazAlvarez<\/a><\/p>\n\n\n\n<div class=\"wp-block-file\"><\/div>\n\n\n\n<p>Kandel, S., \u00c1lvarez, C.J. &amp; Valle\u00e9, N. (2006). Syllables as processing units in handwriting production.&nbsp;<em>Journal&nbsp;&nbsp; of Experimental Psychology: Human Perception &amp; Performance, 32, 18-31.&nbsp;&nbsp;&nbsp;<\/em><a href=\"https:\/\/wp.ull.es\/calvarez\/wp-content\/uploads\/sites\/161\/2023\/09\/Kandel-Alvarez-Valee_JEP.pdf\">Kandel, Alvarez &amp; Valee_JEP<\/a><\/p>\n\n\n\n<div class=\"wp-block-file\"><\/div>\n\n\n\n<p>\u00c1lvarez, C. J., Conrad, M., Alonso, O., &amp; Jacobs, A. M. (2006). Activation of syllabic units by bilinguals in reading words: What is the relevant frequency?&nbsp;<em>Australian Journal of Psychology, 58<\/em>, Suppl. S, 60-60.<\/p>\n\n\n\n<p>Taft, M., \u00c1lvarez, C.J. &amp; Carreiras, M. (2007). Cross-language differences in the use of internal orthographic structure when reading polysyllabic words.&nbsp;<em>The Mental Lexicon, 2 (<\/em>1), 46-63.&nbsp; <a href=\"https:\/\/wp.ull.es\/calvarez\/wp-content\/uploads\/sites\/161\/2023\/09\/Taft-Alvarez-Carreiras-1.pdf\">Taft, Alvarez, &amp; Carreiras<\/a>&nbsp;<\/p>\n\n\n\n<div class=\"wp-block-file\"><\/div>\n\n\n\n<p>Rabovsky, M., \u00c1lvarez, C.J., Hohlfeld, A. &amp; Sommer, W. (2008). Is lexical access autonomous? Evidence from combining overlapping tasks with recording event-related brain potentials.&nbsp;<em>Brain Research, 1222<\/em>, 156-165.&nbsp;&nbsp; <a href=\"https:\/\/wp.ull.es\/calvarez\/wp-content\/uploads\/sites\/161\/2023\/09\/Rabovsky-Alvarez-Hohlfeld-y-Sommer.pdf\">Rabovsky-Alvarez-Hohlfeld-y-Sommer<\/a><\/p>\n\n\n\n<div class=\"wp-block-file\"><\/div>\n\n\n\n<p>Kandel, S., \u00c1lvarez, C.J. &amp; Valle\u00e9, N. (2008). Morphemes also serve as processing units in&nbsp;handwriting production. En M. Baciu (Ed.),&nbsp;<em>Neuropsychology and Cognition of Language&nbsp;Behavioural, Neuropsychological and Neuroimaging Studies of Spoken and Written Language.<\/em>&nbsp;Kerala (India): Research Signpost.&nbsp;&nbsp;<\/p>\n\n\n\n<p>\u00c1lvarez, C.J. (2008). Percepci\u00f3n del color y lenguaje: sobre la vuelta del relativismo.&nbsp;<em>Ciencia Cognitiva: Revista electr\u00f3nica de divulgaci\u00f3n,&nbsp;<\/em>Junio de 2008.&nbsp;&nbsp;&nbsp;<a href=\"https:\/\/wp.ull.es\/calvarez\/wp-content\/uploads\/sites\/161\/2023\/09\/Color_ciencia_cognitiva.pdf\">Color_ciencia_cognitiva<\/a><\/p>\n\n\n\n<p><\/p>\n\n\n\n<p>Urrutia, M., Dom\u00ednguez, A. &amp; \u00c1lvarez, C.J. (2009). Gender activation in transparent and opaque Words.<em>Psicothema<\/em>,&nbsp;<em>21<\/em>, 1-8.&nbsp;&nbsp;&nbsp;<a href=\"https:\/\/wp.ull.es\/calvarez\/wp-content\/uploads\/sites\/161\/2023\/09\/Urrutia-Dominguez-Alvarez_PSICOTHEMA-1.pdf\">Urrutia-Dominguez-Alvarez<\/a><\/p>\n\n\n\n<div class=\"wp-block-file\"><\/div>\n\n\n\n<p>\u00c1lvarez, C.J., Cottrell, D. &amp; Afonso, O. (2009). Writing dictated words and picture names: Syllabic boundaries affect execution in Spanish.&nbsp;<em>Applied Psycholinguistics, 30. 205-223.&nbsp;&nbsp;&nbsp;<\/em><a href=\"https:\/\/wp.ull.es\/calvarez\/wp-content\/uploads\/sites\/161\/2023\/09\/Alvarez_Cottrell_Afonso_AP09.pdf\">Alvarez_Cottrell_Afonso_AP09<\/a><\/p>\n\n\n\n<div class=\"wp-block-file\"><\/div>\n\n\n\n<p>Hern\u00e1ndez-Jaramillo, J. &amp; \u00c1lvarez, C.J. (2009). La tartamudez como fen\u00f3meno pre-articulatorio.&nbsp;<em>Acta Neurol\u00f3gica Colombiana, 25<\/em>, 25-33.&nbsp;&nbsp;&nbsp;<a href=\"https:\/\/wp.ull.es\/calvarez\/wp-content\/uploads\/sites\/161\/2023\/09\/tartamudez_paper.pdf\">tartamudez_paper<\/a><\/p>\n\n\n\n<div class=\"wp-block-file\"><\/div>\n\n\n\n<p>Afonso, O. Y J. &amp; \u00c1lvarez, C.J. (2009). La s\u00edlaba tambi\u00e9n es importante en la escritura de palabras.&nbsp;<em>Ciencia Cognitiva: Revista electr\u00f3nica, 3:2,<\/em>&nbsp;36-38.&nbsp;&nbsp; <a href=\"https:\/\/wp.ull.es\/calvarez\/wp-content\/uploads\/sites\/161\/2023\/09\/AFONSO-Y-ALVAREZ-CC-1.pdf\">AFONSO-Y-ALVAREZ<\/a><\/p>\n\n\n\n<div class=\"wp-block-file\"><\/div>\n\n\n\n<p>Dom\u00ednguez, A. &amp; \u00c1lvarez, C.J. (2010). Procesamiento sil\u00e1bico en la lectura y escritura de palabras en espa\u00f1ol. En D. Garc\u00eda-Padr\u00f3n y M.C. Fumero-P\u00e9rez (Eds.),&nbsp;<em>Tendencias en Ling\u00fc\u00edstica General y Aplicada<\/em>. Frankfurt: Peter Lang.&nbsp;<\/p>\n\n\n\n<p>\u00c1lvarez, C.J., Urrutia, M., Dom\u00ednguez, A. &amp; S\u00e1nchez-Casas, R.M. (2011). Processing inflectional and derivational morphology: Electrophysiological evidence from Spanish.&nbsp;<em>&nbsp;Neuroscience Letters, 490, 6-10.&nbsp;&nbsp;&nbsp;<\/em><a href=\"https:\/\/wp.ull.es\/calvarez\/wp-content\/uploads\/sites\/161\/2023\/09\/NSL27657.pdf\">NSL27657<\/a><\/p>\n\n\n\n<div class=\"wp-block-file\"><\/div>\n\n\n\n<p>\u00c1lvarez, C.J. (2011). La relaci\u00f3n entre lenguaje y pensamiento de Vigosky en el desarrollo de la Psicoling\u00fc\u00edstica moderna.&nbsp;<em>Revista de Ling\u00fc\u00edstica Te\u00f3rica y Aplicada, 48, 13-32.&nbsp;&nbsp;&nbsp;<\/em><a href=\"https:\/\/wp.ull.es\/calvarez\/wp-content\/uploads\/sites\/161\/2023\/09\/art_Vigotsky.pdf\">art-Vigotsky<\/a><\/p>\n\n\n\n<div class=\"wp-block-file\"><\/div>\n\n\n\n<p>Afonso, O. &amp; \u00c1lvarez, C.J. (2011). Efectos de la frecuencia sil\u00e1bica en la producci\u00f3n escrita del espa\u00f1ol.&nbsp;<em>Revista de Logopedia, Foniatr\u00eda y Audiolog\u00eda, 31 (1), 33-38.<\/em>   <a href=\"https:\/\/wp.ull.es\/calvarez\/wp-content\/uploads\/sites\/161\/2023\/09\/Olivia_Alvarez_FS.pdf\">Olivia_Alvarez_FS<\/a><\/p>\n\n\n\n<div class=\"wp-block-file\"><\/div>\n\n\n\n<div class=\"wp-block-file\"><\/div>\n\n\n\n<p>Afonso, O. &amp; \u00c1lvarez, C.J. (2012). Phonological effects in handwriting production: Evidence from the implicit priming paradigm.&nbsp;<em>Journal of Experimental Psychology: Learning, Memory and Cognition, 37 (6), 1474-1483. &nbsp;&nbsp; <\/em><a href=\"https:\/\/wp.ull.es\/calvarez\/wp-content\/uploads\/sites\/161\/2023\/09\/Afonso_y_AlvarezJEP_2011-1.pdf\">Afonso_y_AlvarezJEP_2011-1<\/a><\/p>\n\n\n\n<div class=\"wp-block-file\"><\/div>\n\n\n\n<p>L\u00f3pez-Zamora, M., Luque, J.L., \u00c1lvarez C.J. &amp; Cobos, P.L. (2012). Individual differences in categorical perception are related to sublexical-phonological processing in reading.&nbsp;<em>Scientific Studies of Reading, 16, 443-456.&nbsp;&nbsp; <\/em><a href=\"https:\/\/wp.ull.es\/calvarez\/wp-content\/uploads\/sites\/161\/2023\/09\/JSSR_2012-1.pdf\">JSSR_2012-1<\/a><\/p>\n\n\n\n<div class=\"wp-block-file\"><\/div>\n\n\n\n<p>Kandel, S., Spinelli, E., Tremblay, A., Guerassimovitch, H.,&nbsp;&amp; \u00c1lvarez, C.J. (2012). Processing prefixes and suffixes in hadnwriting production.&nbsp;<em>Acta Psychologica, 140<\/em>, 187-195.&nbsp;&nbsp;&nbsp;<a href=\"https:\/\/wp.ull.es\/calvarez\/wp-content\/uploads\/sites\/161\/2023\/09\/Kandel-et-al-2012-Acta-Ps-1.pdf\">Kandel-et-al-2012-Acta-Ps-1<\/a><\/p>\n\n\n\n<div class=\"wp-block-file\"><\/div>\n\n\n\n<p>\u00c1lvarez, C.J. &amp; Hern\u00e1ndez-Jaramillo, J. (2013). El procesamiento de palabras con contenido emocional en personas t\u00edpicas y en af\u00e1sicos.&nbsp;<em>Revista de Ling\u00fc\u00edstica Te\u00f3rica y Aplicada, 50 (2), 63-88.&nbsp;&nbsp;&nbsp;<\/em><a href=\"https:\/\/wp.ull.es\/calvarez\/wp-content\/uploads\/sites\/161\/2023\/09\/Alvarez-Hernandez2013.pdf\">Alvarez-Hernandez2013<\/a><\/p>\n\n\n\n<div class=\"wp-block-file\"><\/div>\n\n\n\n<p>Afonso, O., Dom\u00ednguez, A.,&nbsp;\u00c1lvarez, C.J. &amp; L\u00f3pez, D. (2013). Sublexical and lexico-syntactic in gender access in Spanish.&nbsp;<em>Journal of Psycholinguistic Research.&nbsp;&nbsp;<\/em> <a href=\"https:\/\/wp.ull.es\/calvarez\/wp-content\/uploads\/sites\/161\/2023\/09\/Afonso-Dominguez-Alvarez-JPR2013-1.pdf\">Afonso-Dominguez-Alvarez-JPR2013-1<\/a><\/p>\n\n\n\n<div class=\"wp-block-file\"><\/div>\n\n\n\n<p>Luque, J.L., L\u00f3pez-Zamora, M.,&nbsp;\u00c1lvarez, C.J. &amp; Bordoy, S. (2013). Beyond Decoding Deficit: Inhibitory Effect of Positional Syllable Frequency in Dyslexic Spanish Children.&nbsp;<em>Annals of Dyslexia, 63, 239-252.&nbsp;&nbsp;&nbsp;&nbsp;<\/em><\/p>\n\n\n\n<div class=\"wp-block-file\"><a id=\"wp-block-file--media-60682ea0-4f57-4b4d-8d15-bb9fd484daa1\" href=\"https:\/\/wp.ull.es\/calvarez\/wp-content\/uploads\/sites\/161\/2023\/09\/Annals-of-dyslexia-1.pdf\" target=\"_blank\" rel=\"noreferrer noopener\">Annals-of-dyslexia-1<\/a><\/div>\n\n\n\n<p>\u00c1lvarez, C.J. (2014).&nbsp; 100 a\u00f1os del nacimiento de la Psicolog\u00eda Comparada en Tenerife (1): W. K\u00f3hler y la Casa Amarilla.&nbsp;<em>Ciencia Cognitiva, 8-2,<\/em>&nbsp;43-45.&nbsp;&nbsp;&nbsp;<a href=\"https:\/\/wp.ull.es\/calvarez\/wp-content\/uploads\/sites\/161\/2023\/09\/CC-Casa-Amarilla-1.pdf\">CC-Casa-Amarilla-1<\/a><\/p>\n\n\n\n<div class=\"wp-block-file\"><\/div>\n\n\n\n<p>\u00c1lvarez, C.J. &amp; Hern\u00e1ndez-Castilla M. (2014).&nbsp; 100 a\u00f1os del nacimiento de la Psicolog\u00eda Comparada en Tenerife (2): Desde el cierre de la estaci\u00f3n a nuestros d\u00edas.&nbsp;<em>Ciencia Cognitiva, 8-2,<\/em>&nbsp;46-48.&nbsp;&nbsp;<a href=\"https:\/\/wp.ull.es\/calvarez\/wp-content\/uploads\/sites\/161\/2023\/09\/CC-Casa-Amarilla-2.pdf\">CC-Casa-Amarilla-2<\/a><\/p>\n\n\n\n<div class=\"wp-block-file\"><\/div>\n\n\n\n<p>\u00c1lvarez, C.J., Hern\u00e1ndez-Jaramillo, J. &amp; Hern\u00e1ncez, J.A. (2014). Lexical and phonological processing in visual word recognition by stuttering children: Evidence from Spanish<em>. Spanish Journal of Psychology, 17, 1-10.&nbsp;&nbsp;&nbsp;<\/em><a href=\"https:\/\/wp.ull.es\/calvarez\/wp-content\/uploads\/sites\/161\/2023\/09\/Alvarez-Jaramillo-Hdez-SJP.pdf\">Alvarez-Jaramillo-Hdez-SJP<\/a><\/p>\n\n\n\n<div class=\"wp-block-file\"><\/div>\n\n\n\n<p>Taft, M. &amp;&nbsp;\u00c1lvarez, C.J. (2014). Coda optimization in the segmentation of English polysyllabic letter-strings.&nbsp;<em>Experimental Psychology,&nbsp; 61 \u2013 6, 488 \u2013 494.<\/em>&nbsp;&nbsp;&nbsp;<a href=\"https:\/\/wp.ull.es\/calvarez\/wp-content\/uploads\/sites\/161\/2023\/09\/Taft-y-Alvarez-2014-EP.pdf\">Taft-y-Alvarez-2014-EP<\/a><\/p>\n\n\n\n<div class=\"wp-block-file\"><\/div>\n\n\n\n<p>Conrad, M.,&nbsp;\u00c1lvarez,&nbsp;C.J., Afonso, O. &amp; Jacobs, A. (2014). Sublexical modulation of simultaneous language activation in bilingual visual word recognition: The role of syllabic units.&nbsp;<em>Bilingualism: Language and Cognition, 18,696-712.&nbsp;&nbsp;&nbsp;<\/em><a href=\"https:\/\/wp.ull.es\/calvarez\/wp-content\/uploads\/sites\/161\/2023\/09\/Conrad_Alvarez2014Bilingualism-1.pdf\">Conrad_Alvarez2014Bilingualism-1<\/a><\/p>\n\n\n\n<div class=\"wp-block-file\"><\/div>\n\n\n\n<p>Afonso, O.,&nbsp;\u00c1lvarez, C.J. &amp; Kandel, S. (2015). Effects of grapheme-to-phoneme probabilityy on writing durations.&nbsp;<em>Memory &amp; Cognition, 43, 579 \u2013 592.&nbsp;&nbsp;<\/em> <a href=\"https:\/\/wp.ull.es\/calvarez\/wp-content\/uploads\/sites\/161\/2023\/09\/Afonso_Alvarez_Kandel2014-MC.pdf\">Afonso_Alvarez_Kandel2014-MC<\/a><\/p>\n\n\n\n<div class=\"wp-block-file\"><\/div>\n\n\n\n<p>\u00c1lvarez, C.J., Taft, M. &amp; Hern\u00e1ndez-Cabrera, J.A. (2016). Syllabic strategy as opposed to coda opatimization in the segmentation of Spanish letter-strings using word spotting.&nbsp;<em>Scientific Studies of Reading.&nbsp;<\/em>DOI: 10.1080\/10888438.2016.1254220.&nbsp;  <a href=\"https:\/\/wp.ull.es\/calvarez\/wp-content\/uploads\/sites\/161\/2023\/09\/AlvarezTaftHdezCabrera-SSR-2016-on-line.pdf\">AlvarezTaftHdezCabrera-SSR-2016-on-line<\/a><\/p>\n\n\n\n<div class=\"wp-block-file\"><\/div>\n\n\n\n<p>\u00c1lvarez, C.J., Garc\u00eda-Saavedra, G., Luque, J.L. &amp; Taft, M. (2017). Syllabic parsing in children: a developmental study using visual word-spotting in Spanish.<em>&nbsp;Journal of Child Language, 44, 380-401.&nbsp;<\/em><\/p>\n\n\n\n<div class=\"wp-block-file\"><a id=\"wp-block-file--media-51c71196-e9cf-4380-956c-0c1a4870374d\" href=\"https:\/\/wp.ull.es\/calvarez\/wp-content\/uploads\/sites\/161\/2023\/09\/Alvarez-et-al-JChL-DEF-1.pdf\" target=\"_blank\" rel=\"noreferrer noopener\">Alvarez-et-al-JChL-DEF-1<\/a><\/div>\n\n\n\n<p>Afonso, A.,&nbsp;\u00c1lvarez, C.J., Mart\u00ednez, C. &amp; Cuetos, F. (2017). Alzheimer\u00b4s disease and mild cognitive impairmen.&nbsp;<em>Reading and Writing<\/em>.&nbsp;<strong>DOI:&nbsp;<\/strong>https:\/\/doi.org\/10.1007\/s11145-017-9813-6.&nbsp;  <a href=\"https:\/\/wp.ull.es\/calvarez\/wp-content\/uploads\/sites\/161\/2023\/09\/Afonso2017_Article_WritingDifficultiesInAlzheimer.pdf\">Afonso2017_Article_WritingDifficultiesInAlzheimer<\/a><\/p>\n\n\n\n<div class=\"wp-block-file\"><\/div>\n\n\n\n<p>Rabovsky&nbsp;M, Conrad&nbsp;M, \u00c1lvarez&nbsp;CJ, Paschke-Goldt&nbsp;J, Sommer&nbsp;W (2019)&nbsp;Attentional modulation of orthographic neighborhood effects during reading: Evidence from event-related brain potentials in a psychological refractory period paradigm. PLOS ONE 14(1): e0199084.&nbsp;<a href=\"https:\/\/doi.org\/10.1371\/journal.pone.0199084\">https:\/\/doi.org\/10.1371\/journal.pone.0199084<\/a>  <a href=\"https:\/\/wp.ull.es\/calvarez\/wp-content\/uploads\/sites\/161\/2024\/01\/RABOVSKY-CONRAD_2019.pdf\">RABOVSKY-CONRAD_2019<\/a><\/p>\n\n\n\n<div class=\"wp-block-file\"><\/div>\n\n\n\n<p>Afonso, O. &amp;&nbsp;\u00c1lvarez, C.J (2019). Constituent&nbsp; effect in the written production of Spanish compound words.&nbsp;<em>Memory &amp; Cognition<\/em>, 47,&nbsp;1284\u20131296.&nbsp;&nbsp;&nbsp;<a href=\"https:\/\/wp.ull.es\/calvarez\/wp-content\/uploads\/sites\/161\/2023\/10\/Afonso_Alvarez-M__C_2019.pdf\">Afonso_Alvarez-M__C_2019<\/a><\/p>\n\n\n\n<div class=\"wp-block-file\"><\/div>\n\n\n\n<p>Luque, J.L., \u00c1lvarez, C.J., Bordoy, S., Gim\u00e9nez, A., L\u00f3pez-P\u00e9rez, P.J. &amp; L\u00f3pez-Zamora, M. (2021). Inhibitory effect of positional syllable frequency in Spanish 2nd and 4th readers.&nbsp;<em>Applied Psycholinguistics, 42 (1), 1-17.&nbsp;&nbsp;<\/em><\/p>\n\n\n\n<div class=\"wp-block-file\"><a id=\"wp-block-file--media-9747b69c-4ba9-4c0d-b5c5-e6ca06fb7734\" href=\"https:\/\/wp.ull.es\/calvarez\/wp-content\/uploads\/sites\/161\/2024\/01\/Luque_et_al_2021.pdf\">Luque_et_al_2021<\/a><\/div>\n\n\n\n<p>Berm\u00fadez, B. Santos, A., Dom\u00ednguez, A. &amp; \u00c1lvarez, C. J. (2022). The frequency of word gender as a variable for lexical access in Spanis.&nbsp;<em>Linguistics, 60 (4), 2022, pp. 1149-1167.<\/em>.&nbsp;<a href=\"https:\/\/doi.org\/10.1515\/ling-2020-0054\">https:\/\/doi.org\/10.1515\/ling-2020-0054<\/a>.   <a href=\"https:\/\/wp.ull.es\/calvarez\/wp-content\/uploads\/sites\/161\/2023\/10\/Bermudez_et_al_2022-1.pdf\">Bermudez_et_al_2022-1<\/a><\/p>\n\n\n\n<div class=\"wp-block-file\"><\/div>\n\n\n\n<p>Mar\u00edn-Manrique, H.,Hern\u00e1ndez-G\u00e1lvez, Y., Hern\u00e1ndez-Cabrera, J. A. &amp; \u00c1lvarez, C. J. (2022). Tool selection based on rigidity in young children: a comparative approach.&nbsp;&nbsp;<em>Journal for the Study of Education and Development, 45 (2), 382-412.<\/em>   <\/p>\n\n\n\n<p><a href=\"https:\/\/www.tandfonline.com\/loi\/riya20\">https:\/\/www.tandfonline.com\/loi\/riya20<\/a><\/p>\n\n\n\n<p>Padr\u00f3n, I., Garc\u00eda-Marco, E., Moreno, I., Birba, A., Silvestri, V., Le\u00f3n, I., \u00c1lvarez, C., L\u00f3pez, J., &amp; de Vega, M. (2022). Multisession Anodal tDCS on the Right Temporo-Parietal Junction Improves Mentalizing Processes in Adults with Autistic Traits.&nbsp;<em>Brain Sciences<\/em>,&nbsp;<em>12<\/em>, 30.  https:\/\/doi.org\/10.3390\/BRAINSCI12010030. <\/p>\n\n\n\n<div class=\"wp-block-file\"><a id=\"wp-block-file--media-f6af77dd-8e40-46ba-a546-a8993234ed60\" href=\"https:\/\/wp.ull.es\/calvarez\/wp-content\/uploads\/sites\/161\/2024\/01\/Padron_et_al_2023.pdf\">Padron_et_al_2023<\/a><\/div>\n\n\n\n<p><\/p>\n\n\n\n<p>S\u00e1nchez-Borges, I. &amp; \u00c1lvarez, C.J. (2022) Comparing mnemonic effects of iconic gestures and pictures on word memory.&nbsp;<em>Quarterly Journal of Experimental Psychology, 76(2):294-304.&nbsp;doi: 10.1177\/17470218221082654. <\/em>  <a href=\"https:\/\/wp.ull.es\/calvarez\/wp-content\/uploads\/sites\/161\/2023\/10\/Paper-Memory.pdf\">Paper-Memory<\/a><\/p>\n\n\n\n<div class=\"wp-block-file\"><\/div>\n\n\n\n<p>S\u00e1nchez-Borges, I. &amp; \u00c1lvarez, C.J. (2023). Iconic gestures serve as primes for both auditory and visual word forms.&nbsp;<em>Gestures<\/em>, 21, 2:3, 296\u2013319. <a href=\"https:\/\/doi.org\/10.1075\/gest.20019.san\">https:\/\/doi.org\/10.1075\/gest.20019.san<\/a>   <\/p>\n\n\n\n<div class=\"wp-block-file\"><a id=\"wp-block-file--media-7b86dbaf-0c7c-4831-af8a-df39406f9d0c\" href=\"https:\/\/wp.ull.es\/calvarez\/wp-content\/uploads\/sites\/161\/2024\/01\/Paper-Gestures.pdf\">Paper-Gestures<\/a><\/div>\n\n\n\n<p>Rodr\u00edguez Ria\u00f1o, L. J., Baquero Castellanos, S., \u00c1lvarez, C. J. y M\u00fcller, O. (2023). Naturaleza del input y procesamiento de la s\u00edlaba en palabras en la enfermedad de Parkinson.&nbsp;<em>Revista de Investigaci\u00f3n en Logopedia<\/em>,&nbsp;<em>13<\/em>(2), e83660. https:\/\/doi.org\/10.5209\/rlog.83660.   <\/p>\n\n\n\n<div class=\"wp-block-file\"><a id=\"wp-block-file--media-63129ec5-835a-4e01-8d91-3221b1b7ee97\" href=\"https:\/\/wp.ull.es\/calvarez\/wp-content\/uploads\/sites\/161\/2024\/01\/NaturalezaDelInputYProcesamientoDeLaSilabaEnPalabr_Parkinson.pdf\">NaturalezaDelInputYProcesamientoDeLaSilabaEnPalabr_Parkinson<\/a><\/div>\n\n\n\n<p>Rol\u00e1n, K., S\u00e1nchez-Borges, I., Kogan, B., Garc\u00eda-Marco, E., \u00c1lvarez, C. J., de Vega, M., &amp; Garc\u00eda, A. M. (2023). The embodied typist: Bimanual actions are modulated by words\u201d implied motility and number of evoked limbs.&nbsp;<em>PloS one<\/em>,&nbsp;<em>18<\/em>(8), e0289926. https:\/\/doi.org\/10.1371\/JOURNAL.PONE.0289926.<\/p>\n\n\n\n<div class=\"wp-block-file\"><a id=\"wp-block-file--media-3a5fdd4a-b813-4599-be33-5ded0c97ee99\" href=\"https:\/\/wp.ull.es\/calvarez\/wp-content\/uploads\/sites\/161\/2024\/01\/Rolan_et_2023_PlosOne.pdf\">Rolan_et_2023_PlosOne<\/a><\/div>\n\n\n\n<p>Rodr\u00edguez-Ria\u00f1o, L.J., Baquero-Castellanos, S., \u00c1lvarez, C. J. &amp; Muller, O.(2023).  Naturaleza del input y procesamiento de la s\u00edlaba en palabras en la enfermedad de Parkinson. <em>Revista de Investigaci\u00f3n en Logopedia, <\/em>13 (2), 294-304.  <a href=\"https:\/\/doi.org\/10.5209\/rlog.83660.\">https:\/\/doi.org\/10.5209\/rlog.83660.<\/a><\/p>\n\n\n\n<p><\/p>\n\n\n\n<p>S\u00e1nchez-Borges, I. &amp; \u00c1lvarez, C.J. (2024). La influencia de los gestos y de las im\u00e1genes en la memoria de palabras. <em>Ciencia Cognitiva, <\/em>18 (1), 17-20. <a href=\"https:\/\/www.cienciacognitiva.org\/?p=2406\">https:\/\/www.cienciacognitiva.org\/?p=2406<\/a><\/p>\n\n\n\n<p><\/p>\n\n\n\n<p><a href=\"https:\/\/osf.io\/t7znv\">Martinez Bruera<\/a>, M.,<a href=\"https:\/\/osf.io\/tphy6\"> Weing\u00e4rtner<\/a>, D., <a href=\"https:\/\/osf.io\/ygth8\">Listanti<\/a>, A.,<a href=\"https:\/\/osf.io\/akwfq\"> Gattei<\/a>, C., Alvarez, C.J., <a href=\"https:\/\/osf.io\/gwx5c\">Barber<\/a>,&nbsp;H.,<a href=\"https:\/\/osf.io\/myw3v\"> Rinke<\/a>, E. &amp;&nbsp;<a href=\"https:\/\/osf.io\/5eg5c\">Lago<\/a>, S. (2025). Heritage Grammars and Language Change: The Case of Clitic Doubling in Spanish. <em>PsyArXiv <\/em>(preprint). <em>Heritage Language Journal. <\/em> <a href=\"https:\/\/doi.org\/10.17605\/OSF.IO\/NP8RF\">https:\/\/doi.org\/10.17605\/OSF.IO\/NP8RF<\/a>. <\/p>\n\n\n\n<div class=\"wp-block-file\"><a id=\"wp-block-file--media-f3da5c4e-0249-4894-bfe4-cacbe98a834c\" href=\"https:\/\/wp.ull.es\/calvarez\/wp-content\/uploads\/sites\/161\/2025\/08\/Preprint-Heritage-paper-2025.pdf\">Preprint Heritage paper 2025<\/a><a href=\"https:\/\/wp.ull.es\/calvarez\/wp-content\/uploads\/sites\/161\/2025\/08\/Preprint-Heritage-paper-2025.pdf\" class=\"wp-block-file__button wp-element-button\" download aria-describedby=\"wp-block-file--media-f3da5c4e-0249-4894-bfe4-cacbe98a834c\">Descarga<\/a><\/div>\n\n\n\n<p>Afonso, O., Avil\u00e9s, A. &amp; \u00c1lvarez, C.J. (2025). Neural correlates of lexical, sublexical and motor processes in word handwriting. <em>Brain and Cognition, 184,<\/em> 106272. <a href=\"https:\/\/authors.elsevier.com\/sd\/article\/S0278-2626(25)00012-0\">https:\/\/authors.elsevier.com\/sd\/article\/S0278-2626(25)00012-0<\/a><\/p>\n\n\n\n<p><\/p>\n\n\n\n<p class=\"has-medium-font-size\"><strong>BOOKS<\/strong><\/p>\n\n\n\n<p>Rodr\u00edguez, I., D\u00edaz-Vilela, L., \u00c1lvarez, C.J. y Riol, J.M. (Eds.), Ciencia y Pseudociencia: realidades y mitos. Madrid: Sirius (2004)<\/p>\n\n\n\n<p>G\u00e1mez, E., Le\u00f3n, I., Marrero, H., D\u00edaz, J.M. y \u00c1lvarez, C.J. (2004). Manual de pr\u00e1cticas de procesos psicol\u00f3gicos b\u00e1sicos. Tenerife: Resma.<\/p>\n\n\n\n<p>\u00c1lvarez, C.J. (2007). La Parapsicolog\u00eda (Colecci\u00f3n Vaya Timo). Pamplona: Ed. Laetoli.<\/p>\n\n\n\n<p><\/p>\n\n\n\n<p class=\"has-medium-font-size\"><strong>BOOK CHAPTERS<\/strong><\/p>\n\n\n\n<p>Afonso, O. &amp; \u00c1lvarez, C.J. (2019). Measuring writing durations in handwriting research: What do they tell us about the spelling process? In C. Perret &amp; T. Olive (Eds.), Studies in Writing. NL: Brill Editions.<\/p>\n\n\n\n<p>\u00c1lvarez, C.J. (2015). The neural substrate of emotions and emotional processing. En M. Mart\u00edn y K. Augustine (Ed.),&nbsp; The Myth of an Afterlife: The case against Life After Death.&nbsp;&nbsp; Washington DC: Rowman &amp; Littlefield Publishers.<\/p>\n\n\n\n<p>\u00c1lvarez, C. J. (1993). Syllable effects (alphabetical systems). En Baayen, H. &amp; Danziger, E. (Eds.). Annual Report 1993. Nijmegen (Holanda): Max-Planck Institut fur Psycholinguistik .<\/p>\n\n\n\n<p>Cobos, P. L., Dom\u00ednguez, A., \u00c1lvarez, C. J., Alameda, J. R., Carreiras, M. &amp;&nbsp; De Vega, M. (1995): Frecuencia de las s\u00edlabas. En J.R. Alameda y F. Cuetos (Eds.). Diccionario de frecuencias de las unidades ling\u00fc\u00edsticas del castellano (vol. 1 y 2). Oviedo: Servicio de Publicaciones (Universidad de Oviedo).<\/p>\n\n\n\n<p>Cobos, P. L., Dom\u00ednguez, A., \u00c1lvarez, C. J., Alameda, J. R., Carreiras, M. &amp;&nbsp; De Vega, M. (1995): Frecuencia de los bigramas. En J.R. Alameda &amp; F. Cuetos (Eds.). Diccionario de frecuencias de las unidades ling\u00fc\u00edsticas del castellano (vol. 1 y 2). Oviedo: Servicio de Publicaciones (Universidad de Oviedo).<\/p>\n\n\n\n<p>\u00c1lvarez, C. J., Alameda, J. M. &amp; Dom\u00ednguez, A. (1999). El reconocimiento de las palabras: procesamiento ortogr\u00e1fico y sil\u00e1bico. En M. de Vega &amp; F. Cuetos (Eds.). Psicoling\u00fc\u00edstica del espa\u00f1ol. Madrid: Trotta.<\/p>\n\n\n\n<p>\u00c1lvarez, C. J. (2004). El sistema visual humano y las ilusiones perceptivas. En I. Rodr\u00edguez, L. D\u00edaz-Vilela, C.J. \u00c1lvarez y J.M. Riol (Eds.), Ciencia y Pseudociencia: realidades y mitos. Madrid: Sirius.<\/p>\n\n\n\n<p>\u00c1lvarez, C. J. Predicci\u00f3n y precognici\u00f3n: una perspectiva psicol\u00f3gica. En I. Rodr\u00edguez, L. D\u00edaz-Vilela, C.J. \u00c1lvarez y J.M. Riol (Eds.), Ciencia y Pseudociencia: realidades y mitos. Madrid: Sirius (2004)<\/p>\n\n\n\n<p>\u00c1lvarez C. J. Procesamiento subl\u00e9xico en la comprensi\u00f3n y producci\u00f3n de palabras escritas. En E. G\u00e1mez &amp; J.M. D\u00edaz (comp.), Investigaciones en Psicolog\u00eda B\u00e1sica ULL: Psicoling\u00fc\u00edstica, Razonamiento y Emoci\u00f3n. Tenerife:&nbsp; Campus (2006).&nbsp;<\/p>\n\n\n\n<p>\u00c1lvarez, C.J. \u00bfNos enga\u00f1a nuestro cerebro? En J. M. Riol Cimas &amp; L. Capote (coord.), Ciencia y Pseudociencias 2007. La Laguna: Vicerrectorado de Extensi\u00f3n Universitaria.<\/p>\n\n\n\n<p>\u00c1lvarez, C.J. Salud, amor o trabajo, \u00bfadivinan los adivinos? En J. M. Riol Cimas &amp; L. Capote (coord.), <em>Ciencia y Pseudociencias 2007.<\/em> La Laguna: Vicerrectorado de Extensi\u00f3n Universitaria.<\/p>\n","protected":false},"excerpt":{"rendered":"<p>\u00c1lvarez, C. J. (1990): Unidades subl\u00e9xicas de procesamiento en castellano: la s\u00edlaba.&nbsp;Cuadernos de I.N.I.C.E.,&nbsp;32, 309-317. \u00c1lvarez, C. J. &amp; Carreiras, M. (1991): Decisi\u00f3n l\u00e9xica versus naming: dos m\u00e9todos en disputa.&nbsp;Qurriculum,&nbsp;1\/2,359-363. \u00c1lvarez, C. J. (1991): \u00bfS\u00edlaba o bigrama? Psicoling\u00fc\u00edstica y reconocimiento visual de palabras.&nbsp;Cuadernos del I.N.I.C.E.,&nbsp;42, 235-241&nbsp; \u00c1lvarez, C. J., Carreiras, M. &amp; De Vega, M.&hellip;<\/p>\n<p><a class=\"more-link\" href=\"https:\/\/wp.ull.es\/calvarez\/publications\/\" title=\"Seguir leyendo &lsquo;Scientific Publications&rsquo;\">Sigue leyendo <span class=\"meta-nav\">&rarr;<\/span><\/a><\/p>\n","protected":false},"author":403,"featured_media":33,"parent":0,"menu_order":0,"comment_status":"closed","ping_status":"closed","template":"","meta":{"footnotes":""},"class_list":["post-11","page","type-page","status-publish","has-post-thumbnail","hentry"],"_links":{"self":[{"href":"https:\/\/wp.ull.es\/calvarez\/wp-json\/wp\/v2\/pages\/11","targetHints":{"allow":["GET"]}}],"collection":[{"href":"https:\/\/wp.ull.es\/calvarez\/wp-json\/wp\/v2\/pages"}],"about":[{"href":"https:\/\/wp.ull.es\/calvarez\/wp-json\/wp\/v2\/types\/page"}],"author":[{"embeddable":true,"href":"https:\/\/wp.ull.es\/calvarez\/wp-json\/wp\/v2\/users\/403"}],"replies":[{"embeddable":true,"href":"https:\/\/wp.ull.es\/calvarez\/wp-json\/wp\/v2\/comments?post=11"}],"version-history":[{"count":2,"href":"https:\/\/wp.ull.es\/calvarez\/wp-json\/wp\/v2\/pages\/11\/revisions"}],"predecessor-version":[{"id":339,"href":"https:\/\/wp.ull.es\/calvarez\/wp-json\/wp\/v2\/pages\/11\/revisions\/339"}],"wp:featuredmedia":[{"embeddable":true,"href":"https:\/\/wp.ull.es\/calvarez\/wp-json\/wp\/v2\/media\/33"}],"wp:attachment":[{"href":"https:\/\/wp.ull.es\/calvarez\/wp-json\/wp\/v2\/media?parent=11"}],"curies":[{"name":"wp","href":"https:\/\/api.w.org\/{rel}","templated":true}]}}