{"id":1553,"date":"2021-08-09T09:14:25","date_gmt":"2021-08-09T09:14:25","guid":{"rendered":"https:\/\/wp.ull.es\/aenogas\/?page_id=1553"},"modified":"2021-08-17T11:19:32","modified_gmt":"2021-08-17T11:19:32","slug":"noticias","status":"publish","type":"page","link":"https:\/\/wp.ull.es\/aenogas\/noticias\/","title":{"rendered":"Noticias"},"content":{"rendered":"\t\t<div data-elementor-type=\"wp-page\" data-elementor-id=\"1553\" class=\"elementor elementor-1553\">\n\t\t\t\t\t\t<section class=\"elementor-section elementor-top-section elementor-element elementor-element-5b4e76f3 elementor-section-height-min-height elementor-section-stretched elementor-section-boxed elementor-section-height-default elementor-section-items-middle rael-particle-no\" data-id=\"5b4e76f3\" data-element_type=\"section\" data-e-type=\"section\" data-settings=\"{&quot;stretch_section&quot;:&quot;section-stretched&quot;,&quot;background_background&quot;:&quot;classic&quot;,&quot;rae_animations_entrance&quot;:&quot;none&quot;}\">\n\t\t\t\t\t\t<div class=\"elementor-container elementor-column-gap-default\">\n\t\t\t\t\t<div class=\"elementor-column elementor-col-50 elementor-top-column elementor-element elementor-element-52e1c480 rael-particle-no\" data-id=\"52e1c480\" data-element_type=\"column\" data-e-type=\"column\">\n\t\t\t<div class=\"elementor-widget-wrap elementor-element-populated\">\n\t\t\t\t\t\t<div class=\"elementor-element elementor-element-2e6961a3 elementor-widget elementor-widget-heading\" data-id=\"2e6961a3\" data-element_type=\"widget\" data-e-type=\"widget\" data-widget_type=\"heading.default\">\n\t\t\t\t<div class=\"elementor-widget-container\">\n\t\t\t\t\t<h2 class=\"elementor-heading-title elementor-size-default\">Noticias<\/h2>\t\t\t\t<\/div>\n\t\t\t\t<\/div>\n\t\t\t\t<div class=\"elementor-element elementor-element-621ffdba elementor-widget elementor-widget-heading\" data-id=\"621ffdba\" data-element_type=\"widget\" data-e-type=\"widget\" data-widget_type=\"heading.default\">\n\t\t\t\t<div class=\"elementor-widget-container\">\n\t\t\t\t\t<h2 class=\"elementor-heading-title elementor-size-default\">Toda la actualidad sobre enogastroturismo en Canarias<\/h2>\t\t\t\t<\/div>\n\t\t\t\t<\/div>\n\t\t\t\t\t<\/div>\n\t\t<\/div>\n\t\t\t\t<div class=\"elementor-column elementor-col-50 elementor-top-column elementor-element elementor-element-64149936 rael-particle-no\" data-id=\"64149936\" data-element_type=\"column\" data-e-type=\"column\">\n\t\t\t<div class=\"elementor-widget-wrap\">\n\t\t\t\t\t\t\t<\/div>\n\t\t<\/div>\n\t\t\t\t\t<\/div>\n\t\t<\/section>\n\t\t\t\t<section class=\"elementor-section elementor-top-section elementor-element elementor-element-f0bd391 elementor-section-stretched elementor-section-boxed elementor-section-height-default elementor-section-height-default rael-particle-no\" data-id=\"f0bd391\" data-element_type=\"section\" data-e-type=\"section\" data-settings=\"{&quot;stretch_section&quot;:&quot;section-stretched&quot;,&quot;rae_animations_entrance&quot;:&quot;none&quot;}\">\n\t\t\t\t\t\t<div class=\"elementor-container elementor-column-gap-default\">\n\t\t\t\t\t<div class=\"elementor-column elementor-col-100 elementor-top-column elementor-element elementor-element-3830d88 rael-particle-no\" data-id=\"3830d88\" data-element_type=\"column\" data-e-type=\"column\">\n\t\t\t<div class=\"elementor-widget-wrap elementor-element-populated\">\n\t\t\t\t\t\t<div class=\"elementor-element elementor-element-cc71f67 elementor-grid-eael-col-2 elementor-grid-tablet-eael-col-2 elementor-grid-mobile-eael-col-1 elementor-widget elementor-widget-eael-post-grid\" data-id=\"cc71f67\" data-element_type=\"widget\" data-e-type=\"widget\" data-settings=\"{&quot;eael_post_grid_columns&quot;:&quot;eael-col-2&quot;,&quot;eael_post_grid_columns_tablet&quot;:&quot;eael-col-2&quot;,&quot;eael_post_grid_columns_mobile&quot;:&quot;eael-col-1&quot;}\" data-widget_type=\"eael-post-grid.default\">\n\t\t\t\t<div class=\"elementor-widget-container\">\n\t\t\t\t\t<div id=\"eael-post-grid-cc71f67\" class=\"eael-post-grid-container\">\n            <div class=\"eael-post-grid eael-post-appender eael-post-appender-cc71f67 eael-post-grid-style-two\" data-layout-mode=\"grid\"><article class=\"eael-grid-post  eael-post-grid-column eael-pg-post-10105 category-blog-sin-categoria tags-el-hierro-enoturismo-en-canarias-fiesta-de-la-vendimia-patrimonio-vitivinicola-valerio-del-rosario\" data-id=\"10105\">\n    <div class=\"eael-grid-post-holder\">\n        <div class=\"eael-grid-post-holder-inner\"><div class=\"eael-entry-media\"><ul class=\"post-carousel-categories\"><li><a href=\"https:\/\/wp.ull.es\/aenogas\/category\/blog\/\">Blog<\/a><\/li><\/ul><div class=\"eael-entry-overlay none\"><i class=\"\" aria-hidden=\"true\"><\/i><a href=\"https:\/\/wp.ull.es\/aenogas\/2026\/08\/31\/valerio-del-rosario-patrimonio-vitivinicola-el-hierro-fiesta-vendimia\/\"target=\"_blank\"><\/a><\/div><div class=\"eael-entry-thumbnail \">\n                            <img fetchpriority=\"high\" decoding=\"async\" width=\"605\" height=\"340\" src=\"https:\/\/wp.ull.es\/aenogas\/wp-content\/uploads\/sites\/90\/2026\/08\/Plantilla-Pantallas-ULL-3-768x432.png\" class=\"attachment-medium_large size-medium_large wp-image-10108\" alt=\"\" srcset=\"https:\/\/wp.ull.es\/aenogas\/wp-content\/uploads\/sites\/90\/2026\/08\/Plantilla-Pantallas-ULL-3-768x432.png 768w, https:\/\/wp.ull.es\/aenogas\/wp-content\/uploads\/sites\/90\/2026\/08\/Plantilla-Pantallas-ULL-3-300x169.png 300w, https:\/\/wp.ull.es\/aenogas\/wp-content\/uploads\/sites\/90\/2026\/08\/Plantilla-Pantallas-ULL-3-100x56.png 100w, https:\/\/wp.ull.es\/aenogas\/wp-content\/uploads\/sites\/90\/2026\/08\/Plantilla-Pantallas-ULL-3-150x84.png 150w, https:\/\/wp.ull.es\/aenogas\/wp-content\/uploads\/sites\/90\/2026\/08\/Plantilla-Pantallas-ULL-3-200x113.png 200w, https:\/\/wp.ull.es\/aenogas\/wp-content\/uploads\/sites\/90\/2026\/08\/Plantilla-Pantallas-ULL-3-450x253.png 450w, https:\/\/wp.ull.es\/aenogas\/wp-content\/uploads\/sites\/90\/2026\/08\/Plantilla-Pantallas-ULL-3-600x338.png 600w, https:\/\/wp.ull.es\/aenogas\/wp-content\/uploads\/sites\/90\/2026\/08\/Plantilla-Pantallas-ULL-3-900x506.png 900w, https:\/\/wp.ull.es\/aenogas\/wp-content\/uploads\/sites\/90\/2026\/08\/Plantilla-Pantallas-ULL-3.png 1024w\" sizes=\"(max-width: 605px) 100vw, 605px\" \/>\n                            <\/div>\n                    <\/div><div class=\"eael-entry-wrapper\"><header class=\"eael-entry-header\"><h6 class=\"eael-entry-title\"><a class=\"eael-grid-post-link\" href=\"https:\/\/wp.ull.es\/aenogas\/2026\/08\/31\/valerio-del-rosario-patrimonio-vitivinicola-el-hierro-fiesta-vendimia\/\" title=\"Valerio del Rosario reivindica el valor del patrimonio vitivin\u00edcola de El Hierro durante laFiesta de la Vendimia\"target=\"_blank\">Valerio del Rosario reivindica el valor del patrimonio vitivin\u00edcola de El Hierro durante laFiesta de la Vendimia<\/a><\/h6><\/header><div class=\"eael-entry-header-after style-two\"><div class=\"eael-entry-meta\"><span class=\"eael-posted-on eael-meta-posted-on\"><i class=\"far fa-clock\"><\/i><time datetime=\"31 de agosto de 2026\">31 de agosto de 2026<\/time><\/span><\/div><\/div><div class=\"eael-entry-content\">\n                                <div class=\"eael-grid-post-excerpt\"><a href=\"https:\/\/wp.ull.es\/aenogas\/2026\/08\/31\/valerio-del-rosario-patrimonio-vitivinicola-el-hierro-fiesta-vendimia\/\" class=\"eael-post-elements-readmore-btn\"target=\"_blank\">Leer m\u00e1s<\/a><\/div>\n                            <\/div><\/div><\/div>\n    <\/div>\n<\/article><article class=\"eael-grid-post  eael-post-grid-column eael-pg-post-10069 category-sin-categoria\" data-id=\"10069\">\n    <div class=\"eael-grid-post-holder\">\n        <div class=\"eael-grid-post-holder-inner\"><div class=\"eael-entry-media\"><ul class=\"post-carousel-categories\"><li><a href=\"https:\/\/wp.ull.es\/aenogas\/category\/sin-categoria\/\">Sin categor\u00eda<\/a><\/li><\/ul><div class=\"eael-entry-overlay none\"><i class=\"\" aria-hidden=\"true\"><\/i><a href=\"https:\/\/wp.ull.es\/aenogas\/2026\/08\/26\/intercambio-talentos-canarias-brasil-gestion-vitivinicola-enoturismo\/\"target=\"_blank\"><\/a><\/div><div class=\"eael-entry-thumbnail \">\n                            <img decoding=\"async\" width=\"605\" height=\"299\" src=\"https:\/\/wp.ull.es\/aenogas\/wp-content\/uploads\/sites\/90\/2026\/08\/RRSS_Banner-eventos-768x379.jpg\" class=\"attachment-medium_large size-medium_large wp-image-10071\" alt=\"\" srcset=\"https:\/\/wp.ull.es\/aenogas\/wp-content\/uploads\/sites\/90\/2026\/08\/RRSS_Banner-eventos-768x379.jpg 768w, https:\/\/wp.ull.es\/aenogas\/wp-content\/uploads\/sites\/90\/2026\/08\/RRSS_Banner-eventos-300x148.jpg 300w, https:\/\/wp.ull.es\/aenogas\/wp-content\/uploads\/sites\/90\/2026\/08\/RRSS_Banner-eventos-100x49.jpg 100w, https:\/\/wp.ull.es\/aenogas\/wp-content\/uploads\/sites\/90\/2026\/08\/RRSS_Banner-eventos-150x74.jpg 150w, https:\/\/wp.ull.es\/aenogas\/wp-content\/uploads\/sites\/90\/2026\/08\/RRSS_Banner-eventos-200x99.jpg 200w, https:\/\/wp.ull.es\/aenogas\/wp-content\/uploads\/sites\/90\/2026\/08\/RRSS_Banner-eventos-450x222.jpg 450w, https:\/\/wp.ull.es\/aenogas\/wp-content\/uploads\/sites\/90\/2026\/08\/RRSS_Banner-eventos-600x296.jpg 600w, https:\/\/wp.ull.es\/aenogas\/wp-content\/uploads\/sites\/90\/2026\/08\/RRSS_Banner-eventos-900x444.jpg 900w, https:\/\/wp.ull.es\/aenogas\/wp-content\/uploads\/sites\/90\/2026\/08\/RRSS_Banner-eventos.jpg 1024w\" sizes=\"(max-width: 605px) 100vw, 605px\" \/>\n                            <\/div>\n                    <\/div><div class=\"eael-entry-wrapper\"><header class=\"eael-entry-header\"><h6 class=\"eael-entry-title\"><a class=\"eael-grid-post-link\" href=\"https:\/\/wp.ull.es\/aenogas\/2026\/08\/26\/intercambio-talentos-canarias-brasil-gestion-vitivinicola-enoturismo\/\" title=\"El Programa Intercambio de Talentos Canarias &#8211; Brasil\u00a0 abre las inscripciones para su formaci\u00f3n internacional en gesti\u00f3n vitivin\u00edcola y enoturismo\"target=\"_blank\">El Programa Intercambio de Talentos Canarias &#8211; Brasil\u00a0 abre las inscripciones para su formaci\u00f3n internacional en gesti\u00f3n vitivin\u00edcola y enoturismo<\/a><\/h6><\/header><div class=\"eael-entry-header-after style-two\"><div class=\"eael-entry-meta\"><span class=\"eael-posted-on eael-meta-posted-on\"><i class=\"far fa-clock\"><\/i><time datetime=\"26 de agosto de 2026\">26 de agosto de 2026<\/time><\/span><\/div><\/div><div class=\"eael-entry-content\">\n                                <div class=\"eael-grid-post-excerpt\"><a href=\"https:\/\/wp.ull.es\/aenogas\/2026\/08\/26\/intercambio-talentos-canarias-brasil-gestion-vitivinicola-enoturismo\/\" class=\"eael-post-elements-readmore-btn\"target=\"_blank\">Leer m\u00e1s<\/a><\/div>\n                            <\/div><\/div><\/div>\n    <\/div>\n<\/article><article class=\"eael-grid-post  eael-post-grid-column eael-pg-post-10065 category-blog-sin-categoria tags-agroturismo-enoturismo-canarias-formacion-agroalimentaria-sostenibilidad-rural-universidad-de-la-laguna\" data-id=\"10065\">\n    <div class=\"eael-grid-post-holder\">\n        <div class=\"eael-grid-post-holder-inner\"><div class=\"eael-entry-media\"><ul class=\"post-carousel-categories\"><li><a href=\"https:\/\/wp.ull.es\/aenogas\/category\/blog\/\">Blog<\/a><\/li><\/ul><div class=\"eael-entry-overlay none\"><i class=\"\" aria-hidden=\"true\"><\/i><a href=\"https:\/\/wp.ull.es\/aenogas\/2026\/08\/14\/enoturismo-sostenible-canarias-catedra-agroturismo\/\"target=\"_blank\"><\/a><\/div><div class=\"eael-entry-thumbnail \">\n                            <img decoding=\"async\" width=\"605\" height=\"341\" src=\"https:\/\/wp.ull.es\/aenogas\/wp-content\/uploads\/sites\/90\/2026\/08\/dummy-12-768x433.jpeg\" class=\"attachment-medium_large size-medium_large wp-image-10066\" alt=\"\" srcset=\"https:\/\/wp.ull.es\/aenogas\/wp-content\/uploads\/sites\/90\/2026\/08\/dummy-12-768x433.jpeg 768w, https:\/\/wp.ull.es\/aenogas\/wp-content\/uploads\/sites\/90\/2026\/08\/dummy-12-300x169.jpeg 300w, https:\/\/wp.ull.es\/aenogas\/wp-content\/uploads\/sites\/90\/2026\/08\/dummy-12-100x56.jpeg 100w, https:\/\/wp.ull.es\/aenogas\/wp-content\/uploads\/sites\/90\/2026\/08\/dummy-12-150x84.jpeg 150w, https:\/\/wp.ull.es\/aenogas\/wp-content\/uploads\/sites\/90\/2026\/08\/dummy-12-200x113.jpeg 200w, https:\/\/wp.ull.es\/aenogas\/wp-content\/uploads\/sites\/90\/2026\/08\/dummy-12-450x253.jpeg 450w, https:\/\/wp.ull.es\/aenogas\/wp-content\/uploads\/sites\/90\/2026\/08\/dummy-12-600x338.jpeg 600w, https:\/\/wp.ull.es\/aenogas\/wp-content\/uploads\/sites\/90\/2026\/08\/dummy-12.jpeg 799w\" sizes=\"(max-width: 605px) 100vw, 605px\" \/>\n                            <\/div>\n                    <\/div><div class=\"eael-entry-wrapper\"><header class=\"eael-entry-header\"><h6 class=\"eael-entry-title\"><a class=\"eael-grid-post-link\" href=\"https:\/\/wp.ull.es\/aenogas\/2026\/08\/14\/enoturismo-sostenible-canarias-catedra-agroturismo\/\" title=\"La C\u00e1tedra de Agroturismo y Enoturismo de Canarias consolida su proyecci\u00f3n internacional y reafirma su compromiso con el desarrollo sostenible del archipi\u00e9lago\"target=\"_blank\">La C\u00e1tedra de Agroturismo y Enoturismo de Canarias consolida su proyecci\u00f3n internacional y reafirma su compromiso con el desarrollo sostenible del archipi\u00e9lago<\/a><\/h6><\/header><div class=\"eael-entry-header-after style-two\"><div class=\"eael-entry-meta\"><span class=\"eael-posted-on eael-meta-posted-on\"><i class=\"far fa-clock\"><\/i><time datetime=\"14 de agosto de 2026\">14 de agosto de 2026<\/time><\/span><\/div><\/div><div class=\"eael-entry-content\">\n                                <div class=\"eael-grid-post-excerpt\"><a href=\"https:\/\/wp.ull.es\/aenogas\/2026\/08\/14\/enoturismo-sostenible-canarias-catedra-agroturismo\/\" class=\"eael-post-elements-readmore-btn\"target=\"_blank\">Leer m\u00e1s<\/a><\/div>\n                            <\/div><\/div><\/div>\n    <\/div>\n<\/article><article class=\"eael-grid-post  eael-post-grid-column eael-pg-post-10043 category-blog-sin-categoria tags-agroenoturismo-catedra-de-agroturismo-y-enoturismo-gran-canaria-ruta-del-vino-de-gran-canaria-turismo-gastronomico\" data-id=\"10043\">\n    <div class=\"eael-grid-post-holder\">\n        <div class=\"eael-grid-post-holder-inner\"><div class=\"eael-entry-media\"><ul class=\"post-carousel-categories\"><li><a href=\"https:\/\/wp.ull.es\/aenogas\/category\/blog\/\">Blog<\/a><\/li><\/ul><div class=\"eael-entry-overlay none\"><i class=\"\" aria-hidden=\"true\"><\/i><a href=\"https:\/\/wp.ull.es\/aenogas\/2026\/08\/06\/encuentro-internacional-agroenoturismo-gran-canaria-2027\/\"target=\"_blank\"><\/a><\/div><div class=\"eael-entry-thumbnail \">\n                            <img loading=\"lazy\" decoding=\"async\" width=\"605\" height=\"403\" src=\"https:\/\/wp.ull.es\/aenogas\/wp-content\/uploads\/sites\/90\/2026\/08\/Foto-nota-de-prensa-gc-768x512.jpg\" class=\"attachment-medium_large size-medium_large wp-image-10045\" alt=\"\" srcset=\"https:\/\/wp.ull.es\/aenogas\/wp-content\/uploads\/sites\/90\/2026\/08\/Foto-nota-de-prensa-gc-768x512.jpg 768w, https:\/\/wp.ull.es\/aenogas\/wp-content\/uploads\/sites\/90\/2026\/08\/Foto-nota-de-prensa-gc-300x200.jpg 300w, https:\/\/wp.ull.es\/aenogas\/wp-content\/uploads\/sites\/90\/2026\/08\/Foto-nota-de-prensa-gc-100x67.jpg 100w, https:\/\/wp.ull.es\/aenogas\/wp-content\/uploads\/sites\/90\/2026\/08\/Foto-nota-de-prensa-gc-150x100.jpg 150w, https:\/\/wp.ull.es\/aenogas\/wp-content\/uploads\/sites\/90\/2026\/08\/Foto-nota-de-prensa-gc-200x133.jpg 200w, https:\/\/wp.ull.es\/aenogas\/wp-content\/uploads\/sites\/90\/2026\/08\/Foto-nota-de-prensa-gc-450x300.jpg 450w, https:\/\/wp.ull.es\/aenogas\/wp-content\/uploads\/sites\/90\/2026\/08\/Foto-nota-de-prensa-gc-600x400.jpg 600w, https:\/\/wp.ull.es\/aenogas\/wp-content\/uploads\/sites\/90\/2026\/08\/Foto-nota-de-prensa-gc-900x600.jpg 900w, https:\/\/wp.ull.es\/aenogas\/wp-content\/uploads\/sites\/90\/2026\/08\/Foto-nota-de-prensa-gc.jpg 1024w\" sizes=\"(max-width: 605px) 100vw, 605px\" \/>\n                            <\/div>\n                    <\/div><div class=\"eael-entry-wrapper\"><header class=\"eael-entry-header\"><h6 class=\"eael-entry-title\"><a class=\"eael-grid-post-link\" href=\"https:\/\/wp.ull.es\/aenogas\/2026\/08\/06\/encuentro-internacional-agroenoturismo-gran-canaria-2027\/\" title=\"Gran Canaria ser\u00e1 la sede del XII Encuentro Internacional de Agroenoturismo en 2027\"target=\"_blank\">Gran Canaria ser\u00e1 la sede del XII Encuentro Internacional de Agroenoturismo en 2027<\/a><\/h6><\/header><div class=\"eael-entry-header-after style-two\"><div class=\"eael-entry-meta\"><span class=\"eael-posted-on eael-meta-posted-on\"><i class=\"far fa-clock\"><\/i><time datetime=\"6 de agosto de 2026\">6 de agosto de 2026<\/time><\/span><\/div><\/div><div class=\"eael-entry-content\">\n                                <div class=\"eael-grid-post-excerpt\"><a href=\"https:\/\/wp.ull.es\/aenogas\/2026\/08\/06\/encuentro-internacional-agroenoturismo-gran-canaria-2027\/\" class=\"eael-post-elements-readmore-btn\"target=\"_blank\">Leer m\u00e1s<\/a><\/div>\n                            <\/div><\/div><\/div>\n    <\/div>\n<\/article><article class=\"eael-grid-post  eael-post-grid-column eael-pg-post-9986 category-blog-sin-categoria tags-agroturismo-canarias-ano-internacional-de-la-agricultora-emprendimiento-rural-mujer-rural-canarias-universidad-de-la-laguna\" data-id=\"9986\">\n    <div class=\"eael-grid-post-holder\">\n        <div class=\"eael-grid-post-holder-inner\"><div class=\"eael-entry-media\"><ul class=\"post-carousel-categories\"><li><a href=\"https:\/\/wp.ull.es\/aenogas\/category\/blog\/\">Blog<\/a><\/li><\/ul><div class=\"eael-entry-overlay none\"><i class=\"\" aria-hidden=\"true\"><\/i><a href=\"https:\/\/wp.ull.es\/aenogas\/2026\/07\/31\/jornada-mujer-rural-canarias-2026\/\"target=\"_blank\"><\/a><\/div><div class=\"eael-entry-thumbnail \">\n                            <img loading=\"lazy\" decoding=\"async\" width=\"605\" height=\"340\" src=\"https:\/\/wp.ull.es\/aenogas\/wp-content\/uploads\/sites\/90\/2026\/07\/Jornadas-Mujer-Rural-en-Canarias_Fondo-de-pantalla-2-768x432.jpg\" class=\"attachment-medium_large size-medium_large wp-image-10024\" alt=\"\" srcset=\"https:\/\/wp.ull.es\/aenogas\/wp-content\/uploads\/sites\/90\/2026\/07\/Jornadas-Mujer-Rural-en-Canarias_Fondo-de-pantalla-2-768x432.jpg 768w, https:\/\/wp.ull.es\/aenogas\/wp-content\/uploads\/sites\/90\/2026\/07\/Jornadas-Mujer-Rural-en-Canarias_Fondo-de-pantalla-2-300x169.jpg 300w, https:\/\/wp.ull.es\/aenogas\/wp-content\/uploads\/sites\/90\/2026\/07\/Jornadas-Mujer-Rural-en-Canarias_Fondo-de-pantalla-2-100x56.jpg 100w, https:\/\/wp.ull.es\/aenogas\/wp-content\/uploads\/sites\/90\/2026\/07\/Jornadas-Mujer-Rural-en-Canarias_Fondo-de-pantalla-2-150x84.jpg 150w, https:\/\/wp.ull.es\/aenogas\/wp-content\/uploads\/sites\/90\/2026\/07\/Jornadas-Mujer-Rural-en-Canarias_Fondo-de-pantalla-2-200x113.jpg 200w, https:\/\/wp.ull.es\/aenogas\/wp-content\/uploads\/sites\/90\/2026\/07\/Jornadas-Mujer-Rural-en-Canarias_Fondo-de-pantalla-2-450x253.jpg 450w, https:\/\/wp.ull.es\/aenogas\/wp-content\/uploads\/sites\/90\/2026\/07\/Jornadas-Mujer-Rural-en-Canarias_Fondo-de-pantalla-2-600x338.jpg 600w, https:\/\/wp.ull.es\/aenogas\/wp-content\/uploads\/sites\/90\/2026\/07\/Jornadas-Mujer-Rural-en-Canarias_Fondo-de-pantalla-2-900x506.jpg 900w, https:\/\/wp.ull.es\/aenogas\/wp-content\/uploads\/sites\/90\/2026\/07\/Jornadas-Mujer-Rural-en-Canarias_Fondo-de-pantalla-2.jpg 1024w\" sizes=\"(max-width: 605px) 100vw, 605px\" \/>\n                            <\/div>\n                    <\/div><div class=\"eael-entry-wrapper\"><header class=\"eael-entry-header\"><h6 class=\"eael-entry-title\"><a class=\"eael-grid-post-link\" href=\"https:\/\/wp.ull.es\/aenogas\/2026\/07\/31\/jornada-mujer-rural-canarias-2026\/\" title=\"La C\u00e1tedra de Agroturismo y Enoturismo de Canarias enmarca la nueva edici\u00f3n de la Jornada de la Mujer Rural en el A\u00f1o Internacional de la Agricultora\"target=\"_blank\">La C\u00e1tedra de Agroturismo y Enoturismo de Canarias enmarca la nueva edici\u00f3n de la Jornada de la Mujer Rural en el A\u00f1o Internacional de la Agricultora<\/a><\/h6><\/header><div class=\"eael-entry-header-after style-two\"><div class=\"eael-entry-meta\"><span class=\"eael-posted-on eael-meta-posted-on\"><i class=\"far fa-clock\"><\/i><time datetime=\"31 de julio de 2026\">31 de julio de 2026<\/time><\/span><\/div><\/div><div class=\"eael-entry-content\">\n                                <div class=\"eael-grid-post-excerpt\"><a href=\"https:\/\/wp.ull.es\/aenogas\/2026\/07\/31\/jornada-mujer-rural-canarias-2026\/\" class=\"eael-post-elements-readmore-btn\"target=\"_blank\">Leer m\u00e1s<\/a><\/div>\n                            <\/div><\/div><\/div>\n    <\/div>\n<\/article><article class=\"eael-grid-post  eael-post-grid-column eael-pg-post-9866 category-blog-sin-categoria tags-cambio-climatico-en-el-vinedo-catedra-de-agroturismo-y-enoturismo-de-canarias-la-gomera-viticultura-regenerativa-vitivinicultura-sostenible\" data-id=\"9866\">\n    <div class=\"eael-grid-post-holder\">\n        <div class=\"eael-grid-post-holder-inner\"><div class=\"eael-entry-media\"><ul class=\"post-carousel-categories\"><li><a href=\"https:\/\/wp.ull.es\/aenogas\/category\/blog\/\">Blog<\/a><\/li><\/ul><div class=\"eael-entry-overlay none\"><i class=\"\" aria-hidden=\"true\"><\/i><a href=\"https:\/\/wp.ull.es\/aenogas\/2026\/07\/21\/jornadas-vitivinicultura-sostenible-la-gomera-2026\/\"target=\"_blank\"><\/a><\/div><div class=\"eael-entry-thumbnail \">\n                            <img loading=\"lazy\" decoding=\"async\" width=\"605\" height=\"277\" src=\"https:\/\/wp.ull.es\/aenogas\/wp-content\/uploads\/sites\/90\/2026\/07\/san_sebastian_de_la_gomera-la_gomera_1-768x351.jpg\" class=\"attachment-medium_large size-medium_large wp-image-9867\" alt=\"\" srcset=\"https:\/\/wp.ull.es\/aenogas\/wp-content\/uploads\/sites\/90\/2026\/07\/san_sebastian_de_la_gomera-la_gomera_1-768x351.jpg 768w, https:\/\/wp.ull.es\/aenogas\/wp-content\/uploads\/sites\/90\/2026\/07\/san_sebastian_de_la_gomera-la_gomera_1-300x137.jpg 300w, https:\/\/wp.ull.es\/aenogas\/wp-content\/uploads\/sites\/90\/2026\/07\/san_sebastian_de_la_gomera-la_gomera_1-100x46.jpg 100w, https:\/\/wp.ull.es\/aenogas\/wp-content\/uploads\/sites\/90\/2026\/07\/san_sebastian_de_la_gomera-la_gomera_1-150x69.jpg 150w, https:\/\/wp.ull.es\/aenogas\/wp-content\/uploads\/sites\/90\/2026\/07\/san_sebastian_de_la_gomera-la_gomera_1-200x91.jpg 200w, https:\/\/wp.ull.es\/aenogas\/wp-content\/uploads\/sites\/90\/2026\/07\/san_sebastian_de_la_gomera-la_gomera_1-450x206.jpg 450w, https:\/\/wp.ull.es\/aenogas\/wp-content\/uploads\/sites\/90\/2026\/07\/san_sebastian_de_la_gomera-la_gomera_1-600x274.jpg 600w, https:\/\/wp.ull.es\/aenogas\/wp-content\/uploads\/sites\/90\/2026\/07\/san_sebastian_de_la_gomera-la_gomera_1-900x412.jpg 900w, https:\/\/wp.ull.es\/aenogas\/wp-content\/uploads\/sites\/90\/2026\/07\/san_sebastian_de_la_gomera-la_gomera_1.jpg 940w\" sizes=\"(max-width: 605px) 100vw, 605px\" \/>\n                            <\/div>\n                    <\/div><div class=\"eael-entry-wrapper\"><header class=\"eael-entry-header\"><h6 class=\"eael-entry-title\"><a class=\"eael-grid-post-link\" href=\"https:\/\/wp.ull.es\/aenogas\/2026\/07\/21\/jornadas-vitivinicultura-sostenible-la-gomera-2026\/\" title=\"La Gomera acoger\u00e1 las III Jornadas T\u00e9cnicas Internacionales de Vitivinicultura Sostenible\"target=\"_blank\">La Gomera acoger\u00e1 las III Jornadas T\u00e9cnicas Internacionales de Vitivinicultura Sostenible<\/a><\/h6><\/header><div class=\"eael-entry-header-after style-two\"><div class=\"eael-entry-meta\"><span class=\"eael-posted-on eael-meta-posted-on\"><i class=\"far fa-clock\"><\/i><time datetime=\"21 de julio de 2026\">21 de julio de 2026<\/time><\/span><\/div><\/div><div class=\"eael-entry-content\">\n                                <div class=\"eael-grid-post-excerpt\"><a href=\"https:\/\/wp.ull.es\/aenogas\/2026\/07\/21\/jornadas-vitivinicultura-sostenible-la-gomera-2026\/\" class=\"eael-post-elements-readmore-btn\"target=\"_blank\">Leer m\u00e1s<\/a><\/div>\n                            <\/div><\/div><\/div>\n    <\/div>\n<\/article><article class=\"eael-grid-post  eael-post-grid-column eael-pg-post-9852 category-sin-categoria tags-catedraagroturismo-enoturismocanarias-masterwintour-turismosostenible-vinosdecanarias\" data-id=\"9852\">\n    <div class=\"eael-grid-post-holder\">\n        <div class=\"eael-grid-post-holder-inner\"><div class=\"eael-entry-media\"><ul class=\"post-carousel-categories\"><li><a href=\"https:\/\/wp.ull.es\/aenogas\/category\/sin-categoria\/\">Sin categor\u00eda<\/a><\/li><\/ul><div class=\"eael-entry-overlay none\"><i class=\"\" aria-hidden=\"true\"><\/i><a href=\"https:\/\/wp.ull.es\/aenogas\/2026\/07\/15\/catedra-enoturismo-sostenible-canarias-wintour\/\"target=\"_blank\"><\/a><\/div><div class=\"eael-entry-thumbnail \">\n                            <img loading=\"lazy\" decoding=\"async\" width=\"605\" height=\"340\" src=\"https:\/\/wp.ull.es\/aenogas\/wp-content\/uploads\/sites\/90\/2026\/07\/Plantilla-Pantallas-ULL-2-768x432.jpg\" class=\"attachment-medium_large size-medium_large wp-image-9853\" alt=\"\" srcset=\"https:\/\/wp.ull.es\/aenogas\/wp-content\/uploads\/sites\/90\/2026\/07\/Plantilla-Pantallas-ULL-2-768x432.jpg 768w, https:\/\/wp.ull.es\/aenogas\/wp-content\/uploads\/sites\/90\/2026\/07\/Plantilla-Pantallas-ULL-2-300x169.jpg 300w, https:\/\/wp.ull.es\/aenogas\/wp-content\/uploads\/sites\/90\/2026\/07\/Plantilla-Pantallas-ULL-2-100x56.jpg 100w, https:\/\/wp.ull.es\/aenogas\/wp-content\/uploads\/sites\/90\/2026\/07\/Plantilla-Pantallas-ULL-2-150x84.jpg 150w, https:\/\/wp.ull.es\/aenogas\/wp-content\/uploads\/sites\/90\/2026\/07\/Plantilla-Pantallas-ULL-2-200x113.jpg 200w, https:\/\/wp.ull.es\/aenogas\/wp-content\/uploads\/sites\/90\/2026\/07\/Plantilla-Pantallas-ULL-2-450x253.jpg 450w, https:\/\/wp.ull.es\/aenogas\/wp-content\/uploads\/sites\/90\/2026\/07\/Plantilla-Pantallas-ULL-2-600x338.jpg 600w, https:\/\/wp.ull.es\/aenogas\/wp-content\/uploads\/sites\/90\/2026\/07\/Plantilla-Pantallas-ULL-2-900x506.jpg 900w, https:\/\/wp.ull.es\/aenogas\/wp-content\/uploads\/sites\/90\/2026\/07\/Plantilla-Pantallas-ULL-2.jpg 1024w\" sizes=\"(max-width: 605px) 100vw, 605px\" \/>\n                            <\/div>\n                    <\/div><div class=\"eael-entry-wrapper\"><header class=\"eael-entry-header\"><h6 class=\"eael-entry-title\"><a class=\"eael-grid-post-link\" href=\"https:\/\/wp.ull.es\/aenogas\/2026\/07\/15\/catedra-enoturismo-sostenible-canarias-wintour\/\" title=\"La C\u00e1tedra de Agroturismo y Enoturismo de Canarias afianza su liderazgo investigador con una colaboraci\u00f3n internacional junto al M\u00e1ster Internacional WINTOUR\"target=\"_blank\">La C\u00e1tedra de Agroturismo y Enoturismo de Canarias afianza su liderazgo investigador con una colaboraci\u00f3n internacional junto al M\u00e1ster Internacional WINTOUR<\/a><\/h6><\/header><div class=\"eael-entry-header-after style-two\"><div class=\"eael-entry-meta\"><span class=\"eael-posted-on eael-meta-posted-on\"><i class=\"far fa-clock\"><\/i><time datetime=\"15 de julio de 2026\">15 de julio de 2026<\/time><\/span><\/div><\/div><div class=\"eael-entry-content\">\n                                <div class=\"eael-grid-post-excerpt\"><a href=\"https:\/\/wp.ull.es\/aenogas\/2026\/07\/15\/catedra-enoturismo-sostenible-canarias-wintour\/\" class=\"eael-post-elements-readmore-btn\"target=\"_blank\">Leer m\u00e1s<\/a><\/div>\n                            <\/div><\/div><\/div>\n    <\/div>\n<\/article><article class=\"eael-grid-post  eael-post-grid-column eael-pg-post-9835 category-blog-sin-categoria tags-igualdad-de-genero-mujer-agricultora-premios-agricultora-de-canarias-sector-agroalimentario-canarias-universidad-de-la-laguna\" data-id=\"9835\">\n    <div class=\"eael-grid-post-holder\">\n        <div class=\"eael-grid-post-holder-inner\"><div class=\"eael-entry-media\"><ul class=\"post-carousel-categories\"><li><a href=\"https:\/\/wp.ull.es\/aenogas\/category\/blog\/\">Blog<\/a><\/li><\/ul><div class=\"eael-entry-overlay none\"><i class=\"\" aria-hidden=\"true\"><\/i><a href=\"https:\/\/wp.ull.es\/aenogas\/2026\/07\/07\/premios-agricultora-de-canarias-2026\/\"target=\"_blank\"><\/a><\/div><div class=\"eael-entry-thumbnail \">\n                            <img loading=\"lazy\" decoding=\"async\" width=\"605\" height=\"403\" src=\"https:\/\/wp.ull.es\/aenogas\/wp-content\/uploads\/sites\/90\/2026\/07\/Queso-768x512.jpg\" class=\"attachment-medium_large size-medium_large wp-image-9836\" alt=\"\" srcset=\"https:\/\/wp.ull.es\/aenogas\/wp-content\/uploads\/sites\/90\/2026\/07\/Queso-768x512.jpg 768w, https:\/\/wp.ull.es\/aenogas\/wp-content\/uploads\/sites\/90\/2026\/07\/Queso-300x200.jpg 300w, https:\/\/wp.ull.es\/aenogas\/wp-content\/uploads\/sites\/90\/2026\/07\/Queso-391x260.jpg 391w, https:\/\/wp.ull.es\/aenogas\/wp-content\/uploads\/sites\/90\/2026\/07\/Queso-100x67.jpg 100w, https:\/\/wp.ull.es\/aenogas\/wp-content\/uploads\/sites\/90\/2026\/07\/Queso-150x100.jpg 150w, https:\/\/wp.ull.es\/aenogas\/wp-content\/uploads\/sites\/90\/2026\/07\/Queso-200x133.jpg 200w, https:\/\/wp.ull.es\/aenogas\/wp-content\/uploads\/sites\/90\/2026\/07\/Queso-450x300.jpg 450w, https:\/\/wp.ull.es\/aenogas\/wp-content\/uploads\/sites\/90\/2026\/07\/Queso-600x400.jpg 600w, https:\/\/wp.ull.es\/aenogas\/wp-content\/uploads\/sites\/90\/2026\/07\/Queso.jpg 799w\" sizes=\"(max-width: 605px) 100vw, 605px\" \/>\n                            <\/div>\n                    <\/div><div class=\"eael-entry-wrapper\"><header class=\"eael-entry-header\"><h6 class=\"eael-entry-title\"><a class=\"eael-grid-post-link\" href=\"https:\/\/wp.ull.es\/aenogas\/2026\/07\/07\/premios-agricultora-de-canarias-2026\/\" title=\"La Universidad de La Laguna convoca los Premios Agricultora de Canarias 2026 para visibilizar el liderazgo de las mujeres en el sector agroalimentario\"target=\"_blank\">La Universidad de La Laguna convoca los Premios Agricultora de Canarias 2026 para visibilizar el liderazgo de las mujeres en el sector agroalimentario<\/a><\/h6><\/header><div class=\"eael-entry-header-after style-two\"><div class=\"eael-entry-meta\"><span class=\"eael-posted-on eael-meta-posted-on\"><i class=\"far fa-clock\"><\/i><time datetime=\"7 de julio de 2026\">7 de julio de 2026<\/time><\/span><\/div><\/div><div class=\"eael-entry-content\">\n                                <div class=\"eael-grid-post-excerpt\"><a href=\"https:\/\/wp.ull.es\/aenogas\/2026\/07\/07\/premios-agricultora-de-canarias-2026\/\" class=\"eael-post-elements-readmore-btn\"target=\"_blank\">Leer m\u00e1s<\/a><\/div>\n                            <\/div><\/div><\/div>\n    <\/div>\n<\/article><article class=\"eael-grid-post  eael-post-grid-column eael-pg-post-9799 category-blog-sin-categoria tags-agrotecnologia-cluster-de-agrotecnologia-de-canarias-convenio-ull-innovacion-agricola-investigacion-agroalimentaria-sector-agricola-canarias-sostenibilidad-transferencia-de-conocimiento\" data-id=\"9799\">\n    <div class=\"eael-grid-post-holder\">\n        <div class=\"eael-grid-post-holder-inner\"><div class=\"eael-entry-media\"><ul class=\"post-carousel-categories\"><li><a href=\"https:\/\/wp.ull.es\/aenogas\/category\/blog\/\">Blog<\/a><\/li><\/ul><div class=\"eael-entry-overlay none\"><i class=\"\" aria-hidden=\"true\"><\/i><a href=\"https:\/\/wp.ull.es\/aenogas\/2026\/07\/02\/ull-cluster-agrotecnologia-canarias-colaboracion\/\"target=\"_blank\"><\/a><\/div><div class=\"eael-entry-thumbnail \">\n                            <img loading=\"lazy\" decoding=\"async\" width=\"605\" height=\"403\" src=\"https:\/\/wp.ull.es\/aenogas\/wp-content\/uploads\/sites\/90\/2026\/07\/cluster-agrotech-firma-768x512.jpg\" class=\"attachment-medium_large size-medium_large wp-image-9800\" alt=\"\" srcset=\"https:\/\/wp.ull.es\/aenogas\/wp-content\/uploads\/sites\/90\/2026\/07\/cluster-agrotech-firma-768x512.jpg 768w, https:\/\/wp.ull.es\/aenogas\/wp-content\/uploads\/sites\/90\/2026\/07\/cluster-agrotech-firma-300x200.jpg 300w, https:\/\/wp.ull.es\/aenogas\/wp-content\/uploads\/sites\/90\/2026\/07\/cluster-agrotech-firma-391x260.jpg 391w, https:\/\/wp.ull.es\/aenogas\/wp-content\/uploads\/sites\/90\/2026\/07\/cluster-agrotech-firma-100x67.jpg 100w, https:\/\/wp.ull.es\/aenogas\/wp-content\/uploads\/sites\/90\/2026\/07\/cluster-agrotech-firma-150x100.jpg 150w, https:\/\/wp.ull.es\/aenogas\/wp-content\/uploads\/sites\/90\/2026\/07\/cluster-agrotech-firma-200x133.jpg 200w, https:\/\/wp.ull.es\/aenogas\/wp-content\/uploads\/sites\/90\/2026\/07\/cluster-agrotech-firma-450x300.jpg 450w, https:\/\/wp.ull.es\/aenogas\/wp-content\/uploads\/sites\/90\/2026\/07\/cluster-agrotech-firma-600x400.jpg 600w, https:\/\/wp.ull.es\/aenogas\/wp-content\/uploads\/sites\/90\/2026\/07\/cluster-agrotech-firma-900x600.jpg 900w, https:\/\/wp.ull.es\/aenogas\/wp-content\/uploads\/sites\/90\/2026\/07\/cluster-agrotech-firma.jpg 1024w\" sizes=\"(max-width: 605px) 100vw, 605px\" \/>\n                            <\/div>\n                    <\/div><div class=\"eael-entry-wrapper\"><header class=\"eael-entry-header\"><h6 class=\"eael-entry-title\"><a class=\"eael-grid-post-link\" href=\"https:\/\/wp.ull.es\/aenogas\/2026\/07\/02\/ull-cluster-agrotecnologia-canarias-colaboracion\/\" title=\"La ULL y el Cl\u00faster de Agrotecnolog\u00eda de Canarias colaborar\u00e1n en acciones cient\u00edficas y formativas\"target=\"_blank\">La ULL y el Cl\u00faster de Agrotecnolog\u00eda de Canarias colaborar\u00e1n en acciones cient\u00edficas y formativas<\/a><\/h6><\/header><div class=\"eael-entry-header-after style-two\"><div class=\"eael-entry-meta\"><span class=\"eael-posted-on eael-meta-posted-on\"><i class=\"far fa-clock\"><\/i><time datetime=\"2 de julio de 2026\">2 de julio de 2026<\/time><\/span><\/div><\/div><div class=\"eael-entry-content\">\n                                <div class=\"eael-grid-post-excerpt\"><a href=\"https:\/\/wp.ull.es\/aenogas\/2026\/07\/02\/ull-cluster-agrotecnologia-canarias-colaboracion\/\" class=\"eael-post-elements-readmore-btn\"target=\"_blank\">Leer m\u00e1s<\/a><\/div>\n                            <\/div><\/div><\/div>\n    <\/div>\n<\/article><article class=\"eael-grid-post  eael-post-grid-column eael-pg-post-9759 category-blog-sin-categoria tags-catedra-de-agroturismo-y-enoturismo-de-canarias-enoturismo-canarias-fiesta-de-la-vendimia-el-hierro-la-frontera-el-hierro-universidad-de-la-laguna-ull-valerio-del-rosario\" data-id=\"9759\">\n    <div class=\"eael-grid-post-holder\">\n        <div class=\"eael-grid-post-holder-inner\"><div class=\"eael-entry-media\"><ul class=\"post-carousel-categories\"><li><a href=\"https:\/\/wp.ull.es\/aenogas\/category\/blog\/\">Blog<\/a><\/li><\/ul><div class=\"eael-entry-overlay none\"><i class=\"\" aria-hidden=\"true\"><\/i><a href=\"https:\/\/wp.ull.es\/aenogas\/2026\/06\/23\/catedra-agroturismo-canarias-fiesta-vendimia-el-hierro\/\"target=\"_blank\"><\/a><\/div><div class=\"eael-entry-thumbnail \">\n                            <img loading=\"lazy\" decoding=\"async\" width=\"605\" height=\"341\" src=\"https:\/\/wp.ull.es\/aenogas\/wp-content\/uploads\/sites\/90\/2026\/06\/Valerio-del-Rosario-768x433.jpg\" class=\"attachment-medium_large size-medium_large wp-image-9760\" alt=\"\" srcset=\"https:\/\/wp.ull.es\/aenogas\/wp-content\/uploads\/sites\/90\/2026\/06\/Valerio-del-Rosario-768x433.jpg 768w, https:\/\/wp.ull.es\/aenogas\/wp-content\/uploads\/sites\/90\/2026\/06\/Valerio-del-Rosario-300x169.jpg 300w, https:\/\/wp.ull.es\/aenogas\/wp-content\/uploads\/sites\/90\/2026\/06\/Valerio-del-Rosario-100x56.jpg 100w, https:\/\/wp.ull.es\/aenogas\/wp-content\/uploads\/sites\/90\/2026\/06\/Valerio-del-Rosario-150x84.jpg 150w, https:\/\/wp.ull.es\/aenogas\/wp-content\/uploads\/sites\/90\/2026\/06\/Valerio-del-Rosario-200x113.jpg 200w, https:\/\/wp.ull.es\/aenogas\/wp-content\/uploads\/sites\/90\/2026\/06\/Valerio-del-Rosario-450x253.jpg 450w, https:\/\/wp.ull.es\/aenogas\/wp-content\/uploads\/sites\/90\/2026\/06\/Valerio-del-Rosario-600x338.jpg 600w, https:\/\/wp.ull.es\/aenogas\/wp-content\/uploads\/sites\/90\/2026\/06\/Valerio-del-Rosario.jpg 799w\" sizes=\"(max-width: 605px) 100vw, 605px\" \/>\n                            <\/div>\n                    <\/div><div class=\"eael-entry-wrapper\"><header class=\"eael-entry-header\"><h6 class=\"eael-entry-title\"><a class=\"eael-grid-post-link\" href=\"https:\/\/wp.ull.es\/aenogas\/2026\/06\/23\/catedra-agroturismo-canarias-fiesta-vendimia-el-hierro\/\" title=\"La C\u00e1tedra de Agroturismo y Enoturismo de Canarias estar\u00e1 presente en la Fiesta de la Vendimia de El Hierro con Valerio del Rosario como mantenedor\"target=\"_blank\">La C\u00e1tedra de Agroturismo y Enoturismo de Canarias estar\u00e1 presente en la Fiesta de la Vendimia de El Hierro con Valerio del Rosario como mantenedor<\/a><\/h6><\/header><div class=\"eael-entry-header-after style-two\"><div class=\"eael-entry-meta\"><span class=\"eael-posted-on eael-meta-posted-on\"><i class=\"far fa-clock\"><\/i><time datetime=\"23 de junio de 2026\">23 de junio de 2026<\/time><\/span><\/div><\/div><div class=\"eael-entry-content\">\n                                <div class=\"eael-grid-post-excerpt\"><a href=\"https:\/\/wp.ull.es\/aenogas\/2026\/06\/23\/catedra-agroturismo-canarias-fiesta-vendimia-el-hierro\/\" class=\"eael-post-elements-readmore-btn\"target=\"_blank\">Leer m\u00e1s<\/a><\/div>\n                            <\/div><\/div><\/div>\n    <\/div>\n<\/article><article class=\"eael-grid-post  eael-post-grid-column eael-pg-post-9731 category-blog tags-enoturismo-en-canarias-la-geria-reto-demografico-universidad-de-la-laguna-vitivinicultura-atlantica\" data-id=\"9731\">\n    <div class=\"eael-grid-post-holder\">\n        <div class=\"eael-grid-post-holder-inner\"><div class=\"eael-entry-media\"><ul class=\"post-carousel-categories\"><li><a href=\"https:\/\/wp.ull.es\/aenogas\/category\/blog\/\">Blog<\/a><\/li><\/ul><div class=\"eael-entry-overlay none\"><i class=\"\" aria-hidden=\"true\"><\/i><a href=\"https:\/\/wp.ull.es\/aenogas\/2026\/06\/20\/enoturismo-congreso-reto-demografico-canarias\/\"target=\"_blank\"><\/a><\/div><div class=\"eael-entry-thumbnail \">\n                            <img loading=\"lazy\" decoding=\"async\" width=\"605\" height=\"350\" src=\"https:\/\/wp.ull.es\/aenogas\/wp-content\/uploads\/sites\/90\/2026\/06\/5b5cbd46-d3c2-4263-8de2-8e357b63f8e1-768x444.jpg\" class=\"attachment-medium_large size-medium_large wp-image-9732\" alt=\"\" srcset=\"https:\/\/wp.ull.es\/aenogas\/wp-content\/uploads\/sites\/90\/2026\/06\/5b5cbd46-d3c2-4263-8de2-8e357b63f8e1-768x444.jpg 768w, https:\/\/wp.ull.es\/aenogas\/wp-content\/uploads\/sites\/90\/2026\/06\/5b5cbd46-d3c2-4263-8de2-8e357b63f8e1-300x173.jpg 300w, https:\/\/wp.ull.es\/aenogas\/wp-content\/uploads\/sites\/90\/2026\/06\/5b5cbd46-d3c2-4263-8de2-8e357b63f8e1-100x58.jpg 100w, https:\/\/wp.ull.es\/aenogas\/wp-content\/uploads\/sites\/90\/2026\/06\/5b5cbd46-d3c2-4263-8de2-8e357b63f8e1-150x87.jpg 150w, https:\/\/wp.ull.es\/aenogas\/wp-content\/uploads\/sites\/90\/2026\/06\/5b5cbd46-d3c2-4263-8de2-8e357b63f8e1-200x116.jpg 200w, https:\/\/wp.ull.es\/aenogas\/wp-content\/uploads\/sites\/90\/2026\/06\/5b5cbd46-d3c2-4263-8de2-8e357b63f8e1-450x260.jpg 450w, https:\/\/wp.ull.es\/aenogas\/wp-content\/uploads\/sites\/90\/2026\/06\/5b5cbd46-d3c2-4263-8de2-8e357b63f8e1-600x347.jpg 600w, https:\/\/wp.ull.es\/aenogas\/wp-content\/uploads\/sites\/90\/2026\/06\/5b5cbd46-d3c2-4263-8de2-8e357b63f8e1-900x520.jpg 900w, https:\/\/wp.ull.es\/aenogas\/wp-content\/uploads\/sites\/90\/2026\/06\/5b5cbd46-d3c2-4263-8de2-8e357b63f8e1.jpg 1024w\" sizes=\"(max-width: 605px) 100vw, 605px\" \/>\n                            <\/div>\n                    <\/div><div class=\"eael-entry-wrapper\"><header class=\"eael-entry-header\"><h6 class=\"eael-entry-title\"><a class=\"eael-grid-post-link\" href=\"https:\/\/wp.ull.es\/aenogas\/2026\/06\/20\/enoturismo-congreso-reto-demografico-canarias\/\" title=\"El enoturismo refuerza su papel en la sostenibilidad territorial durante el II Congreso de Reto Demogr\u00e1fico de Canarias\"target=\"_blank\">El enoturismo refuerza su papel en la sostenibilidad territorial durante el II Congreso de Reto Demogr\u00e1fico de Canarias<\/a><\/h6><\/header><div class=\"eael-entry-header-after style-two\"><div class=\"eael-entry-meta\"><span class=\"eael-posted-on eael-meta-posted-on\"><i class=\"far fa-clock\"><\/i><time datetime=\"20 de junio de 2026\">20 de junio de 2026<\/time><\/span><\/div><\/div><div class=\"eael-entry-content\">\n                                <div class=\"eael-grid-post-excerpt\"><a href=\"https:\/\/wp.ull.es\/aenogas\/2026\/06\/20\/enoturismo-congreso-reto-demografico-canarias\/\" class=\"eael-post-elements-readmore-btn\"target=\"_blank\">Leer m\u00e1s<\/a><\/div>\n                            <\/div><\/div><\/div>\n    <\/div>\n<\/article><article class=\"eael-grid-post  eael-post-grid-column eael-pg-post-9706 category-blog-sin-categoria tags-agricultura-tenerife-grupo-de-accion-rural-tenerife-noticias-ull-sector-agrario-tenerife-universidad-de-la-laguna\" data-id=\"9706\">\n    <div class=\"eael-grid-post-holder\">\n        <div class=\"eael-grid-post-holder-inner\"><div class=\"eael-entry-media\"><ul class=\"post-carousel-categories\"><li><a href=\"https:\/\/wp.ull.es\/aenogas\/category\/blog\/\">Blog<\/a><\/li><\/ul><div class=\"eael-entry-overlay none\"><i class=\"\" aria-hidden=\"true\"><\/i><a href=\"https:\/\/wp.ull.es\/aenogas\/2026\/06\/17\/ull-colaboracion-grupo-accion-rural-tenerife-sector-agrario\/\"target=\"_blank\"><\/a><\/div><div class=\"eael-entry-thumbnail \">\n                            <img loading=\"lazy\" decoding=\"async\" width=\"605\" height=\"403\" src=\"https:\/\/wp.ull.es\/aenogas\/wp-content\/uploads\/sites\/90\/2026\/06\/gar-tf-grupo-768x512.jpg\" class=\"attachment-medium_large size-medium_large wp-image-9707\" alt=\"\" srcset=\"https:\/\/wp.ull.es\/aenogas\/wp-content\/uploads\/sites\/90\/2026\/06\/gar-tf-grupo-768x512.jpg 768w, https:\/\/wp.ull.es\/aenogas\/wp-content\/uploads\/sites\/90\/2026\/06\/gar-tf-grupo-300x200.jpg 300w, https:\/\/wp.ull.es\/aenogas\/wp-content\/uploads\/sites\/90\/2026\/06\/gar-tf-grupo-391x260.jpg 391w, https:\/\/wp.ull.es\/aenogas\/wp-content\/uploads\/sites\/90\/2026\/06\/gar-tf-grupo-100x67.jpg 100w, https:\/\/wp.ull.es\/aenogas\/wp-content\/uploads\/sites\/90\/2026\/06\/gar-tf-grupo-150x100.jpg 150w, https:\/\/wp.ull.es\/aenogas\/wp-content\/uploads\/sites\/90\/2026\/06\/gar-tf-grupo-200x133.jpg 200w, https:\/\/wp.ull.es\/aenogas\/wp-content\/uploads\/sites\/90\/2026\/06\/gar-tf-grupo-450x300.jpg 450w, https:\/\/wp.ull.es\/aenogas\/wp-content\/uploads\/sites\/90\/2026\/06\/gar-tf-grupo-600x400.jpg 600w, https:\/\/wp.ull.es\/aenogas\/wp-content\/uploads\/sites\/90\/2026\/06\/gar-tf-grupo-900x600.jpg 900w, https:\/\/wp.ull.es\/aenogas\/wp-content\/uploads\/sites\/90\/2026\/06\/gar-tf-grupo.jpg 1024w\" sizes=\"(max-width: 605px) 100vw, 605px\" \/>\n                            <\/div>\n                    <\/div><div class=\"eael-entry-wrapper\"><header class=\"eael-entry-header\"><h6 class=\"eael-entry-title\"><a class=\"eael-grid-post-link\" href=\"https:\/\/wp.ull.es\/aenogas\/2026\/06\/17\/ull-colaboracion-grupo-accion-rural-tenerife-sector-agrario\/\" title=\"La ULL colaborar\u00e1 con Grupo de Acci\u00f3n Rural Tenerife para potenciar el sector agrario en la isla\"target=\"_blank\">La ULL colaborar\u00e1 con Grupo de Acci\u00f3n Rural Tenerife para potenciar el sector agrario en la isla<\/a><\/h6><\/header><div class=\"eael-entry-header-after style-two\"><div class=\"eael-entry-meta\"><span class=\"eael-posted-on eael-meta-posted-on\"><i class=\"far fa-clock\"><\/i><time datetime=\"17 de junio de 2026\">17 de junio de 2026<\/time><\/span><\/div><\/div><div class=\"eael-entry-content\">\n                                <div class=\"eael-grid-post-excerpt\"><a href=\"https:\/\/wp.ull.es\/aenogas\/2026\/06\/17\/ull-colaboracion-grupo-accion-rural-tenerife-sector-agrario\/\" class=\"eael-post-elements-readmore-btn\"target=\"_blank\">Leer m\u00e1s<\/a><\/div>\n                            <\/div><\/div><\/div>\n    <\/div>\n<\/article><article class=\"eael-grid-post  eael-post-grid-column eael-pg-post-9623 category-blog-sin-categoria tags-catedra-de-agroturismo-y-enoturismo-de-canarias-comunicaciones-cientificas-2026-desarrollo-rural-y-vitivinicultura-investigacion-doctoral-universidad-de-la-laguna\" data-id=\"9623\">\n    <div class=\"eael-grid-post-holder\">\n        <div class=\"eael-grid-post-holder-inner\"><div class=\"eael-entry-media\"><ul class=\"post-carousel-categories\"><li><a href=\"https:\/\/wp.ull.es\/aenogas\/category\/blog\/\">Blog<\/a><\/li><\/ul><div class=\"eael-entry-overlay none\"><i class=\"\" aria-hidden=\"true\"><\/i><a href=\"https:\/\/wp.ull.es\/aenogas\/2026\/06\/09\/comunicaciones-cientificas-agroturismo-2026\/\"target=\"_blank\"><\/a><\/div><div class=\"eael-entry-thumbnail \">\n                            <img loading=\"lazy\" decoding=\"async\" width=\"605\" height=\"403\" src=\"https:\/\/wp.ull.es\/aenogas\/wp-content\/uploads\/sites\/90\/2026\/06\/Investigadora-presentando-en-un-evento-de-la-Catedra-1-768x512.jpg\" class=\"attachment-medium_large size-medium_large wp-image-9624\" alt=\"\" srcset=\"https:\/\/wp.ull.es\/aenogas\/wp-content\/uploads\/sites\/90\/2026\/06\/Investigadora-presentando-en-un-evento-de-la-Catedra-1-768x512.jpg 768w, https:\/\/wp.ull.es\/aenogas\/wp-content\/uploads\/sites\/90\/2026\/06\/Investigadora-presentando-en-un-evento-de-la-Catedra-1-300x200.jpg 300w, https:\/\/wp.ull.es\/aenogas\/wp-content\/uploads\/sites\/90\/2026\/06\/Investigadora-presentando-en-un-evento-de-la-Catedra-1-391x260.jpg 391w, https:\/\/wp.ull.es\/aenogas\/wp-content\/uploads\/sites\/90\/2026\/06\/Investigadora-presentando-en-un-evento-de-la-Catedra-1-100x67.jpg 100w, https:\/\/wp.ull.es\/aenogas\/wp-content\/uploads\/sites\/90\/2026\/06\/Investigadora-presentando-en-un-evento-de-la-Catedra-1-150x100.jpg 150w, https:\/\/wp.ull.es\/aenogas\/wp-content\/uploads\/sites\/90\/2026\/06\/Investigadora-presentando-en-un-evento-de-la-Catedra-1-200x133.jpg 200w, https:\/\/wp.ull.es\/aenogas\/wp-content\/uploads\/sites\/90\/2026\/06\/Investigadora-presentando-en-un-evento-de-la-Catedra-1-450x300.jpg 450w, https:\/\/wp.ull.es\/aenogas\/wp-content\/uploads\/sites\/90\/2026\/06\/Investigadora-presentando-en-un-evento-de-la-Catedra-1-600x400.jpg 600w, https:\/\/wp.ull.es\/aenogas\/wp-content\/uploads\/sites\/90\/2026\/06\/Investigadora-presentando-en-un-evento-de-la-Catedra-1.jpg 799w\" sizes=\"(max-width: 605px) 100vw, 605px\" \/>\n                            <\/div>\n                    <\/div><div class=\"eael-entry-wrapper\"><header class=\"eael-entry-header\"><h6 class=\"eael-entry-title\"><a class=\"eael-grid-post-link\" href=\"https:\/\/wp.ull.es\/aenogas\/2026\/06\/09\/comunicaciones-cientificas-agroturismo-2026\/\" title=\"La C\u00e1tedra de Agroturismo y Enoturismo de Canarias abre la convocatoria de comunicaciones cient\u00edficas para sus encuentros de octubre de 2026\"target=\"_blank\">La C\u00e1tedra de Agroturismo y Enoturismo de Canarias abre la convocatoria de comunicaciones cient\u00edficas para sus encuentros de octubre de 2026<\/a><\/h6><\/header><div class=\"eael-entry-header-after style-two\"><div class=\"eael-entry-meta\"><span class=\"eael-posted-on eael-meta-posted-on\"><i class=\"far fa-clock\"><\/i><time datetime=\"9 de junio de 2026\">9 de junio de 2026<\/time><\/span><\/div><\/div><div class=\"eael-entry-content\">\n                                <div class=\"eael-grid-post-excerpt\"><a href=\"https:\/\/wp.ull.es\/aenogas\/2026\/06\/09\/comunicaciones-cientificas-agroturismo-2026\/\" class=\"eael-post-elements-readmore-btn\"target=\"_blank\">Leer m\u00e1s<\/a><\/div>\n                            <\/div><\/div><\/div>\n    <\/div>\n<\/article><article class=\"eael-grid-post  eael-post-grid-column eael-pg-post-9594 category-blog-sin-categoria tags-abona-enoturismo-universidad-de-la-laguna\" data-id=\"9594\">\n    <div class=\"eael-grid-post-holder\">\n        <div class=\"eael-grid-post-holder-inner\"><div class=\"eael-entry-media\"><ul class=\"post-carousel-categories\"><li><a href=\"https:\/\/wp.ull.es\/aenogas\/category\/blog\/\">Blog<\/a><\/li><\/ul><div class=\"eael-entry-overlay none\"><i class=\"\" aria-hidden=\"true\"><\/i><a href=\"https:\/\/wp.ull.es\/aenogas\/2026\/06\/03\/ull-do-abona-investigacion-vitivinicola\/\"target=\"_blank\"><\/a><\/div><div class=\"eael-entry-thumbnail \">\n                            <img loading=\"lazy\" decoding=\"async\" width=\"605\" height=\"403\" src=\"https:\/\/wp.ull.es\/aenogas\/wp-content\/uploads\/sites\/90\/2026\/06\/Imagen-1-9-768x512.jpg\" class=\"attachment-medium_large size-medium_large wp-image-9595\" alt=\"\" srcset=\"https:\/\/wp.ull.es\/aenogas\/wp-content\/uploads\/sites\/90\/2026\/06\/Imagen-1-9-768x512.jpg 768w, https:\/\/wp.ull.es\/aenogas\/wp-content\/uploads\/sites\/90\/2026\/06\/Imagen-1-9-300x200.jpg 300w, https:\/\/wp.ull.es\/aenogas\/wp-content\/uploads\/sites\/90\/2026\/06\/Imagen-1-9-391x260.jpg 391w, https:\/\/wp.ull.es\/aenogas\/wp-content\/uploads\/sites\/90\/2026\/06\/Imagen-1-9-100x67.jpg 100w, https:\/\/wp.ull.es\/aenogas\/wp-content\/uploads\/sites\/90\/2026\/06\/Imagen-1-9-150x100.jpg 150w, https:\/\/wp.ull.es\/aenogas\/wp-content\/uploads\/sites\/90\/2026\/06\/Imagen-1-9-200x133.jpg 200w, https:\/\/wp.ull.es\/aenogas\/wp-content\/uploads\/sites\/90\/2026\/06\/Imagen-1-9-450x300.jpg 450w, https:\/\/wp.ull.es\/aenogas\/wp-content\/uploads\/sites\/90\/2026\/06\/Imagen-1-9-600x400.jpg 600w, https:\/\/wp.ull.es\/aenogas\/wp-content\/uploads\/sites\/90\/2026\/06\/Imagen-1-9-900x600.jpg 900w, https:\/\/wp.ull.es\/aenogas\/wp-content\/uploads\/sites\/90\/2026\/06\/Imagen-1-9.jpg 1024w\" sizes=\"(max-width: 605px) 100vw, 605px\" \/>\n                            <\/div>\n                    <\/div><div class=\"eael-entry-wrapper\"><header class=\"eael-entry-header\"><h6 class=\"eael-entry-title\"><a class=\"eael-grid-post-link\" href=\"https:\/\/wp.ull.es\/aenogas\/2026\/06\/03\/ull-do-abona-investigacion-vitivinicola\/\" title=\"La ULL y la Denominaci\u00f3n de Origen Abona impulsar\u00e1n proyectos de difusi\u00f3n e investigaci\u00f3n vitivin\u00edcola\"target=\"_blank\">La ULL y la Denominaci\u00f3n de Origen Abona impulsar\u00e1n proyectos de difusi\u00f3n e investigaci\u00f3n vitivin\u00edcola<\/a><\/h6><\/header><div class=\"eael-entry-header-after style-two\"><div class=\"eael-entry-meta\"><span class=\"eael-posted-on eael-meta-posted-on\"><i class=\"far fa-clock\"><\/i><time datetime=\"3 de junio de 2026\">3 de junio de 2026<\/time><\/span><\/div><\/div><div class=\"eael-entry-content\">\n                                <div class=\"eael-grid-post-excerpt\"><a href=\"https:\/\/wp.ull.es\/aenogas\/2026\/06\/03\/ull-do-abona-investigacion-vitivinicola\/\" class=\"eael-post-elements-readmore-btn\"target=\"_blank\">Leer m\u00e1s<\/a><\/div>\n                            <\/div><\/div><\/div>\n    <\/div>\n<\/article><article class=\"eael-grid-post  eael-post-grid-column eael-pg-post-9562 category-blog-sin-categoria tags-agroenoturismo-enoturismo-lanzarote-universidad-de-la-laguna\" data-id=\"9562\">\n    <div class=\"eael-grid-post-holder\">\n        <div class=\"eael-grid-post-holder-inner\"><div class=\"eael-entry-media\"><ul class=\"post-carousel-categories\"><li><a href=\"https:\/\/wp.ull.es\/aenogas\/category\/blog\/\">Blog<\/a><\/li><\/ul><div class=\"eael-entry-overlay none\"><i class=\"\" aria-hidden=\"true\"><\/i><a href=\"https:\/\/wp.ull.es\/aenogas\/2026\/05\/22\/ull-convenio-dop-lanzarote\/\"target=\"_blank\"><\/a><\/div><div class=\"eael-entry-thumbnail \">\n                            <img loading=\"lazy\" decoding=\"async\" width=\"605\" height=\"403\" src=\"https:\/\/wp.ull.es\/aenogas\/wp-content\/uploads\/sites\/90\/2026\/05\/firma-dop-lanzarote-002-768x512.jpg\" class=\"attachment-medium_large size-medium_large wp-image-9564\" alt=\"\" srcset=\"https:\/\/wp.ull.es\/aenogas\/wp-content\/uploads\/sites\/90\/2026\/05\/firma-dop-lanzarote-002-768x512.jpg 768w, https:\/\/wp.ull.es\/aenogas\/wp-content\/uploads\/sites\/90\/2026\/05\/firma-dop-lanzarote-002-300x200.jpg 300w, https:\/\/wp.ull.es\/aenogas\/wp-content\/uploads\/sites\/90\/2026\/05\/firma-dop-lanzarote-002-391x260.jpg 391w, https:\/\/wp.ull.es\/aenogas\/wp-content\/uploads\/sites\/90\/2026\/05\/firma-dop-lanzarote-002-100x67.jpg 100w, https:\/\/wp.ull.es\/aenogas\/wp-content\/uploads\/sites\/90\/2026\/05\/firma-dop-lanzarote-002-150x100.jpg 150w, https:\/\/wp.ull.es\/aenogas\/wp-content\/uploads\/sites\/90\/2026\/05\/firma-dop-lanzarote-002-200x133.jpg 200w, https:\/\/wp.ull.es\/aenogas\/wp-content\/uploads\/sites\/90\/2026\/05\/firma-dop-lanzarote-002-450x300.jpg 450w, https:\/\/wp.ull.es\/aenogas\/wp-content\/uploads\/sites\/90\/2026\/05\/firma-dop-lanzarote-002-600x400.jpg 600w, https:\/\/wp.ull.es\/aenogas\/wp-content\/uploads\/sites\/90\/2026\/05\/firma-dop-lanzarote-002-900x600.jpg 900w, https:\/\/wp.ull.es\/aenogas\/wp-content\/uploads\/sites\/90\/2026\/05\/firma-dop-lanzarote-002.jpg 1024w\" sizes=\"(max-width: 605px) 100vw, 605px\" \/>\n                            <\/div>\n                    <\/div><div class=\"eael-entry-wrapper\"><header class=\"eael-entry-header\"><h6 class=\"eael-entry-title\"><a class=\"eael-grid-post-link\" href=\"https:\/\/wp.ull.es\/aenogas\/2026\/05\/22\/ull-convenio-dop-lanzarote\/\" title=\"La ULL refuerza su apoyo a la actividad agro-enotur\u00edstica mediante un convenio con la DOP Lanzarote\"target=\"_blank\">La ULL refuerza su apoyo a la actividad agro-enotur\u00edstica mediante un convenio con la DOP Lanzarote<\/a><\/h6><\/header><div class=\"eael-entry-header-after style-two\"><div class=\"eael-entry-meta\"><span class=\"eael-posted-on eael-meta-posted-on\"><i class=\"far fa-clock\"><\/i><time datetime=\"22 de mayo de 2026\">22 de mayo de 2026<\/time><\/span><\/div><\/div><div class=\"eael-entry-content\">\n                                <div class=\"eael-grid-post-excerpt\"><a href=\"https:\/\/wp.ull.es\/aenogas\/2026\/05\/22\/ull-convenio-dop-lanzarote\/\" class=\"eael-post-elements-readmore-btn\"target=\"_blank\">Leer m\u00e1s<\/a><\/div>\n                            <\/div><\/div><\/div>\n    <\/div>\n<\/article><article class=\"eael-grid-post  eael-post-grid-column eael-pg-post-9537 category-blog-sin-categoria tags-enoturismo-strasbourg-universidad-de-la-laguna\" data-id=\"9537\">\n    <div class=\"eael-grid-post-holder\">\n        <div class=\"eael-grid-post-holder-inner\"><div class=\"eael-entry-media\"><ul class=\"post-carousel-categories\"><li><a href=\"https:\/\/wp.ull.es\/aenogas\/category\/blog\/\">Blog<\/a><\/li><\/ul><div class=\"eael-entry-overlay none\"><i class=\"\" aria-hidden=\"true\"><\/i><a href=\"https:\/\/wp.ull.es\/aenogas\/2026\/05\/20\/acuerdo-catedra-vino-turismo-universidad-estrasburgo\/\"target=\"_blank\"><\/a><\/div><div class=\"eael-entry-thumbnail \">\n                            <img loading=\"lazy\" decoding=\"async\" width=\"605\" height=\"403\" src=\"https:\/\/wp.ull.es\/aenogas\/wp-content\/uploads\/sites\/90\/2026\/05\/captura-web-catedra-vino-estrasburgo-768x512.jpg\" class=\"attachment-medium_large size-medium_large wp-image-9538\" alt=\"\" srcset=\"https:\/\/wp.ull.es\/aenogas\/wp-content\/uploads\/sites\/90\/2026\/05\/captura-web-catedra-vino-estrasburgo-768x512.jpg 768w, https:\/\/wp.ull.es\/aenogas\/wp-content\/uploads\/sites\/90\/2026\/05\/captura-web-catedra-vino-estrasburgo-300x200.jpg 300w, https:\/\/wp.ull.es\/aenogas\/wp-content\/uploads\/sites\/90\/2026\/05\/captura-web-catedra-vino-estrasburgo-391x260.jpg 391w, https:\/\/wp.ull.es\/aenogas\/wp-content\/uploads\/sites\/90\/2026\/05\/captura-web-catedra-vino-estrasburgo-100x67.jpg 100w, https:\/\/wp.ull.es\/aenogas\/wp-content\/uploads\/sites\/90\/2026\/05\/captura-web-catedra-vino-estrasburgo-150x100.jpg 150w, https:\/\/wp.ull.es\/aenogas\/wp-content\/uploads\/sites\/90\/2026\/05\/captura-web-catedra-vino-estrasburgo-200x133.jpg 200w, https:\/\/wp.ull.es\/aenogas\/wp-content\/uploads\/sites\/90\/2026\/05\/captura-web-catedra-vino-estrasburgo-450x300.jpg 450w, https:\/\/wp.ull.es\/aenogas\/wp-content\/uploads\/sites\/90\/2026\/05\/captura-web-catedra-vino-estrasburgo-600x400.jpg 600w, https:\/\/wp.ull.es\/aenogas\/wp-content\/uploads\/sites\/90\/2026\/05\/captura-web-catedra-vino-estrasburgo-900x600.jpg 900w, https:\/\/wp.ull.es\/aenogas\/wp-content\/uploads\/sites\/90\/2026\/05\/captura-web-catedra-vino-estrasburgo.jpg 1024w\" sizes=\"(max-width: 605px) 100vw, 605px\" \/>\n                            <\/div>\n                    <\/div><div class=\"eael-entry-wrapper\"><header class=\"eael-entry-header\"><h6 class=\"eael-entry-title\"><a class=\"eael-grid-post-link\" href=\"https:\/\/wp.ull.es\/aenogas\/2026\/05\/20\/acuerdo-catedra-vino-turismo-universidad-estrasburgo\/\" title=\"La ULL firma un acuerdo con la C\u00e1tedra de Vino y Turismo de la Universidad de Estrasburgo\"target=\"_blank\">La ULL firma un acuerdo con la C\u00e1tedra de Vino y Turismo de la Universidad de Estrasburgo<\/a><\/h6><\/header><div class=\"eael-entry-header-after style-two\"><div class=\"eael-entry-meta\"><span class=\"eael-posted-on eael-meta-posted-on\"><i class=\"far fa-clock\"><\/i><time datetime=\"20 de mayo de 2026\">20 de mayo de 2026<\/time><\/span><\/div><\/div><div class=\"eael-entry-content\">\n                                <div class=\"eael-grid-post-excerpt\"><a href=\"https:\/\/wp.ull.es\/aenogas\/2026\/05\/20\/acuerdo-catedra-vino-turismo-universidad-estrasburgo\/\" class=\"eael-post-elements-readmore-btn\"target=\"_blank\">Leer m\u00e1s<\/a><\/div>\n                            <\/div><\/div><\/div>\n    <\/div>\n<\/article><article class=\"eael-grid-post  eael-post-grid-column eael-pg-post-9521 category-blog-sin-categoria tags-instituto-canario-de-calidad-agroalimentaria-seminario-universitario-universidad-de-la-laguna\" data-id=\"9521\">\n    <div class=\"eael-grid-post-holder\">\n        <div class=\"eael-grid-post-holder-inner\"><div class=\"eael-entry-media\"><ul class=\"post-carousel-categories\"><li><a href=\"https:\/\/wp.ull.es\/aenogas\/category\/blog\/\">Blog<\/a><\/li><\/ul><div class=\"eael-entry-overlay none\"><i class=\"\" aria-hidden=\"true\"><\/i><a href=\"https:\/\/wp.ull.es\/aenogas\/2026\/05\/16\/figuras-calidad-agroalimentaria-canarias-futuro-sostenible\/\"target=\"_blank\"><\/a><\/div><div class=\"eael-entry-thumbnail \">\n                            <img loading=\"lazy\" decoding=\"async\" width=\"605\" height=\"403\" src=\"https:\/\/wp.ull.es\/aenogas\/wp-content\/uploads\/sites\/90\/2026\/05\/Jesus-E.-de-las-Heras-Domingo-Afonso-Oscar-Rodriguez-Vicente-Luis-y-Francisco-Jose-Echandi-768x512.jpg\" class=\"attachment-medium_large size-medium_large wp-image-9522\" alt=\"\" srcset=\"https:\/\/wp.ull.es\/aenogas\/wp-content\/uploads\/sites\/90\/2026\/05\/Jesus-E.-de-las-Heras-Domingo-Afonso-Oscar-Rodriguez-Vicente-Luis-y-Francisco-Jose-Echandi-768x512.jpg 768w, https:\/\/wp.ull.es\/aenogas\/wp-content\/uploads\/sites\/90\/2026\/05\/Jesus-E.-de-las-Heras-Domingo-Afonso-Oscar-Rodriguez-Vicente-Luis-y-Francisco-Jose-Echandi-300x200.jpg 300w, https:\/\/wp.ull.es\/aenogas\/wp-content\/uploads\/sites\/90\/2026\/05\/Jesus-E.-de-las-Heras-Domingo-Afonso-Oscar-Rodriguez-Vicente-Luis-y-Francisco-Jose-Echandi-391x260.jpg 391w, https:\/\/wp.ull.es\/aenogas\/wp-content\/uploads\/sites\/90\/2026\/05\/Jesus-E.-de-las-Heras-Domingo-Afonso-Oscar-Rodriguez-Vicente-Luis-y-Francisco-Jose-Echandi-100x67.jpg 100w, https:\/\/wp.ull.es\/aenogas\/wp-content\/uploads\/sites\/90\/2026\/05\/Jesus-E.-de-las-Heras-Domingo-Afonso-Oscar-Rodriguez-Vicente-Luis-y-Francisco-Jose-Echandi-150x100.jpg 150w, https:\/\/wp.ull.es\/aenogas\/wp-content\/uploads\/sites\/90\/2026\/05\/Jesus-E.-de-las-Heras-Domingo-Afonso-Oscar-Rodriguez-Vicente-Luis-y-Francisco-Jose-Echandi-200x133.jpg 200w, https:\/\/wp.ull.es\/aenogas\/wp-content\/uploads\/sites\/90\/2026\/05\/Jesus-E.-de-las-Heras-Domingo-Afonso-Oscar-Rodriguez-Vicente-Luis-y-Francisco-Jose-Echandi-450x300.jpg 450w, https:\/\/wp.ull.es\/aenogas\/wp-content\/uploads\/sites\/90\/2026\/05\/Jesus-E.-de-las-Heras-Domingo-Afonso-Oscar-Rodriguez-Vicente-Luis-y-Francisco-Jose-Echandi-600x400.jpg 600w, https:\/\/wp.ull.es\/aenogas\/wp-content\/uploads\/sites\/90\/2026\/05\/Jesus-E.-de-las-Heras-Domingo-Afonso-Oscar-Rodriguez-Vicente-Luis-y-Francisco-Jose-Echandi-900x600.jpg 900w, https:\/\/wp.ull.es\/aenogas\/wp-content\/uploads\/sites\/90\/2026\/05\/Jesus-E.-de-las-Heras-Domingo-Afonso-Oscar-Rodriguez-Vicente-Luis-y-Francisco-Jose-Echandi.jpg 1024w\" sizes=\"(max-width: 605px) 100vw, 605px\" \/>\n                            <\/div>\n                    <\/div><div class=\"eael-entry-wrapper\"><header class=\"eael-entry-header\"><h6 class=\"eael-entry-title\"><a class=\"eael-grid-post-link\" href=\"https:\/\/wp.ull.es\/aenogas\/2026\/05\/16\/figuras-calidad-agroalimentaria-canarias-futuro-sostenible\/\" title=\"Las figuras de calidad agroalimentaria centraron el debate sobre el futuro sostenible del sector primario canario\"target=\"_blank\">Las figuras de calidad agroalimentaria centraron el debate sobre el futuro sostenible del sector primario canario<\/a><\/h6><\/header><div class=\"eael-entry-header-after style-two\"><div class=\"eael-entry-meta\"><span class=\"eael-posted-on eael-meta-posted-on\"><i class=\"far fa-clock\"><\/i><time datetime=\"16 de mayo de 2026\">16 de mayo de 2026<\/time><\/span><\/div><\/div><div class=\"eael-entry-content\">\n                                <div class=\"eael-grid-post-excerpt\"><a href=\"https:\/\/wp.ull.es\/aenogas\/2026\/05\/16\/figuras-calidad-agroalimentaria-canarias-futuro-sostenible\/\" class=\"eael-post-elements-readmore-btn\"target=\"_blank\">Leer m\u00e1s<\/a><\/div>\n                            <\/div><\/div><\/div>\n    <\/div>\n<\/article><article class=\"eael-grid-post  eael-post-grid-column eael-pg-post-9501 category-blog-sin-categoria tags-agroenoturismo-cabo-verde-el-hierro-lanzarote-universidad-de-la-laguna\" data-id=\"9501\">\n    <div class=\"eael-grid-post-holder\">\n        <div class=\"eael-grid-post-holder-inner\"><div class=\"eael-entry-media\"><ul class=\"post-carousel-categories\"><li><a href=\"https:\/\/wp.ull.es\/aenogas\/category\/blog\/\">Blog<\/a><\/li><\/ul><div class=\"eael-entry-overlay none\"><i class=\"\" aria-hidden=\"true\"><\/i><a href=\"https:\/\/wp.ull.es\/aenogas\/2026\/05\/12\/agroenoturismo-canarias-cooperacion-territorios-insulares\/\"target=\"_blank\"><\/a><\/div><div class=\"eael-entry-thumbnail \">\n                            <img loading=\"lazy\" decoding=\"async\" width=\"605\" height=\"303\" src=\"https:\/\/wp.ull.es\/aenogas\/wp-content\/uploads\/sites\/90\/2026\/05\/Diseno-sin-titulo-75-768x384.jpg\" class=\"attachment-medium_large size-medium_large wp-image-9502\" alt=\"\" srcset=\"https:\/\/wp.ull.es\/aenogas\/wp-content\/uploads\/sites\/90\/2026\/05\/Diseno-sin-titulo-75-768x384.jpg 768w, https:\/\/wp.ull.es\/aenogas\/wp-content\/uploads\/sites\/90\/2026\/05\/Diseno-sin-titulo-75-300x150.jpg 300w, https:\/\/wp.ull.es\/aenogas\/wp-content\/uploads\/sites\/90\/2026\/05\/Diseno-sin-titulo-75-100x50.jpg 100w, https:\/\/wp.ull.es\/aenogas\/wp-content\/uploads\/sites\/90\/2026\/05\/Diseno-sin-titulo-75-150x75.jpg 150w, https:\/\/wp.ull.es\/aenogas\/wp-content\/uploads\/sites\/90\/2026\/05\/Diseno-sin-titulo-75-200x100.jpg 200w, https:\/\/wp.ull.es\/aenogas\/wp-content\/uploads\/sites\/90\/2026\/05\/Diseno-sin-titulo-75-450x225.jpg 450w, https:\/\/wp.ull.es\/aenogas\/wp-content\/uploads\/sites\/90\/2026\/05\/Diseno-sin-titulo-75-600x300.jpg 600w, https:\/\/wp.ull.es\/aenogas\/wp-content\/uploads\/sites\/90\/2026\/05\/Diseno-sin-titulo-75-900x450.jpg 900w, https:\/\/wp.ull.es\/aenogas\/wp-content\/uploads\/sites\/90\/2026\/05\/Diseno-sin-titulo-75.jpg 1024w\" sizes=\"(max-width: 605px) 100vw, 605px\" \/>\n                            <\/div>\n                    <\/div><div class=\"eael-entry-wrapper\"><header class=\"eael-entry-header\"><h6 class=\"eael-entry-title\"><a class=\"eael-grid-post-link\" href=\"https:\/\/wp.ull.es\/aenogas\/2026\/05\/12\/agroenoturismo-canarias-cooperacion-territorios-insulares\/\" title=\"El XI Encuentro Internacional de AgroEnoturismo de Canarias refuerza la cooperaci\u00f3n entre territorios insulares y el desarrollo sostenible del sector\"target=\"_blank\">El XI Encuentro Internacional de AgroEnoturismo de Canarias refuerza la cooperaci\u00f3n entre territorios insulares y el desarrollo sostenible del sector<\/a><\/h6><\/header><div class=\"eael-entry-header-after style-two\"><div class=\"eael-entry-meta\"><span class=\"eael-posted-on eael-meta-posted-on\"><i class=\"far fa-clock\"><\/i><time datetime=\"12 de mayo de 2026\">12 de mayo de 2026<\/time><\/span><\/div><\/div><div class=\"eael-entry-content\">\n                                <div class=\"eael-grid-post-excerpt\"><a href=\"https:\/\/wp.ull.es\/aenogas\/2026\/05\/12\/agroenoturismo-canarias-cooperacion-territorios-insulares\/\" class=\"eael-post-elements-readmore-btn\"target=\"_blank\">Leer m\u00e1s<\/a><\/div>\n                            <\/div><\/div><\/div>\n    <\/div>\n<\/article><article class=\"eael-grid-post  eael-post-grid-column eael-pg-post-9493 category-blog-sin-categoria tags-agroturismo-canarias-catedra-enoturismo-icca-universidad-de-la-laguna\" data-id=\"9493\">\n    <div class=\"eael-grid-post-holder\">\n        <div class=\"eael-grid-post-holder-inner\"><div class=\"eael-entry-media\"><ul class=\"post-carousel-categories\"><li><a href=\"https:\/\/wp.ull.es\/aenogas\/category\/blog\/\">Blog<\/a><\/li><\/ul><div class=\"eael-entry-overlay none\"><i class=\"\" aria-hidden=\"true\"><\/i><a href=\"https:\/\/wp.ull.es\/aenogas\/2026\/05\/08\/catedra-agroturismo-enoturismo-canarias-7-aniversario-plan-2026\/\"target=\"_blank\"><\/a><\/div><div class=\"eael-entry-thumbnail \">\n                            <img loading=\"lazy\" decoding=\"async\" width=\"605\" height=\"403\" src=\"https:\/\/wp.ull.es\/aenogas\/wp-content\/uploads\/sites\/90\/2026\/05\/Jesus-E.-de-las-Heras.-Director-de-la-Catedra-768x512.jpg\" class=\"attachment-medium_large size-medium_large wp-image-9495\" alt=\"\" srcset=\"https:\/\/wp.ull.es\/aenogas\/wp-content\/uploads\/sites\/90\/2026\/05\/Jesus-E.-de-las-Heras.-Director-de-la-Catedra-768x512.jpg 768w, https:\/\/wp.ull.es\/aenogas\/wp-content\/uploads\/sites\/90\/2026\/05\/Jesus-E.-de-las-Heras.-Director-de-la-Catedra-300x200.jpg 300w, https:\/\/wp.ull.es\/aenogas\/wp-content\/uploads\/sites\/90\/2026\/05\/Jesus-E.-de-las-Heras.-Director-de-la-Catedra-391x260.jpg 391w, https:\/\/wp.ull.es\/aenogas\/wp-content\/uploads\/sites\/90\/2026\/05\/Jesus-E.-de-las-Heras.-Director-de-la-Catedra-100x67.jpg 100w, https:\/\/wp.ull.es\/aenogas\/wp-content\/uploads\/sites\/90\/2026\/05\/Jesus-E.-de-las-Heras.-Director-de-la-Catedra-150x100.jpg 150w, https:\/\/wp.ull.es\/aenogas\/wp-content\/uploads\/sites\/90\/2026\/05\/Jesus-E.-de-las-Heras.-Director-de-la-Catedra-200x133.jpg 200w, https:\/\/wp.ull.es\/aenogas\/wp-content\/uploads\/sites\/90\/2026\/05\/Jesus-E.-de-las-Heras.-Director-de-la-Catedra-450x300.jpg 450w, https:\/\/wp.ull.es\/aenogas\/wp-content\/uploads\/sites\/90\/2026\/05\/Jesus-E.-de-las-Heras.-Director-de-la-Catedra-600x400.jpg 600w, https:\/\/wp.ull.es\/aenogas\/wp-content\/uploads\/sites\/90\/2026\/05\/Jesus-E.-de-las-Heras.-Director-de-la-Catedra.jpg 800w\" sizes=\"(max-width: 605px) 100vw, 605px\" \/>\n                            <\/div>\n                    <\/div><div class=\"eael-entry-wrapper\"><header class=\"eael-entry-header\"><h6 class=\"eael-entry-title\"><a class=\"eael-grid-post-link\" href=\"https:\/\/wp.ull.es\/aenogas\/2026\/05\/08\/catedra-agroturismo-enoturismo-canarias-7-aniversario-plan-2026\/\" title=\"De las aulas al campo: la C\u00e1tedra de Agroturismo y Enoturismo cumple 7 a\u00f1os impulsando un modelo con proyecci\u00f3n internacional\"target=\"_blank\">De las aulas al campo: la C\u00e1tedra de Agroturismo y Enoturismo cumple 7 a\u00f1os impulsando un modelo con proyecci\u00f3n internacional<\/a><\/h6><\/header><div class=\"eael-entry-header-after style-two\"><div class=\"eael-entry-meta\"><span class=\"eael-posted-on eael-meta-posted-on\"><i class=\"far fa-clock\"><\/i><time datetime=\"8 de mayo de 2026\">8 de mayo de 2026<\/time><\/span><\/div><\/div><div class=\"eael-entry-content\">\n                                <div class=\"eael-grid-post-excerpt\"><a href=\"https:\/\/wp.ull.es\/aenogas\/2026\/05\/08\/catedra-agroturismo-enoturismo-canarias-7-aniversario-plan-2026\/\" class=\"eael-post-elements-readmore-btn\"target=\"_blank\">Leer m\u00e1s<\/a><\/div>\n                            <\/div><\/div><\/div>\n    <\/div>\n<\/article><article class=\"eael-grid-post  eael-post-grid-column eael-pg-post-9432 category-blog-sin-categoria tags-agroenoturismo-el-hierro-enoturismo-universidad-de-la-laguna\" data-id=\"9432\">\n    <div class=\"eael-grid-post-holder\">\n        <div class=\"eael-grid-post-holder-inner\"><div class=\"eael-entry-media\"><ul class=\"post-carousel-categories\"><li><a href=\"https:\/\/wp.ull.es\/aenogas\/category\/blog\/\">Blog<\/a><\/li><\/ul><div class=\"eael-entry-overlay none\"><i class=\"\" aria-hidden=\"true\"><\/i><a href=\"https:\/\/wp.ull.es\/aenogas\/2026\/04\/24\/clausura-encuentro-internacional-agroenoturismo-el-hierro-sede-gran-canaria-2027\/\"target=\"_blank\"><\/a><\/div><div class=\"eael-entry-thumbnail \">\n                            <img loading=\"lazy\" decoding=\"async\" width=\"605\" height=\"341\" src=\"https:\/\/wp.ull.es\/aenogas\/wp-content\/uploads\/sites\/90\/2026\/04\/Foto-de-participantes-768x433.jpg\" class=\"attachment-medium_large size-medium_large wp-image-9433\" alt=\"\" srcset=\"https:\/\/wp.ull.es\/aenogas\/wp-content\/uploads\/sites\/90\/2026\/04\/Foto-de-participantes-768x433.jpg 768w, https:\/\/wp.ull.es\/aenogas\/wp-content\/uploads\/sites\/90\/2026\/04\/Foto-de-participantes-300x169.jpg 300w, https:\/\/wp.ull.es\/aenogas\/wp-content\/uploads\/sites\/90\/2026\/04\/Foto-de-participantes-100x56.jpg 100w, https:\/\/wp.ull.es\/aenogas\/wp-content\/uploads\/sites\/90\/2026\/04\/Foto-de-participantes-150x84.jpg 150w, https:\/\/wp.ull.es\/aenogas\/wp-content\/uploads\/sites\/90\/2026\/04\/Foto-de-participantes-200x113.jpg 200w, https:\/\/wp.ull.es\/aenogas\/wp-content\/uploads\/sites\/90\/2026\/04\/Foto-de-participantes-450x253.jpg 450w, https:\/\/wp.ull.es\/aenogas\/wp-content\/uploads\/sites\/90\/2026\/04\/Foto-de-participantes-600x338.jpg 600w, https:\/\/wp.ull.es\/aenogas\/wp-content\/uploads\/sites\/90\/2026\/04\/Foto-de-participantes.jpg 799w\" sizes=\"(max-width: 605px) 100vw, 605px\" \/>\n                            <\/div>\n                    <\/div><div class=\"eael-entry-wrapper\"><header class=\"eael-entry-header\"><h6 class=\"eael-entry-title\"><a class=\"eael-grid-post-link\" href=\"https:\/\/wp.ull.es\/aenogas\/2026\/04\/24\/clausura-encuentro-internacional-agroenoturismo-el-hierro-sede-gran-canaria-2027\/\" title=\"Clausurado en El Hierro el XI Encuentro Internacional de AgroEnoturismo de Canarias\"target=\"_blank\">Clausurado en El Hierro el XI Encuentro Internacional de AgroEnoturismo de Canarias<\/a><\/h6><\/header><div class=\"eael-entry-header-after style-two\"><div class=\"eael-entry-meta\"><span class=\"eael-posted-on eael-meta-posted-on\"><i class=\"far fa-clock\"><\/i><time datetime=\"24 de abril de 2026\">24 de abril de 2026<\/time><\/span><\/div><\/div><div class=\"eael-entry-content\">\n                                <div class=\"eael-grid-post-excerpt\"><a href=\"https:\/\/wp.ull.es\/aenogas\/2026\/04\/24\/clausura-encuentro-internacional-agroenoturismo-el-hierro-sede-gran-canaria-2027\/\" class=\"eael-post-elements-readmore-btn\"target=\"_blank\">Leer m\u00e1s<\/a><\/div>\n                            <\/div><\/div><\/div>\n    <\/div>\n<\/article><\/div>\n            <div class=\"clearfix\"><\/div>\n        <\/div>            <div class=\"eael-load-more-button-wrap\">\n                <button class=\"eael-load-more-button\" id=\"eael-load-more-btn-cc71f67\" data-widget-id=\"cc71f67\" data-widget=\"cc71f67\" data-page-id=\"1553\" data-template=\"{&quot;dir&quot;:&quot;lite&quot;,&quot;file_name&quot;:&quot;two.php&quot;,&quot;name&quot;:&quot;Post-Grid&quot;}\" data-class=\"Essential_Addons_Elementor\\Elements\\Post_Grid\" data-layout=\"grid\" data-page=\"1\" data-args=\"orderby=date&amp;order=desc&amp;ignore_sticky_posts=1&amp;post_status=publish&amp;posts_per_page=20&amp;offset=0&amp;post_type=post\" data-max-page=\"16\">\n                    <span class=\"eael-btn-loader button__loader\"><\/span>\n                    <span class=\"eael_load_more_text\">Cargar m\u00e1s<\/span>\n                <\/button>\n            <\/div>\n            \t\t\t\t<\/div>\n\t\t\t\t<\/div>\n\t\t\t\t\t<\/div>\n\t\t<\/div>\n\t\t\t\t\t<\/div>\n\t\t<\/section>\n\t\t\t\t<section class=\"elementor-section elementor-top-section elementor-element elementor-element-33a4fd9d elementor-section-stretched elementor-section-boxed elementor-section-height-default elementor-section-height-default rael-particle-no\" data-id=\"33a4fd9d\" data-element_type=\"section\" data-e-type=\"section\" data-settings=\"{&quot;stretch_section&quot;:&quot;section-stretched&quot;,&quot;background_background&quot;:&quot;classic&quot;,&quot;rae_animations_entrance&quot;:&quot;none&quot;}\">\n\t\t\t\t\t\t<div class=\"elementor-container elementor-column-gap-default\">\n\t\t\t\t\t<div class=\"elementor-column elementor-col-16 elementor-top-column elementor-element elementor-element-f2217 rael-particle-no\" data-id=\"f2217\" data-element_type=\"column\" data-e-type=\"column\">\n\t\t\t<div class=\"elementor-widget-wrap\">\n\t\t\t\t\t\t\t<\/div>\n\t\t<\/div>\n\t\t\t\t<div class=\"elementor-column elementor-col-16 elementor-top-column elementor-element elementor-element-516577cf rael-particle-no\" data-id=\"516577cf\" data-element_type=\"column\" data-e-type=\"column\">\n\t\t\t<div class=\"elementor-widget-wrap\">\n\t\t\t\t\t\t\t<\/div>\n\t\t<\/div>\n\t\t\t\t<div class=\"elementor-column elementor-col-16 elementor-top-column elementor-element elementor-element-230031d4 rael-particle-no\" data-id=\"230031d4\" data-element_type=\"column\" data-e-type=\"column\">\n\t\t\t<div class=\"elementor-widget-wrap elementor-element-populated\">\n\t\t\t\t\t\t<div class=\"elementor-element elementor-element-4e23bbaa elementor-widget elementor-widget-image\" data-id=\"4e23bbaa\" data-element_type=\"widget\" data-e-type=\"widget\" data-widget_type=\"image.default\">\n\t\t\t\t<div class=\"elementor-widget-container\">\n\t\t\t\t\t\t\t\t\t\t\t\t\t\t\t<img loading=\"lazy\" decoding=\"async\" width=\"977\" height=\"433\" src=\"https:\/\/wp.ull.es\/aenogas\/wp-content\/uploads\/sites\/90\/2021\/04\/marca-universidad-de-la-laguna-positivo.png\" class=\"attachment-full size-full wp-image-1007\" alt=\"\" srcset=\"https:\/\/wp.ull.es\/aenogas\/wp-content\/uploads\/sites\/90\/2021\/04\/marca-universidad-de-la-laguna-positivo.png 977w, https:\/\/wp.ull.es\/aenogas\/wp-content\/uploads\/sites\/90\/2021\/04\/marca-universidad-de-la-laguna-positivo-300x133.png 300w, https:\/\/wp.ull.es\/aenogas\/wp-content\/uploads\/sites\/90\/2021\/04\/marca-universidad-de-la-laguna-positivo-768x340.png 768w, https:\/\/wp.ull.es\/aenogas\/wp-content\/uploads\/sites\/90\/2021\/04\/marca-universidad-de-la-laguna-positivo-100x44.png 100w, https:\/\/wp.ull.es\/aenogas\/wp-content\/uploads\/sites\/90\/2021\/04\/marca-universidad-de-la-laguna-positivo-150x66.png 150w, https:\/\/wp.ull.es\/aenogas\/wp-content\/uploads\/sites\/90\/2021\/04\/marca-universidad-de-la-laguna-positivo-200x89.png 200w, https:\/\/wp.ull.es\/aenogas\/wp-content\/uploads\/sites\/90\/2021\/04\/marca-universidad-de-la-laguna-positivo-450x199.png 450w, https:\/\/wp.ull.es\/aenogas\/wp-content\/uploads\/sites\/90\/2021\/04\/marca-universidad-de-la-laguna-positivo-600x266.png 600w, https:\/\/wp.ull.es\/aenogas\/wp-content\/uploads\/sites\/90\/2021\/04\/marca-universidad-de-la-laguna-positivo-900x399.png 900w\" sizes=\"(max-width: 977px) 100vw, 977px\" \/>\t\t\t\t\t\t\t\t\t\t\t\t\t\t\t<\/div>\n\t\t\t\t<\/div>\n\t\t\t\t\t<\/div>\n\t\t<\/div>\n\t\t\t\t<div class=\"elementor-column elementor-col-16 elementor-top-column elementor-element elementor-element-30578d3 rael-particle-no\" data-id=\"30578d3\" data-element_type=\"column\" data-e-type=\"column\">\n\t\t\t<div class=\"elementor-widget-wrap elementor-element-populated\">\n\t\t\t\t\t\t<div class=\"elementor-element elementor-element-21b9286 elementor-widget elementor-widget-image\" data-id=\"21b9286\" data-element_type=\"widget\" data-e-type=\"widget\" data-widget_type=\"image.default\">\n\t\t\t\t<div class=\"elementor-widget-container\">\n\t\t\t\t\t\t\t\t\t\t\t\t\t\t\t<img loading=\"lazy\" decoding=\"async\" width=\"800\" height=\"350\" src=\"https:\/\/wp.ull.es\/aenogas\/wp-content\/uploads\/sites\/90\/2021\/04\/insto_canaria_calid_agroalimn-blanco.png\" class=\"attachment-full size-full wp-image-1015\" alt=\"\" srcset=\"https:\/\/wp.ull.es\/aenogas\/wp-content\/uploads\/sites\/90\/2021\/04\/insto_canaria_calid_agroalimn-blanco.png 800w, https:\/\/wp.ull.es\/aenogas\/wp-content\/uploads\/sites\/90\/2021\/04\/insto_canaria_calid_agroalimn-blanco-300x131.png 300w, https:\/\/wp.ull.es\/aenogas\/wp-content\/uploads\/sites\/90\/2021\/04\/insto_canaria_calid_agroalimn-blanco-768x336.png 768w, https:\/\/wp.ull.es\/aenogas\/wp-content\/uploads\/sites\/90\/2021\/04\/insto_canaria_calid_agroalimn-blanco-100x44.png 100w, https:\/\/wp.ull.es\/aenogas\/wp-content\/uploads\/sites\/90\/2021\/04\/insto_canaria_calid_agroalimn-blanco-150x66.png 150w, https:\/\/wp.ull.es\/aenogas\/wp-content\/uploads\/sites\/90\/2021\/04\/insto_canaria_calid_agroalimn-blanco-200x88.png 200w, https:\/\/wp.ull.es\/aenogas\/wp-content\/uploads\/sites\/90\/2021\/04\/insto_canaria_calid_agroalimn-blanco-450x197.png 450w, https:\/\/wp.ull.es\/aenogas\/wp-content\/uploads\/sites\/90\/2021\/04\/insto_canaria_calid_agroalimn-blanco-600x263.png 600w\" sizes=\"(max-width: 800px) 100vw, 800px\" \/>\t\t\t\t\t\t\t\t\t\t\t\t\t\t\t<\/div>\n\t\t\t\t<\/div>\n\t\t\t\t\t<\/div>\n\t\t<\/div>\n\t\t\t\t<div class=\"elementor-column elementor-col-16 elementor-top-column elementor-element elementor-element-3cdb80c3 rael-particle-no\" data-id=\"3cdb80c3\" data-element_type=\"column\" data-e-type=\"column\">\n\t\t\t<div class=\"elementor-widget-wrap\">\n\t\t\t\t\t\t\t<\/div>\n\t\t<\/div>\n\t\t\t\t<div class=\"elementor-column elementor-col-16 elementor-top-column elementor-element elementor-element-418983f7 rael-particle-no\" data-id=\"418983f7\" data-element_type=\"column\" data-e-type=\"column\">\n\t\t\t<div class=\"elementor-widget-wrap\">\n\t\t\t\t\t\t\t<\/div>\n\t\t<\/div>\n\t\t\t\t\t<\/div>\n\t\t<\/section>\n\t\t\t\t<\/div>\n\t\t","protected":false},"excerpt":{"rendered":"<p>Noticias Toda la actualidad sobre enogastroturismo en Canarias Blog Canarias avanza en el desarrollo del enoturismo&hellip;<\/p>\n<p class=\"read-more\"><a class=\"more-link\" href=\"https:\/\/wp.ull.es\/aenogas\/2026\/04\/24\/clausura-encuentro-internacional-agroenoturismo-el-hierro-sede-gran-canaria-2027\/\">Leer m\u00e1s \u2192<\/a><\/p>\n<p><!-- end of .read-more --><\/p>\n","protected":false},"author":227,"featured_media":0,"parent":0,"menu_order":0,"comment_status":"closed","ping_status":"closed","template":"","meta":{"_uag_custom_page_level_css":"","iawp_total_views":42,"footnotes":""},"class_list":["post-1553","page","type-page","status-publish","hentry"],"yoast_head":"<!-- This site is optimized with the Yoast SEO plugin v28.4 - https:\/\/yoast.com\/product\/yoast-seo-wordpress\/ -->\n<title>Noticias - Enoturismo Canarias<\/title>\n<meta name=\"robots\" content=\"index, follow, max-snippet:-1, max-image-preview:large, max-video-preview:-1\" \/>\n<link rel=\"canonical\" href=\"https:\/\/wp.ull.es\/aenogas\/noticias\/\" \/>\n<meta property=\"og:locale\" content=\"es_ES\" \/>\n<meta property=\"og:type\" content=\"article\" \/>\n<meta property=\"og:title\" content=\"Noticias - Enoturismo Canarias\" \/>\n<meta property=\"og:description\" content=\"Noticias Toda la actualidad sobre enogastroturismo en Canarias Blog Canarias avanza en el desarrollo del enoturismo&hellip;Leer m\u00e1s \u2192\" \/>\n<meta property=\"og:url\" content=\"https:\/\/wp.ull.es\/aenogas\/noticias\/\" \/>\n<meta property=\"og:site_name\" content=\"Enoturismo Canarias\" \/>\n<meta property=\"article:publisher\" content=\"https:\/\/www.facebook.com\/enoturismoull\" \/>\n<meta property=\"article:modified_time\" content=\"2021-08-17T11:19:32+00:00\" \/>\n<meta property=\"og:image\" content=\"https:\/\/wp.ull.es\/aenogas\/wp-content\/uploads\/sites\/90\/2021\/08\/Participantes-IV-Encuentro-AgroEnoturismo-celebrado-en-El-Hierro-2019-768x512.jpg\" \/>\n<meta name=\"twitter:card\" content=\"summary_large_image\" \/>\n<meta name=\"twitter:site\" content=\"@enoturismoull\" \/>\n<meta name=\"twitter:label1\" content=\"Tiempo de lectura\" \/>\n\t<meta name=\"twitter:data1\" content=\"3 minutos\" \/>\n<script type=\"application\/ld+json\" class=\"yoast-schema-graph\">{\"@context\":\"https:\\\/\\\/schema.org\",\"@graph\":[{\"@type\":\"WebPage\",\"@id\":\"https:\\\/\\\/wp.ull.es\\\/aenogas\\\/noticias\\\/\",\"url\":\"https:\\\/\\\/wp.ull.es\\\/aenogas\\\/noticias\\\/\",\"name\":\"Noticias - Enoturismo Canarias\",\"isPartOf\":{\"@id\":\"https:\\\/\\\/wp.ull.es\\\/aenogas\\\/#website\"},\"primaryImageOfPage\":{\"@id\":\"https:\\\/\\\/wp.ull.es\\\/aenogas\\\/noticias\\\/#primaryimage\"},\"image\":{\"@id\":\"https:\\\/\\\/wp.ull.es\\\/aenogas\\\/noticias\\\/#primaryimage\"},\"thumbnailUrl\":\"https:\\\/\\\/wp.ull.es\\\/aenogas\\\/wp-content\\\/uploads\\\/sites\\\/90\\\/2021\\\/08\\\/Participantes-IV-Encuentro-AgroEnoturismo-celebrado-en-El-Hierro-2019-768x512.jpg\",\"datePublished\":\"2021-08-09T09:14:25+00:00\",\"dateModified\":\"2021-08-17T11:19:32+00:00\",\"breadcrumb\":{\"@id\":\"https:\\\/\\\/wp.ull.es\\\/aenogas\\\/noticias\\\/#breadcrumb\"},\"inLanguage\":\"es\",\"potentialAction\":[{\"@type\":\"ReadAction\",\"target\":[\"https:\\\/\\\/wp.ull.es\\\/aenogas\\\/noticias\\\/\"]}]},{\"@type\":\"ImageObject\",\"inLanguage\":\"es\",\"@id\":\"https:\\\/\\\/wp.ull.es\\\/aenogas\\\/noticias\\\/#primaryimage\",\"url\":\"https:\\\/\\\/wp.ull.es\\\/aenogas\\\/wp-content\\\/uploads\\\/sites\\\/90\\\/2021\\\/08\\\/Participantes-IV-Encuentro-AgroEnoturismo-celebrado-en-El-Hierro-2019.jpg\",\"contentUrl\":\"https:\\\/\\\/wp.ull.es\\\/aenogas\\\/wp-content\\\/uploads\\\/sites\\\/90\\\/2021\\\/08\\\/Participantes-IV-Encuentro-AgroEnoturismo-celebrado-en-El-Hierro-2019.jpg\",\"width\":1620,\"height\":1080,\"caption\":\"Participantes IV Encuentro AgroEnoturismo celebrado en El Hierro 2019\"},{\"@type\":\"BreadcrumbList\",\"@id\":\"https:\\\/\\\/wp.ull.es\\\/aenogas\\\/noticias\\\/#breadcrumb\",\"itemListElement\":[{\"@type\":\"ListItem\",\"position\":1,\"name\":\"Portada\",\"item\":\"https:\\\/\\\/wp.ull.es\\\/aenogas\\\/\"},{\"@type\":\"ListItem\",\"position\":2,\"name\":\"Noticias\"}]},{\"@type\":\"WebSite\",\"@id\":\"https:\\\/\\\/wp.ull.es\\\/aenogas\\\/#website\",\"url\":\"https:\\\/\\\/wp.ull.es\\\/aenogas\\\/\",\"name\":\"Enoturismo Canarias\",\"description\":\"C\u00e1tedra de Agroturismo y Enoturismo Instituto de Canario de Calidad Agroalimentaria\",\"publisher\":{\"@id\":\"https:\\\/\\\/wp.ull.es\\\/aenogas\\\/#organization\"},\"potentialAction\":[{\"@type\":\"SearchAction\",\"target\":{\"@type\":\"EntryPoint\",\"urlTemplate\":\"https:\\\/\\\/wp.ull.es\\\/aenogas\\\/?s={search_term_string}\"},\"query-input\":{\"@type\":\"PropertyValueSpecification\",\"valueRequired\":true,\"valueName\":\"search_term_string\"}}],\"inLanguage\":\"es\"},{\"@type\":\"Organization\",\"@id\":\"https:\\\/\\\/wp.ull.es\\\/aenogas\\\/#organization\",\"name\":\"C\u00e1tedra de Agroturismo y Enoturismo de Canarias del Instituto Canario de Calidad Agroalimentaria y de la Universidad de La Laguna\",\"url\":\"https:\\\/\\\/wp.ull.es\\\/aenogas\\\/\",\"logo\":{\"@type\":\"ImageObject\",\"inLanguage\":\"es\",\"@id\":\"https:\\\/\\\/wp.ull.es\\\/aenogas\\\/#\\\/schema\\\/logo\\\/image\\\/\",\"url\":\"https:\\\/\\\/wp.ull.es\\\/aenogas\\\/wp-content\\\/uploads\\\/sites\\\/90\\\/2021\\\/03\\\/Logotipo-Catedra.png\",\"contentUrl\":\"https:\\\/\\\/wp.ull.es\\\/aenogas\\\/wp-content\\\/uploads\\\/sites\\\/90\\\/2021\\\/03\\\/Logotipo-Catedra.png\",\"width\":300,\"height\":89,\"caption\":\"C\u00e1tedra de Agroturismo y Enoturismo de Canarias del Instituto Canario de Calidad Agroalimentaria y de la Universidad de La Laguna\"},\"image\":{\"@id\":\"https:\\\/\\\/wp.ull.es\\\/aenogas\\\/#\\\/schema\\\/logo\\\/image\\\/\"},\"sameAs\":[\"https:\\\/\\\/www.facebook.com\\\/enoturismoull\",\"https:\\\/\\\/x.com\\\/enoturismoull\",\"https:\\\/\\\/www.linkedin.com\\\/company\\\/40816665\\\/admin\\\/dashboard\\\/\"]}]}<\/script>\n<!-- \/ Yoast SEO plugin. -->","yoast_head_json":{"title":"Noticias - Enoturismo Canarias","robots":{"index":"index","follow":"follow","max-snippet":"max-snippet:-1","max-image-preview":"max-image-preview:large","max-video-preview":"max-video-preview:-1"},"canonical":"https:\/\/wp.ull.es\/aenogas\/noticias\/","og_locale":"es_ES","og_type":"article","og_title":"Noticias - Enoturismo Canarias","og_description":"Noticias Toda la actualidad sobre enogastroturismo en Canarias Blog Canarias avanza en el desarrollo del enoturismo&hellip;Leer m\u00e1s \u2192","og_url":"https:\/\/wp.ull.es\/aenogas\/noticias\/","og_site_name":"Enoturismo Canarias","article_publisher":"https:\/\/www.facebook.com\/enoturismoull","article_modified_time":"2021-08-17T11:19:32+00:00","og_image":[{"url":"https:\/\/wp.ull.es\/aenogas\/wp-content\/uploads\/sites\/90\/2021\/08\/Participantes-IV-Encuentro-AgroEnoturismo-celebrado-en-El-Hierro-2019-768x512.jpg","type":"","width":"","height":""}],"twitter_card":"summary_large_image","twitter_site":"@enoturismoull","twitter_misc":{"Tiempo de lectura":"3 minutos"},"schema":{"@context":"https:\/\/schema.org","@graph":[{"@type":"WebPage","@id":"https:\/\/wp.ull.es\/aenogas\/noticias\/","url":"https:\/\/wp.ull.es\/aenogas\/noticias\/","name":"Noticias - Enoturismo Canarias","isPartOf":{"@id":"https:\/\/wp.ull.es\/aenogas\/#website"},"primaryImageOfPage":{"@id":"https:\/\/wp.ull.es\/aenogas\/noticias\/#primaryimage"},"image":{"@id":"https:\/\/wp.ull.es\/aenogas\/noticias\/#primaryimage"},"thumbnailUrl":"https:\/\/wp.ull.es\/aenogas\/wp-content\/uploads\/sites\/90\/2021\/08\/Participantes-IV-Encuentro-AgroEnoturismo-celebrado-en-El-Hierro-2019-768x512.jpg","datePublished":"2021-08-09T09:14:25+00:00","dateModified":"2021-08-17T11:19:32+00:00","breadcrumb":{"@id":"https:\/\/wp.ull.es\/aenogas\/noticias\/#breadcrumb"},"inLanguage":"es","potentialAction":[{"@type":"ReadAction","target":["https:\/\/wp.ull.es\/aenogas\/noticias\/"]}]},{"@type":"ImageObject","inLanguage":"es","@id":"https:\/\/wp.ull.es\/aenogas\/noticias\/#primaryimage","url":"https:\/\/wp.ull.es\/aenogas\/wp-content\/uploads\/sites\/90\/2021\/08\/Participantes-IV-Encuentro-AgroEnoturismo-celebrado-en-El-Hierro-2019.jpg","contentUrl":"https:\/\/wp.ull.es\/aenogas\/wp-content\/uploads\/sites\/90\/2021\/08\/Participantes-IV-Encuentro-AgroEnoturismo-celebrado-en-El-Hierro-2019.jpg","width":1620,"height":1080,"caption":"Participantes IV Encuentro AgroEnoturismo celebrado en El Hierro 2019"},{"@type":"BreadcrumbList","@id":"https:\/\/wp.ull.es\/aenogas\/noticias\/#breadcrumb","itemListElement":[{"@type":"ListItem","position":1,"name":"Portada","item":"https:\/\/wp.ull.es\/aenogas\/"},{"@type":"ListItem","position":2,"name":"Noticias"}]},{"@type":"WebSite","@id":"https:\/\/wp.ull.es\/aenogas\/#website","url":"https:\/\/wp.ull.es\/aenogas\/","name":"Enoturismo Canarias","description":"C\u00e1tedra de Agroturismo y Enoturismo Instituto de Canario de Calidad Agroalimentaria","publisher":{"@id":"https:\/\/wp.ull.es\/aenogas\/#organization"},"potentialAction":[{"@type":"SearchAction","target":{"@type":"EntryPoint","urlTemplate":"https:\/\/wp.ull.es\/aenogas\/?s={search_term_string}"},"query-input":{"@type":"PropertyValueSpecification","valueRequired":true,"valueName":"search_term_string"}}],"inLanguage":"es"},{"@type":"Organization","@id":"https:\/\/wp.ull.es\/aenogas\/#organization","name":"C\u00e1tedra de Agroturismo y Enoturismo de Canarias del Instituto Canario de Calidad Agroalimentaria y de la Universidad de La Laguna","url":"https:\/\/wp.ull.es\/aenogas\/","logo":{"@type":"ImageObject","inLanguage":"es","@id":"https:\/\/wp.ull.es\/aenogas\/#\/schema\/logo\/image\/","url":"https:\/\/wp.ull.es\/aenogas\/wp-content\/uploads\/sites\/90\/2021\/03\/Logotipo-Catedra.png","contentUrl":"https:\/\/wp.ull.es\/aenogas\/wp-content\/uploads\/sites\/90\/2021\/03\/Logotipo-Catedra.png","width":300,"height":89,"caption":"C\u00e1tedra de Agroturismo y Enoturismo de Canarias del Instituto Canario de Calidad Agroalimentaria y de la Universidad de La Laguna"},"image":{"@id":"https:\/\/wp.ull.es\/aenogas\/#\/schema\/logo\/image\/"},"sameAs":["https:\/\/www.facebook.com\/enoturismoull","https:\/\/x.com\/enoturismoull","https:\/\/www.linkedin.com\/company\/40816665\/admin\/dashboard\/"]}]}},"uagb_featured_image_src":{"full":false,"thumbnail":false,"medium":false,"medium_large":false,"large":false,"1536x1536":false,"2048x2048":false,"responsive-100":false,"responsive-150":false,"responsive-200":false,"responsive-300":false,"responsive-450":false,"responsive-600":false,"responsive-900":false},"uagb_author_info":{"display_name":"aenogas","author_link":"https:\/\/wp.ull.es\/aenogas\/author\/aenogas\/"},"uagb_comment_info":0,"uagb_excerpt":"Noticias Toda la actualidad sobre enogastroturismo en Canarias Blog Canarias avanza en el desarrollo del enoturismo&hellip;Leer m\u00e1s \u2192","_links":{"self":[{"href":"https:\/\/wp.ull.es\/aenogas\/wp-json\/wp\/v2\/pages\/1553","targetHints":{"allow":["GET"]}}],"collection":[{"href":"https:\/\/wp.ull.es\/aenogas\/wp-json\/wp\/v2\/pages"}],"about":[{"href":"https:\/\/wp.ull.es\/aenogas\/wp-json\/wp\/v2\/types\/page"}],"author":[{"embeddable":true,"href":"https:\/\/wp.ull.es\/aenogas\/wp-json\/wp\/v2\/users\/227"}],"replies":[{"embeddable":true,"href":"https:\/\/wp.ull.es\/aenogas\/wp-json\/wp\/v2\/comments?post=1553"}],"version-history":[{"count":2,"href":"https:\/\/wp.ull.es\/aenogas\/wp-json\/wp\/v2\/pages\/1553\/revisions"}],"predecessor-version":[{"id":1854,"href":"https:\/\/wp.ull.es\/aenogas\/wp-json\/wp\/v2\/pages\/1553\/revisions\/1854"}],"wp:attachment":[{"href":"https:\/\/wp.ull.es\/aenogas\/wp-json\/wp\/v2\/media?parent=1553"}],"curies":[{"name":"wp","href":"https:\/\/api.w.org\/{rel}","templated":true}]}}